{"id":1858,"date":"2024-01-30T15:01:00","date_gmt":"2024-01-30T14:01:00","guid":{"rendered":"https:\/\/enricoriolc13.sg-host.com\/?page_id=1858"},"modified":"2025-03-16T17:25:36","modified_gmt":"2025-03-16T16:25:36","slug":"actualidad","status":"publish","type":"page","link":"https:\/\/varietatslocals.org\/es\/actualitat\/","title":{"rendered":"Actualidad"},"content":{"rendered":"<div data-elementor-type=\"wp-page\" data-elementor-id=\"1858\" class=\"elementor elementor-1858\" data-elementor-post-type=\"page\">\n\t\t\t\t<div class=\"elementor-element elementor-element-600f23d e-flex e-con-boxed e-con e-parent\" data-id=\"600f23d\" data-element_type=\"container\" data-e-type=\"container\" data-settings=\"{&quot;background_background&quot;:&quot;classic&quot;}\">\n\t\t\t\t\t<div class=\"e-con-inner\">\n\t\t\t\t<div class=\"elementor-element elementor-element-763af94 elementor-widget elementor-widget-heading\" data-id=\"763af94\" data-element_type=\"widget\" data-e-type=\"widget\" data-widget_type=\"heading.default\">\n\t\t\t\t<div class=\"elementor-widget-container\">\n\t\t\t\t\t<h1 class=\"elementor-heading-title elementor-size-default\">Actualidad<\/h1>\t\t\t\t<\/div>\n\t\t\t\t<\/div>\n\t\t\t\t\t<\/div>\n\t\t\t\t<\/div>\n\t\t<div class=\"elementor-element elementor-element-914247f e-flex e-con-boxed e-con e-parent\" data-id=\"914247f\" data-element_type=\"container\" data-e-type=\"container\" data-settings=\"{&quot;background_background&quot;:&quot;classic&quot;}\">\n\t\t\t\t\t<div class=\"e-con-inner\">\n\t\t<div class=\"elementor-element elementor-element-32199b7 e-con-full e-flex e-con e-child\" data-id=\"32199b7\" data-element_type=\"container\" data-e-type=\"container\">\n\t\t\t\t<div class=\"elementor-element elementor-element-738be5a elementor-widget elementor-widget-text-editor\" data-id=\"738be5a\" data-element_type=\"widget\" data-e-type=\"widget\" data-widget_type=\"text-editor.default\">\n\t\t\t\t<div class=\"elementor-widget-container\">\n\t\t\t\t\t\t\t\t\t<p>Encuentra las \u00faltimas noticias de la Asociaci\u00f3n de Variedades Locales de Mallorca, as\u00ed como nuestras publicaciones, actividades e investigaciones.<\/p>\t\t\t\t\t\t\t\t<\/div>\n\t\t\t\t<\/div>\n\t\t\t\t<\/div>\n\t\t\t\t\t<\/div>\n\t\t\t\t<\/div>\n\t\t<div class=\"elementor-element elementor-element-5233c8a e-flex e-con-boxed e-con e-parent\" data-id=\"5233c8a\" data-element_type=\"container\" data-e-type=\"container\" data-settings=\"{&quot;background_background&quot;:&quot;classic&quot;}\">\n\t\t\t\t\t<div class=\"e-con-inner\">\n\t\t\t\t<div class=\"elementor-element elementor-element-40acca4 elementor-grid-3 elementor-grid-tablet-2 elementor-grid-mobile-1 elementor-posts--thumbnail-top elementor-card-shadow-yes elementor-posts__hover-gradient elementor-widget elementor-widget-posts\" data-id=\"40acca4\" data-element_type=\"widget\" data-e-type=\"widget\" data-settings=\"{&quot;pagination_type&quot;:&quot;numbers&quot;,&quot;cards_columns&quot;:&quot;3&quot;,&quot;cards_columns_tablet&quot;:&quot;2&quot;,&quot;cards_columns_mobile&quot;:&quot;1&quot;,&quot;cards_row_gap&quot;:{&quot;unit&quot;:&quot;px&quot;,&quot;size&quot;:35,&quot;sizes&quot;:[]},&quot;cards_row_gap_tablet&quot;:{&quot;unit&quot;:&quot;px&quot;,&quot;size&quot;:&quot;&quot;,&quot;sizes&quot;:[]},&quot;cards_row_gap_mobile&quot;:{&quot;unit&quot;:&quot;px&quot;,&quot;size&quot;:&quot;&quot;,&quot;sizes&quot;:[]}}\" data-widget_type=\"posts.cards\">\n\t\t\t\t<div class=\"elementor-widget-container\">\n\t\t\t\t\t\t\t<div class=\"elementor-posts-container elementor-posts elementor-posts--skin-cards elementor-grid\" role=\"list\">\n\t\t\t\t<article class=\"elementor-post elementor-grid-item post-9843 post type-post status-publish format-standard has-post-thumbnail hentry category-actualitat-formacio\" role=\"listitem\">\n\t\t\t<div class=\"elementor-post__card\">\n\t\t\t\t<a class=\"elementor-post__thumbnail__link\" href=\"https:\/\/varietatslocals.org\/es\/videopodcast-a-saltra-senalla\/\" tabindex=\"-1\" target=\"_blank\"><div class=\"elementor-post__thumbnail\"><img fetchpriority=\"high\" decoding=\"async\" width=\"1600\" height=\"1200\" src=\"https:\/\/varietatslocals.org\/wp-content\/uploads\/2026\/04\/Disseny-sense-titol-1.jpg\" class=\"attachment-medium size-medium wp-image-9844\" alt=\"\" srcset=\"https:\/\/varietatslocals.org\/wp-content\/uploads\/2026\/04\/Disseny-sense-titol-1.jpg 1600w, https:\/\/varietatslocals.org\/wp-content\/uploads\/2026\/04\/Disseny-sense-titol-1-768x576.jpg 768w, https:\/\/varietatslocals.org\/wp-content\/uploads\/2026\/04\/Disseny-sense-titol-1-1536x1152.jpg 1536w, https:\/\/varietatslocals.org\/wp-content\/uploads\/2026\/04\/Disseny-sense-titol-1-16x12.jpg 16w, https:\/\/varietatslocals.org\/wp-content\/uploads\/2026\/04\/Disseny-sense-titol-1-1320x990.jpg 1320w, https:\/\/varietatslocals.org\/wp-content\/uploads\/2026\/04\/Disseny-sense-titol-1-600x450.jpg 600w\" sizes=\"(max-width: 1600px) 100vw, 1600px\" title=\"\"><\/div><\/a>\n\t\t\t\t<div class=\"elementor-post__text\">\n\t\t\t\t<h3 class=\"elementor-post__title\">\n\t\t\t<a href=\"https:\/\/varietatslocals.org\/es\/videopodcast-a-saltra-senalla\/\" target=\"&quot;_blank&quot;\">\n\t\t\t\tVideopodcast en Otra Senalla\t\t\t<\/a>\n\t\t<\/h3>\n\t\t\n\t\t<a class=\"elementor-post__read-more\" href=\"https:\/\/varietatslocals.org\/es\/videopodcast-a-saltra-senalla\/\" aria-label=\"M\u00e1s informaci\u00f3n sobre Videop\u00f2dcast a S\u2019altra Senalla\" tabindex=\"-1\" target=\"_blank\">\n\t\t\t Leer m\u00e1s \u00bb\t\t<\/a>\n\n\t\t\t\t<\/div>\n\t\t\t\t<div class=\"elementor-post__meta-data\">\n\t\t\t\t\t<span class=\"elementor-post-date\">\n\t\t\t17\/04\/2026\t\t<\/span>\n\t\t\t\t<\/div>\n\t\t\t\t\t<\/div>\n\t\t<\/article>\n\t\t\t\t<article class=\"elementor-post elementor-grid-item post-9840 post type-post status-publish format-standard has-post-thumbnail hentry category-actualitat-formacio\" role=\"listitem\">\n\t\t\t<div class=\"elementor-post__card\">\n\t\t\t\t<a class=\"elementor-post__thumbnail__link\" href=\"https:\/\/varietatslocals.org\/es\/tenim-dos-alumnes-de-practiques-per-aquest-trimestre\/\" tabindex=\"-1\" target=\"_blank\"><div class=\"elementor-post__thumbnail\"><img decoding=\"async\" width=\"2040\" height=\"1536\" src=\"https:\/\/varietatslocals.org\/wp-content\/uploads\/2026\/04\/Alejandro-Matas-i-Neus-abril2026.jpeg\" class=\"attachment-medium size-medium wp-image-9831\" alt=\"\" srcset=\"https:\/\/varietatslocals.org\/wp-content\/uploads\/2026\/04\/Alejandro-Matas-i-Neus-abril2026.jpeg 2040w, https:\/\/varietatslocals.org\/wp-content\/uploads\/2026\/04\/Alejandro-Matas-i-Neus-abril2026-768x578.jpeg 768w, https:\/\/varietatslocals.org\/wp-content\/uploads\/2026\/04\/Alejandro-Matas-i-Neus-abril2026-1536x1157.jpeg 1536w, https:\/\/varietatslocals.org\/wp-content\/uploads\/2026\/04\/Alejandro-Matas-i-Neus-abril2026-16x12.jpeg 16w, https:\/\/varietatslocals.org\/wp-content\/uploads\/2026\/04\/Alejandro-Matas-i-Neus-abril2026-1320x994.jpeg 1320w, https:\/\/varietatslocals.org\/wp-content\/uploads\/2026\/04\/Alejandro-Matas-i-Neus-abril2026-600x452.jpeg 600w\" sizes=\"(max-width: 2040px) 100vw, 2040px\" title=\"\"><\/div><\/a>\n\t\t\t\t<div class=\"elementor-post__text\">\n\t\t\t\t<h3 class=\"elementor-post__title\">\n\t\t\t<a href=\"https:\/\/varietatslocals.org\/es\/tenim-dos-alumnes-de-practiques-per-aquest-trimestre\/\" target=\"&quot;_blank&quot;\">\n\t\t\t\tTenemos dos alumnos de pr\u00e1cticas para este trimestre\t\t\t<\/a>\n\t\t<\/h3>\n\t\t\n\t\t<a class=\"elementor-post__read-more\" href=\"https:\/\/varietatslocals.org\/es\/tenim-dos-alumnes-de-practiques-per-aquest-trimestre\/\" aria-label=\"M\u00e1s informaci\u00f3n sobre Tenim dos alumnes de pr\u00e0ctiques per aquest trimestre\" tabindex=\"-1\" target=\"_blank\">\n\t\t\t Leer m\u00e1s \u00bb\t\t<\/a>\n\n\t\t\t\t<\/div>\n\t\t\t\t<div class=\"elementor-post__meta-data\">\n\t\t\t\t\t<span class=\"elementor-post-date\">\n\t\t\t17\/04\/2026\t\t<\/span>\n\t\t\t\t<\/div>\n\t\t\t\t\t<\/div>\n\t\t<\/article>\n\t\t\t\t<article class=\"elementor-post elementor-grid-item post-9837 post type-post status-publish format-standard has-post-thumbnail hentry category-actualitat-formacio\" role=\"listitem\">\n\t\t\t<div class=\"elementor-post__card\">\n\t\t\t\t<a class=\"elementor-post__thumbnail__link\" href=\"https:\/\/varietatslocals.org\/es\/visita-de-biela-y-tierra\/\" tabindex=\"-1\" target=\"_blank\"><div class=\"elementor-post__thumbnail\"><img decoding=\"async\" width=\"1600\" height=\"1200\" src=\"https:\/\/varietatslocals.org\/wp-content\/uploads\/2026\/04\/presentacio-biela-y-tierra_Porreres_3mar26_2.jpeg\" class=\"attachment-medium size-medium wp-image-9833\" alt=\"\" srcset=\"https:\/\/varietatslocals.org\/wp-content\/uploads\/2026\/04\/presentacio-biela-y-tierra_Porreres_3mar26_2.jpeg 1600w, https:\/\/varietatslocals.org\/wp-content\/uploads\/2026\/04\/presentacio-biela-y-tierra_Porreres_3mar26_2-768x576.jpeg 768w, https:\/\/varietatslocals.org\/wp-content\/uploads\/2026\/04\/presentacio-biela-y-tierra_Porreres_3mar26_2-1536x1152.jpeg 1536w, https:\/\/varietatslocals.org\/wp-content\/uploads\/2026\/04\/presentacio-biela-y-tierra_Porreres_3mar26_2-16x12.jpeg 16w, https:\/\/varietatslocals.org\/wp-content\/uploads\/2026\/04\/presentacio-biela-y-tierra_Porreres_3mar26_2-1320x990.jpeg 1320w, https:\/\/varietatslocals.org\/wp-content\/uploads\/2026\/04\/presentacio-biela-y-tierra_Porreres_3mar26_2-600x450.jpeg 600w\" sizes=\"(max-width: 1600px) 100vw, 1600px\" title=\"\"><\/div><\/a>\n\t\t\t\t<div class=\"elementor-post__text\">\n\t\t\t\t<h3 class=\"elementor-post__title\">\n\t\t\t<a href=\"https:\/\/varietatslocals.org\/es\/visita-de-biela-y-tierra\/\" target=\"&quot;_blank&quot;\">\n\t\t\t\tVisita de Biela y Tierra\t\t\t<\/a>\n\t\t<\/h3>\n\t\t\n\t\t<a class=\"elementor-post__read-more\" href=\"https:\/\/varietatslocals.org\/es\/visita-de-biela-y-tierra\/\" aria-label=\"M\u00e1s informaci\u00f3n sobre Visita de Biela y Tierra\" tabindex=\"-1\" target=\"_blank\">\n\t\t\t Leer m\u00e1s \u00bb\t\t<\/a>\n\n\t\t\t\t<\/div>\n\t\t\t\t<div class=\"elementor-post__meta-data\">\n\t\t\t\t\t<span class=\"elementor-post-date\">\n\t\t\t17\/04\/2026\t\t<\/span>\n\t\t\t\t<\/div>\n\t\t\t\t\t<\/div>\n\t\t<\/article>\n\t\t\t\t<article class=\"elementor-post elementor-grid-item post-9576 post type-post status-publish format-standard has-post-thumbnail hentry category-actualitat-les-llavors-a-lescola tag-educacio tag-educacio-per-a-la-transformacio-social tag-llavors tag-varietatslocals\" role=\"listitem\">\n\t\t\t<div class=\"elementor-post__card\">\n\t\t\t\t<a class=\"elementor-post__thumbnail__link\" href=\"https:\/\/varietatslocals.org\/es\/les-llavors-de-lescola-al-mon\/\" tabindex=\"-1\" target=\"_blank\"><div class=\"elementor-post__thumbnail\"><img loading=\"lazy\" decoding=\"async\" width=\"1600\" height=\"900\" src=\"https:\/\/varietatslocals.org\/wp-content\/uploads\/2026\/02\/Copia-de-Disseny-sense-titol.jpg\" class=\"attachment-medium size-medium wp-image-9578\" alt=\"\" srcset=\"https:\/\/varietatslocals.org\/wp-content\/uploads\/2026\/02\/Copia-de-Disseny-sense-titol.jpg 1600w, https:\/\/varietatslocals.org\/wp-content\/uploads\/2026\/02\/Copia-de-Disseny-sense-titol-768x432.jpg 768w, https:\/\/varietatslocals.org\/wp-content\/uploads\/2026\/02\/Copia-de-Disseny-sense-titol-1536x864.jpg 1536w, https:\/\/varietatslocals.org\/wp-content\/uploads\/2026\/02\/Copia-de-Disseny-sense-titol-18x10.jpg 18w, https:\/\/varietatslocals.org\/wp-content\/uploads\/2026\/02\/Copia-de-Disseny-sense-titol-1320x743.jpg 1320w, https:\/\/varietatslocals.org\/wp-content\/uploads\/2026\/02\/Copia-de-Disseny-sense-titol-600x338.jpg 600w\" sizes=\"(max-width: 1600px) 100vw, 1600px\" title=\"\"><\/div><\/a>\n\t\t\t\t<div class=\"elementor-post__text\">\n\t\t\t\t<h3 class=\"elementor-post__title\">\n\t\t\t<a href=\"https:\/\/varietatslocals.org\/es\/les-llavors-de-lescola-al-mon\/\" target=\"&quot;_blank&quot;\">\n\t\t\t\tLas semillas, de la escuela en el mundo\t\t\t<\/a>\n\t\t<\/h3>\n\t\t\n\t\t<a class=\"elementor-post__read-more\" href=\"https:\/\/varietatslocals.org\/es\/les-llavors-de-lescola-al-mon\/\" aria-label=\"M\u00e1s informaci\u00f3n sobre Les llavors, de l&#8217;escola al m\u00f3n\" tabindex=\"-1\" target=\"_blank\">\n\t\t\t Leer m\u00e1s \u00bb\t\t<\/a>\n\n\t\t\t\t<\/div>\n\t\t\t\t<div class=\"elementor-post__meta-data\">\n\t\t\t\t\t<span class=\"elementor-post-date\">\n\t\t\t27\/02\/2026\t\t<\/span>\n\t\t\t\t<\/div>\n\t\t\t\t\t<\/div>\n\t\t<\/article>\n\t\t\t\t<article class=\"elementor-post elementor-grid-item post-8841 post type-post status-publish format-standard has-post-thumbnail hentry category-actualitat-les-llavors-a-lescola tag-varietatslocals\" role=\"listitem\">\n\t\t\t<div class=\"elementor-post__card\">\n\t\t\t\t<a class=\"elementor-post__thumbnail__link\" href=\"https:\/\/varietatslocals.org\/es\/varietats-locals-als-horts-escolars\/\" tabindex=\"-1\" target=\"_blank\"><div class=\"elementor-post__thumbnail\"><img loading=\"lazy\" decoding=\"async\" width=\"664\" height=\"501\" src=\"https:\/\/varietatslocals.org\/wp-content\/uploads\/2025\/12\/3-1.jpg\" class=\"attachment-medium size-medium wp-image-8853\" alt=\"\" srcset=\"https:\/\/varietatslocals.org\/wp-content\/uploads\/2025\/12\/3-1.jpg 664w, https:\/\/varietatslocals.org\/wp-content\/uploads\/2025\/12\/3-1-16x12.jpg 16w, https:\/\/varietatslocals.org\/wp-content\/uploads\/2025\/12\/3-1-600x453.jpg 600w\" sizes=\"(max-width: 664px) 100vw, 664px\" title=\"\"><\/div><\/a>\n\t\t\t\t<div class=\"elementor-post__text\">\n\t\t\t\t<h3 class=\"elementor-post__title\">\n\t\t\t<a href=\"https:\/\/varietatslocals.org\/es\/varietats-locals-als-horts-escolars\/\" target=\"&quot;_blank&quot;\">\n\t\t\t\tVariedades locales en los huertos escolares\t\t\t<\/a>\n\t\t<\/h3>\n\t\t\n\t\t<a class=\"elementor-post__read-more\" href=\"https:\/\/varietatslocals.org\/es\/varietats-locals-als-horts-escolars\/\" aria-label=\"M\u00e1s informaci\u00f3n sobre Varietats locals als horts escolars\" tabindex=\"-1\" target=\"_blank\">\n\t\t\t Leer m\u00e1s \u00bb\t\t<\/a>\n\n\t\t\t\t<\/div>\n\t\t\t\t<div class=\"elementor-post__meta-data\">\n\t\t\t\t\t<span class=\"elementor-post-date\">\n\t\t\t01\/12\/2025\t\t<\/span>\n\t\t\t\t<\/div>\n\t\t\t\t\t<\/div>\n\t\t<\/article>\n\t\t\t\t<article class=\"elementor-post elementor-grid-item post-8696 post type-post status-publish format-standard has-post-thumbnail hentry category-actualitat-recerca\" role=\"listitem\">\n\t\t\t<div class=\"elementor-post__card\">\n\t\t\t\t<a class=\"elementor-post__thumbnail__link\" href=\"https:\/\/varietatslocals.org\/es\/illustracions-flors-i-farratges\/\" tabindex=\"-1\" target=\"_blank\"><div class=\"elementor-post__thumbnail\"><img loading=\"lazy\" decoding=\"async\" width=\"1600\" height=\"1200\" src=\"https:\/\/varietatslocals.org\/wp-content\/uploads\/2025\/11\/Disseny-sense-titol-12.jpg\" class=\"attachment-medium size-medium wp-image-8711\" alt=\"\" srcset=\"https:\/\/varietatslocals.org\/wp-content\/uploads\/2025\/11\/Disseny-sense-titol-12.jpg 1600w, https:\/\/varietatslocals.org\/wp-content\/uploads\/2025\/11\/Disseny-sense-titol-12-768x576.jpg 768w, https:\/\/varietatslocals.org\/wp-content\/uploads\/2025\/11\/Disseny-sense-titol-12-1536x1152.jpg 1536w, https:\/\/varietatslocals.org\/wp-content\/uploads\/2025\/11\/Disseny-sense-titol-12-16x12.jpg 16w, https:\/\/varietatslocals.org\/wp-content\/uploads\/2025\/11\/Disseny-sense-titol-12-1320x990.jpg 1320w, https:\/\/varietatslocals.org\/wp-content\/uploads\/2025\/11\/Disseny-sense-titol-12-600x450.jpg 600w\" sizes=\"(max-width: 1600px) 100vw, 1600px\" title=\"\"><\/div><\/a>\n\t\t\t\t<div class=\"elementor-post__text\">\n\t\t\t\t<h3 class=\"elementor-post__title\">\n\t\t\t<a href=\"https:\/\/varietatslocals.org\/es\/illustracions-flors-i-farratges\/\" target=\"&quot;_blank&quot;\">\n\t\t\t\tIlustraciones flores y forrajes\t\t\t<\/a>\n\t\t<\/h3>\n\t\t\n\t\t<a class=\"elementor-post__read-more\" href=\"https:\/\/varietatslocals.org\/es\/illustracions-flors-i-farratges\/\" aria-label=\"M\u00e1s informaci\u00f3n sobre Il\u00b7lustracions flors i farratges\" tabindex=\"-1\" target=\"_blank\">\n\t\t\t Leer m\u00e1s \u00bb\t\t<\/a>\n\n\t\t\t\t<\/div>\n\t\t\t\t<div class=\"elementor-post__meta-data\">\n\t\t\t\t\t<span class=\"elementor-post-date\">\n\t\t\t13\/11\/2025\t\t<\/span>\n\t\t\t\t<\/div>\n\t\t\t\t\t<\/div>\n\t\t<\/article>\n\t\t\t\t<article class=\"elementor-post elementor-grid-item post-8518 post type-post status-publish format-standard has-post-thumbnail hentry category-actualitat-recerca\" role=\"listitem\">\n\t\t\t<div class=\"elementor-post__card\">\n\t\t\t\t<a class=\"elementor-post__thumbnail__link\" href=\"https:\/\/varietatslocals.org\/es\/catalina-vaquer-sorell-de-ca-na-justa-porreres-1968-la-clau-de-lexit-de-continuar-despres-de-quatre-generacions-es-que-mantenim-les-varietats-locals\/\" tabindex=\"-1\" target=\"_blank\"><div class=\"elementor-post__thumbnail\"><img loading=\"lazy\" decoding=\"async\" width=\"1600\" height=\"900\" src=\"https:\/\/varietatslocals.org\/wp-content\/uploads\/2025\/10\/Disseny-sense-titol.jpg\" class=\"attachment-medium size-medium wp-image-8519\" alt=\"Variedades Locales\" srcset=\"https:\/\/varietatslocals.org\/wp-content\/uploads\/2025\/10\/Disseny-sense-titol.jpg 1600w, https:\/\/varietatslocals.org\/wp-content\/uploads\/2025\/10\/Disseny-sense-titol-768x432.jpg 768w, https:\/\/varietatslocals.org\/wp-content\/uploads\/2025\/10\/Disseny-sense-titol-1536x864.jpg 1536w, https:\/\/varietatslocals.org\/wp-content\/uploads\/2025\/10\/Disseny-sense-titol-18x10.jpg 18w, https:\/\/varietatslocals.org\/wp-content\/uploads\/2025\/10\/Disseny-sense-titol-1320x743.jpg 1320w, https:\/\/varietatslocals.org\/wp-content\/uploads\/2025\/10\/Disseny-sense-titol-600x338.jpg 600w\" sizes=\"(max-width: 1600px) 100vw, 1600px\" title=\"\"><\/div><\/a>\n\t\t\t\t<div class=\"elementor-post__text\">\n\t\t\t\t<h3 class=\"elementor-post__title\">\n\t\t\t<a href=\"https:\/\/varietatslocals.org\/es\/catalina-vaquer-sorell-de-ca-na-justa-porreres-1968-la-clau-de-lexit-de-continuar-despres-de-quatre-generacions-es-que-mantenim-les-varietats-locals\/\" target=\"&quot;_blank&quot;\">\n\t\t\t\tCatalina Vaquer Sorell, de Can Justa (Porreres, 1968): \u201cLa clave del \u00e9xito de continuar despu\u00e9s de cuatro generaciones es que mantenemos las variedades locales\u201d\t\t\t<\/a>\n\t\t<\/h3>\n\t\t\n\t\t<a class=\"elementor-post__read-more\" href=\"https:\/\/varietatslocals.org\/es\/catalina-vaquer-sorell-de-ca-na-justa-porreres-1968-la-clau-de-lexit-de-continuar-despres-de-quatre-generacions-es-que-mantenim-les-varietats-locals\/\" aria-label=\"M\u00e1s informaci\u00f3n sobre Catalina Vaquer Sorell, de ca na Justa (Porreres, 1968): \u201cLa clau de l\u2019\u00e8xit de continuar despr\u00e9s de quatre generacions \u00e9s que mantenim les varietats locals\u201d\" tabindex=\"-1\" target=\"_blank\">\n\t\t\t Leer m\u00e1s \u00bb\t\t<\/a>\n\n\t\t\t\t<\/div>\n\t\t\t\t<div class=\"elementor-post__meta-data\">\n\t\t\t\t\t<span class=\"elementor-post-date\">\n\t\t\t17\/10\/2025\t\t<\/span>\n\t\t\t\t<\/div>\n\t\t\t\t\t<\/div>\n\t\t<\/article>\n\t\t\t\t<article class=\"elementor-post elementor-grid-item post-8489 post type-post status-publish format-standard has-post-thumbnail hentry category-actualitat-recerca\" role=\"listitem\">\n\t\t\t<div class=\"elementor-post__card\">\n\t\t\t\t<a class=\"elementor-post__thumbnail__link\" href=\"https:\/\/varietatslocals.org\/es\/llorenc-payeras-capella-amb-el-canvi-climatic-i-la-falta-daigua-les-varietats-locals-de-farratgeres-adaptades-al-nostre-medi-tornaran-a-tenir-un-paper-fonamental\/\" tabindex=\"-1\" target=\"_blank\"><div class=\"elementor-post__thumbnail\"><img loading=\"lazy\" decoding=\"async\" width=\"1600\" height=\"900\" src=\"https:\/\/varietatslocals.org\/wp-content\/uploads\/2025\/09\/Disseny-sense-titol-1.jpg\" class=\"attachment-medium size-medium wp-image-8490\" alt=\"Lorenzo Payeras\" srcset=\"https:\/\/varietatslocals.org\/wp-content\/uploads\/2025\/09\/Disseny-sense-titol-1.jpg 1600w, https:\/\/varietatslocals.org\/wp-content\/uploads\/2025\/09\/Disseny-sense-titol-1-768x432.jpg 768w, https:\/\/varietatslocals.org\/wp-content\/uploads\/2025\/09\/Disseny-sense-titol-1-1536x864.jpg 1536w, https:\/\/varietatslocals.org\/wp-content\/uploads\/2025\/09\/Disseny-sense-titol-1-18x10.jpg 18w, https:\/\/varietatslocals.org\/wp-content\/uploads\/2025\/09\/Disseny-sense-titol-1-1320x743.jpg 1320w, https:\/\/varietatslocals.org\/wp-content\/uploads\/2025\/09\/Disseny-sense-titol-1-600x338.jpg 600w\" sizes=\"(max-width: 1600px) 100vw, 1600px\" title=\"\"><\/div><\/a>\n\t\t\t\t<div class=\"elementor-post__text\">\n\t\t\t\t<h3 class=\"elementor-post__title\">\n\t\t\t<a href=\"https:\/\/varietatslocals.org\/es\/llorenc-payeras-capella-amb-el-canvi-climatic-i-la-falta-daigua-les-varietats-locals-de-farratgeres-adaptades-al-nostre-medi-tornaran-a-tenir-un-paper-fonamental\/\" target=\"&quot;_blank&quot;\">\n\t\t\t\tLloren\u00e7 Payeras Capell\u00e0: &quot;Con el cambio clim\u00e1tico y la falta de agua, las variedades locales de forrajeras, adaptadas a nuestro medio, volver\u00e1n a tener un papel fundamental&quot;\u201c\t\t\t<\/a>\n\t\t<\/h3>\n\t\t\n\t\t<a class=\"elementor-post__read-more\" href=\"https:\/\/varietatslocals.org\/es\/llorenc-payeras-capella-amb-el-canvi-climatic-i-la-falta-daigua-les-varietats-locals-de-farratgeres-adaptades-al-nostre-medi-tornaran-a-tenir-un-paper-fonamental\/\" aria-label=\"M\u00e1s informaci\u00f3n sobre Lloren\u00e7 Payeras Capell\u00e0: \u201cAmb el canvi clim\u00e0tic i la falta d\u2019aigua, les varietats locals de farratgeres, adaptades al nostre medi, tornaran a tenir un paper fonamental\u201d\" tabindex=\"-1\" target=\"_blank\">\n\t\t\t Leer m\u00e1s \u00bb\t\t<\/a>\n\n\t\t\t\t<\/div>\n\t\t\t\t<div class=\"elementor-post__meta-data\">\n\t\t\t\t\t<span class=\"elementor-post-date\">\n\t\t\t22\/09\/2025\t\t<\/span>\n\t\t\t\t<\/div>\n\t\t\t\t\t<\/div>\n\t\t<\/article>\n\t\t\t\t<article class=\"elementor-post elementor-grid-item post-8405 post type-post status-publish format-standard has-post-thumbnail hentry category-actualitat-recerca tag-varietatslocals\" role=\"listitem\">\n\t\t\t<div class=\"elementor-post__card\">\n\t\t\t\t<a class=\"elementor-post__thumbnail__link\" href=\"https:\/\/varietatslocals.org\/es\/farratges-i-flors-locals-de-mallorca\/\" tabindex=\"-1\" target=\"_blank\"><div class=\"elementor-post__thumbnail\"><img loading=\"lazy\" decoding=\"async\" width=\"1600\" height=\"1200\" src=\"https:\/\/varietatslocals.org\/wp-content\/uploads\/2025\/08\/Disseny-sense-titol.jpg\" class=\"attachment-medium size-medium wp-image-8406\" alt=\"\" srcset=\"https:\/\/varietatslocals.org\/wp-content\/uploads\/2025\/08\/Disseny-sense-titol.jpg 1600w, https:\/\/varietatslocals.org\/wp-content\/uploads\/2025\/08\/Disseny-sense-titol-768x576.jpg 768w, https:\/\/varietatslocals.org\/wp-content\/uploads\/2025\/08\/Disseny-sense-titol-1536x1152.jpg 1536w, https:\/\/varietatslocals.org\/wp-content\/uploads\/2025\/08\/Disseny-sense-titol-16x12.jpg 16w, https:\/\/varietatslocals.org\/wp-content\/uploads\/2025\/08\/Disseny-sense-titol-1320x990.jpg 1320w, https:\/\/varietatslocals.org\/wp-content\/uploads\/2025\/08\/Disseny-sense-titol-600x450.jpg 600w\" sizes=\"(max-width: 1600px) 100vw, 1600px\" title=\"\"><\/div><\/a>\n\t\t\t\t<div class=\"elementor-post__text\">\n\t\t\t\t<h3 class=\"elementor-post__title\">\n\t\t\t<a href=\"https:\/\/varietatslocals.org\/es\/farratges-i-flors-locals-de-mallorca\/\" target=\"&quot;_blank&quot;\">\n\t\t\t\tForrajes y flores locales de Mallorca\t\t\t<\/a>\n\t\t<\/h3>\n\t\t\n\t\t<a class=\"elementor-post__read-more\" href=\"https:\/\/varietatslocals.org\/es\/farratges-i-flors-locals-de-mallorca\/\" aria-label=\"M\u00e1s informaci\u00f3n sobre Farratges i flors locals de Mallorca\" tabindex=\"-1\" target=\"_blank\">\n\t\t\t Leer m\u00e1s \u00bb\t\t<\/a>\n\n\t\t\t\t<\/div>\n\t\t\t\t<div class=\"elementor-post__meta-data\">\n\t\t\t\t\t<span class=\"elementor-post-date\">\n\t\t\t27\/08\/2025\t\t<\/span>\n\t\t\t\t<\/div>\n\t\t\t\t\t<\/div>\n\t\t<\/article>\n\t\t\t\t<\/div>\n\t\t\n\t\t\t\t<div class=\"e-load-more-anchor\" data-page=\"1\" data-max-page=\"20\" data-next-page=\"https:\/\/varietatslocals.org\/es\/wp-json\/wp\/v2\/pages\/1858\/page\/2\/\"><\/div>\n\t\t\t\t<nav class=\"elementor-pagination\" aria-label=\"Paginaci\u00f3n\">\n\t\t\t<span aria-current=\"page\" class=\"page-numbers current\"><span class=\"elementor-screen-only\">P\u00e1gina<\/span>1<\/span>\n<a class=\"page-numbers\" href=\"https:\/\/varietatslocals.org\/es\/wp-json\/wp\/v2\/pages\/1858\/page\/2\/\"><span class=\"elementor-screen-only\">P\u00e1gina<\/span>2<\/a>\n<a class=\"page-numbers\" href=\"https:\/\/varietatslocals.org\/es\/wp-json\/wp\/v2\/pages\/1858\/page\/3\/\"><span class=\"elementor-screen-only\">P\u00e1gina<\/span>3<\/a>\n<span class=\"page-numbers dots\">&hellip;<\/span>\n<a class=\"page-numbers\" href=\"https:\/\/varietatslocals.org\/es\/wp-json\/wp\/v2\/pages\/1858\/page\/20\/\"><span class=\"elementor-screen-only\">P\u00e1gina<\/span>20<\/a>\t\t<\/nav>\n\t\t\t\t\t\t<\/div>\n\t\t\t\t<\/div>\n\t\t\t\t\t<\/div>\n\t\t\t\t<\/div>\n\t\t\t\t<\/div>","protected":false},"excerpt":{"rendered":"<p>Encuentra las \u00faltimas noticias de la Asociaci\u00f3n de Variedades Locales de Mallorca, as\u00ed como nuestras publicaciones, actividades e investigaciones.<\/p>","protected":false},"author":1,"featured_media":0,"parent":0,"menu_order":0,"comment_status":"closed","ping_status":"closed","template":"","meta":{"_joinchat":[],"footnotes":""},"class_list":["post-1858","page","type-page","status-publish","hentry"],"_links":{"self":[{"href":"https:\/\/varietatslocals.org\/es\/wp-json\/wp\/v2\/pages\/1858","targetHints":{"allow":["GET"]}}],"collection":[{"href":"https:\/\/varietatslocals.org\/es\/wp-json\/wp\/v2\/pages"}],"about":[{"href":"https:\/\/varietatslocals.org\/es\/wp-json\/wp\/v2\/types\/page"}],"author":[{"embeddable":true,"href":"https:\/\/varietatslocals.org\/es\/wp-json\/wp\/v2\/users\/1"}],"replies":[{"embeddable":true,"href":"https:\/\/varietatslocals.org\/es\/wp-json\/wp\/v2\/comments?post=1858"}],"version-history":[{"count":0,"href":"https:\/\/varietatslocals.org\/es\/wp-json\/wp\/v2\/pages\/1858\/revisions"}],"wp:attachment":[{"href":"https:\/\/varietatslocals.org\/es\/wp-json\/wp\/v2\/media?parent=1858"}],"curies":[{"name":"wp","href":"https:\/\/api.w.org\/{rel}","templated":true}]}}