{"id":490,"date":"2024-01-13T15:41:00","date_gmt":"2024-01-13T14:41:00","guid":{"rendered":"https:\/\/www.varietatslocals.org\/?page_id=490"},"modified":"2026-02-26T17:35:44","modified_gmt":"2026-02-26T16:35:44","slug":"proyectos","status":"publish","type":"page","link":"https:\/\/varietatslocals.org\/es\/projectes\/","title":{"rendered":"Proyectos"},"content":{"rendered":"<div data-elementor-type=\"wp-page\" data-elementor-id=\"490\" class=\"elementor elementor-490\" data-elementor-post-type=\"page\">\n\t\t\t\t<div class=\"elementor-element elementor-element-1fe1b8a e-flex e-con-boxed e-con e-parent\" data-id=\"1fe1b8a\" data-element_type=\"container\" data-e-type=\"container\" data-settings=\"{&quot;background_background&quot;:&quot;classic&quot;}\">\n\t\t\t\t\t<div class=\"e-con-inner\">\n\t\t\t\t<div class=\"elementor-element elementor-element-d5cfd4b elementor-widget elementor-widget-heading\" data-id=\"d5cfd4b\" data-element_type=\"widget\" data-e-type=\"widget\" data-widget_type=\"heading.default\">\n\t\t\t\t<div class=\"elementor-widget-container\">\n\t\t\t\t\t<h1 class=\"elementor-heading-title elementor-size-default\">Proyectos<\/h1>\t\t\t\t<\/div>\n\t\t\t\t<\/div>\n\t\t\t\t\t<\/div>\n\t\t\t\t<\/div>\n\t\t<div class=\"elementor-element elementor-element-1a329ec3 e-flex e-con-boxed e-con e-parent\" data-id=\"1a329ec3\" data-element_type=\"container\" data-e-type=\"container\" data-settings=\"{&quot;background_background&quot;:&quot;classic&quot;}\">\n\t\t\t\t\t<div class=\"e-con-inner\">\n\t\t<div class=\"elementor-element elementor-element-236f38d2 e-con-full e-flex e-con e-child\" data-id=\"236f38d2\" data-element_type=\"container\" data-e-type=\"container\">\n\t\t\t\t<div class=\"elementor-element elementor-element-b0e8c50 elementor-widget elementor-widget-text-editor\" data-id=\"b0e8c50\" data-element_type=\"widget\" data-e-type=\"widget\" data-widget_type=\"text-editor.default\">\n\t\t\t\t<div class=\"elementor-widget-container\">\n\t\t\t\t\t\t\t\t\t<p>Desarrollamos proyectos para la recuperaci\u00f3n de las variedades locales y para el fomento de la producci\u00f3n y conservaci\u00f3n de la biodiversidad cultivada.<\/p>\t\t\t\t\t\t\t\t<\/div>\n\t\t\t\t<\/div>\n\t\t\t\t<\/div>\n\t\t<div class=\"elementor-element elementor-element-100d47a4 e-con-full e-flex e-con e-child\" data-id=\"100d47a4\" data-element_type=\"container\" data-e-type=\"container\">\n\t\t\t\t<div class=\"elementor-element elementor-element-0391297 elementor-widget-tablet__width-initial elementor-widget-mobile__width-inherit elementor-widget__width-initial elementor-position-top elementor-widget elementor-widget-image-box\" data-id=\"0391297\" data-element_type=\"widget\" data-e-type=\"widget\" data-widget_type=\"image-box.default\">\n\t\t\t\t<div class=\"elementor-widget-container\">\n\t\t\t\t\t<div class=\"elementor-image-box-wrapper\"><figure class=\"elementor-image-box-img\"><a href=\"\/es\/adv-variedades-locales\/\" target=\"_blank\" tabindex=\"-1\"><img fetchpriority=\"high\" decoding=\"async\" width=\"500\" height=\"500\" src=\"https:\/\/varietatslocals.org\/wp-content\/uploads\/2024\/01\/ADV-Varietats-Locals.jpg\" class=\"elementor-animation-grow attachment-full size-full wp-image-523\" alt=\"ADV Variedades Locales\" title=\"\" srcset=\"https:\/\/varietatslocals.org\/wp-content\/uploads\/2024\/01\/ADV-Varietats-Locals.jpg 500w, https:\/\/varietatslocals.org\/wp-content\/uploads\/2024\/01\/ADV-Varietats-Locals-300x300.jpg 300w, https:\/\/varietatslocals.org\/wp-content\/uploads\/2024\/01\/ADV-Varietats-Locals-100x100.jpg 100w\" sizes=\"(max-width: 500px) 100vw, 500px\" \/><\/a><\/figure><div class=\"elementor-image-box-content\"><h2 class=\"elementor-image-box-title\"><a href=\"\/es\/adv-variedades-locales\/\" target=\"_blank\">ADV Variedades Locales<\/a><\/h2><p class=\"elementor-image-box-description\">Ofrecemos asesoramiento para proteger los cultivos de nuestros socios multiplicadores de semilla ecol\u00f3gica y de variedades locales de la forma m\u00e1s respetuosa posible con el medio ambiente.\n<\/p><\/div><\/div>\t\t\t\t<\/div>\n\t\t\t\t<\/div>\n\t\t\t\t<div class=\"elementor-element elementor-element-1e4f4ecd elementor-widget-tablet__width-initial elementor-widget-mobile__width-inherit elementor-widget__width-initial elementor-position-top elementor-widget elementor-widget-image-box\" data-id=\"1e4f4ecd\" data-element_type=\"widget\" data-e-type=\"widget\" data-widget_type=\"image-box.default\">\n\t\t\t\t<div class=\"elementor-widget-container\">\n\t\t\t\t\t<div class=\"elementor-image-box-wrapper\"><figure class=\"elementor-image-box-img\"><a href=\"https:\/\/varietatslocals.org\/es\/encinas-dulces\/\" target=\"_blank\" tabindex=\"-1\"><img decoding=\"async\" width=\"500\" height=\"500\" src=\"https:\/\/varietatslocals.org\/wp-content\/uploads\/2024\/01\/Projecte-Alzines-dolces.jpg\" class=\"elementor-animation-grow attachment-full size-full wp-image-515\" alt=\"Proyecto Encinas Dulces\" title=\"\" srcset=\"https:\/\/varietatslocals.org\/wp-content\/uploads\/2024\/01\/Projecte-Alzines-dolces.jpg 500w, https:\/\/varietatslocals.org\/wp-content\/uploads\/2024\/01\/Projecte-Alzines-dolces-300x300.jpg 300w, https:\/\/varietatslocals.org\/wp-content\/uploads\/2024\/01\/Projecte-Alzines-dolces-100x100.jpg 100w\" sizes=\"(max-width: 500px) 100vw, 500px\" \/><\/a><\/figure><div class=\"elementor-image-box-content\"><h2 class=\"elementor-image-box-title\"><a href=\"https:\/\/varietatslocals.org\/es\/encinas-dulces\/\" target=\"_blank\">Encinas de bellota dulce<\/a><\/h2><p class=\"elementor-image-box-description\">La preservaci\u00f3n de las encinas de bellota dulce es un hito m\u00e1s en la recuperaci\u00f3n de la biodiversidad cultivada de Mallorca.<\/p><\/div><\/div>\t\t\t\t<\/div>\n\t\t\t\t<\/div>\n\t\t\t\t<div class=\"elementor-element elementor-element-a054537 elementor-widget-tablet__width-initial elementor-widget-mobile__width-inherit elementor-widget__width-initial elementor-position-top elementor-widget elementor-widget-image-box\" data-id=\"a054537\" data-element_type=\"widget\" data-e-type=\"widget\" data-widget_type=\"image-box.default\">\n\t\t\t\t<div class=\"elementor-widget-container\">\n\t\t\t\t\t<div class=\"elementor-image-box-wrapper\"><figure class=\"elementor-image-box-img\"><a href=\"https:\/\/varietatslocals.org\/es\/el-distintivo-de-variedad-local\/\" tabindex=\"-1\"><img decoding=\"async\" width=\"500\" height=\"500\" src=\"https:\/\/varietatslocals.org\/wp-content\/uploads\/2024\/01\/Distintiu-Varietats-Locals.jpg\" class=\"elementor-animation-grow attachment-full size-full wp-image-522\" alt=\"Distintivo Variedades Locales\" title=\"\" srcset=\"https:\/\/varietatslocals.org\/wp-content\/uploads\/2024\/01\/Distintiu-Varietats-Locals.jpg 500w, https:\/\/varietatslocals.org\/wp-content\/uploads\/2024\/01\/Distintiu-Varietats-Locals-300x300.jpg 300w, https:\/\/varietatslocals.org\/wp-content\/uploads\/2024\/01\/Distintiu-Varietats-Locals-100x100.jpg 100w\" sizes=\"(max-width: 500px) 100vw, 500px\" \/><\/a><\/figure><div class=\"elementor-image-box-content\"><h2 class=\"elementor-image-box-title\"><a href=\"https:\/\/varietatslocals.org\/es\/el-distintivo-de-variedad-local\/\">Distintivo Variedad Local<\/a><\/h2><p class=\"elementor-image-box-description\">Este proyecto es un piloto que desea estudiar la viabilidad econ\u00f3mica y la sostenibilidad de crear un distintivo para diferenciar las variedades locales.<\/p><\/div><\/div>\t\t\t\t<\/div>\n\t\t\t\t<\/div>\n\t\t\t\t<div class=\"elementor-element elementor-element-2cbb35f6 elementor-widget-tablet__width-initial elementor-widget-mobile__width-inherit elementor-widget__width-initial elementor-position-top elementor-widget elementor-widget-image-box\" data-id=\"2cbb35f6\" data-element_type=\"widget\" data-e-type=\"widget\" data-widget_type=\"image-box.default\">\n\t\t\t\t<div class=\"elementor-widget-container\">\n\t\t\t\t\t<div class=\"elementor-image-box-wrapper\"><figure class=\"elementor-image-box-img\"><a href=\"\/es\/formacion\/\" target=\"_blank\" tabindex=\"-1\"><img loading=\"lazy\" decoding=\"async\" width=\"500\" height=\"500\" src=\"https:\/\/varietatslocals.org\/wp-content\/uploads\/2024\/01\/Formacio-Varietats-Locals.jpg\" class=\"elementor-animation-grow attachment-full size-full wp-image-517\" alt=\"Formaci\u00f3n Variedades Locales\" title=\"\" srcset=\"https:\/\/varietatslocals.org\/wp-content\/uploads\/2024\/01\/Formacio-Varietats-Locals.jpg 500w, https:\/\/varietatslocals.org\/wp-content\/uploads\/2024\/01\/Formacio-Varietats-Locals-300x300.jpg 300w, https:\/\/varietatslocals.org\/wp-content\/uploads\/2024\/01\/Formacio-Varietats-Locals-100x100.jpg 100w\" sizes=\"(max-width: 500px) 100vw, 500px\" \/><\/a><\/figure><div class=\"elementor-image-box-content\"><h2 class=\"elementor-image-box-title\"><a href=\"\/es\/formacion\/\" target=\"_blank\">Formaci\u00f3n<\/a><\/h2><p class=\"elementor-image-box-description\">Anualmente llevamos a cabo diferentes actos y actividades para dar a conocer las variedades locales, su situaci\u00f3n y la labor realizada.<\/p><\/div><\/div>\t\t\t\t<\/div>\n\t\t\t\t<\/div>\n\t\t\t\t<\/div>\n\t\t<div class=\"elementor-element elementor-element-8a66e4c e-con-full e-flex e-con e-child\" data-id=\"8a66e4c\" data-element_type=\"container\" data-e-type=\"container\">\n\t\t\t\t<div class=\"elementor-element elementor-element-c9c9d78 elementor-widget-tablet__width-initial elementor-widget-mobile__width-inherit elementor-widget__width-initial elementor-position-top elementor-widget elementor-widget-image-box\" data-id=\"c9c9d78\" data-element_type=\"widget\" data-e-type=\"widget\" data-widget_type=\"image-box.default\">\n\t\t\t\t<div class=\"elementor-widget-container\">\n\t\t\t\t\t<div class=\"elementor-image-box-wrapper\"><figure class=\"elementor-image-box-img\"><a href=\"\/es\/las-semillas-en-la-escuela\/\" target=\"_blank\" tabindex=\"-1\"><img loading=\"lazy\" decoding=\"async\" width=\"500\" height=\"500\" src=\"https:\/\/varietatslocals.org\/wp-content\/uploads\/2024\/01\/Projecte-Les-llavors-a-lescola.jpg\" class=\"elementor-animation-grow attachment-full size-full wp-image-518\" alt=\"Proyecto Las semillas en la escuela\" title=\"\" srcset=\"https:\/\/varietatslocals.org\/wp-content\/uploads\/2024\/01\/Projecte-Les-llavors-a-lescola.jpg 500w, https:\/\/varietatslocals.org\/wp-content\/uploads\/2024\/01\/Projecte-Les-llavors-a-lescola-300x300.jpg 300w, https:\/\/varietatslocals.org\/wp-content\/uploads\/2024\/01\/Projecte-Les-llavors-a-lescola-100x100.jpg 100w\" sizes=\"(max-width: 500px) 100vw, 500px\" \/><\/a><\/figure><div class=\"elementor-image-box-content\"><h2 class=\"elementor-image-box-title\"><a href=\"\/es\/las-semillas-en-la-escuela\/\" target=\"_blank\">Las semillas en la escuela<\/a><\/h2><p class=\"elementor-image-box-description\">En estos \u00faltimos a\u00f1os hemos editado y creado diferentes materiales educativos y l\u00fadicos para acercar las variedades locales.<\/p><\/div><\/div>\t\t\t\t<\/div>\n\t\t\t\t<\/div>\n\t\t\t\t<div class=\"elementor-element elementor-element-65deb516 elementor-widget-tablet__width-initial elementor-widget-mobile__width-inherit elementor-widget__width-initial elementor-position-top elementor-widget elementor-widget-image-box\" data-id=\"65deb516\" data-element_type=\"widget\" data-e-type=\"widget\" data-widget_type=\"image-box.default\">\n\t\t\t\t<div class=\"elementor-widget-container\">\n\t\t\t\t\t<div class=\"elementor-image-box-wrapper\"><figure class=\"elementor-image-box-img\"><a href=\"\/es\/multiplicamos-semillas\/\" target=\"_blank\" tabindex=\"-1\"><img loading=\"lazy\" decoding=\"async\" width=\"500\" height=\"500\" src=\"https:\/\/varietatslocals.org\/wp-content\/uploads\/2024\/01\/Proces-multiplicacio-de-llavor-7.jpg\" class=\"elementor-animation-grow attachment-full size-full wp-image-395\" alt=\"Proceso multiplicaci\u00f3n de semilla\" title=\"\" srcset=\"https:\/\/varietatslocals.org\/wp-content\/uploads\/2024\/01\/Proces-multiplicacio-de-llavor-7.jpg 500w, https:\/\/varietatslocals.org\/wp-content\/uploads\/2024\/01\/Proces-multiplicacio-de-llavor-7-300x300.jpg 300w, https:\/\/varietatslocals.org\/wp-content\/uploads\/2024\/01\/Proces-multiplicacio-de-llavor-7-100x100.jpg 100w\" sizes=\"(max-width: 500px) 100vw, 500px\" \/><\/a><\/figure><div class=\"elementor-image-box-content\"><h2 class=\"elementor-image-box-title\"><a href=\"\/es\/multiplicamos-semillas\/\" target=\"_blank\">Multiplicaci\u00f3n de semillas<\/a><\/h2><p class=\"elementor-image-box-description\">El proyecto de multiplicaci\u00f3n de semillas tiene como objetivo dar a conocer las variedades locales y fomentar su consumo.<\/p><\/div><\/div>\t\t\t\t<\/div>\n\t\t\t\t<\/div>\n\t\t\t\t<div class=\"elementor-element elementor-element-5d797ef elementor-widget-tablet__width-initial elementor-widget-mobile__width-inherit elementor-widget__width-initial elementor-position-top elementor-widget elementor-widget-image-box\" data-id=\"5d797ef\" data-element_type=\"widget\" data-e-type=\"widget\" data-widget_type=\"image-box.default\">\n\t\t\t\t<div class=\"elementor-widget-container\">\n\t\t\t\t\t<div class=\"elementor-image-box-wrapper\"><figure class=\"elementor-image-box-img\"><a href=\"\/es\/recetario\/\" target=\"_blank\" tabindex=\"-1\"><img loading=\"lazy\" decoding=\"async\" width=\"500\" height=\"500\" src=\"https:\/\/varietatslocals.org\/wp-content\/uploads\/2024\/01\/Receptari-Llavors-Locals.jpg\" class=\"elementor-animation-grow attachment-full size-full wp-image-519\" alt=\"Recetario Semillas Locales\" title=\"\" srcset=\"https:\/\/varietatslocals.org\/wp-content\/uploads\/2024\/01\/Receptari-Llavors-Locals.jpg 500w, https:\/\/varietatslocals.org\/wp-content\/uploads\/2024\/01\/Receptari-Llavors-Locals-300x300.jpg 300w, https:\/\/varietatslocals.org\/wp-content\/uploads\/2024\/01\/Receptari-Llavors-Locals-100x100.jpg 100w\" sizes=\"(max-width: 500px) 100vw, 500px\" \/><\/a><\/figure><div class=\"elementor-image-box-content\"><h2 class=\"elementor-image-box-title\"><a href=\"\/es\/recetario\/\" target=\"_blank\">Recetario<\/a><\/h2><p class=\"elementor-image-box-description\">Cocineras y cocineros de Mallorca nos muestran c\u00f3mo preparar una receta original con las hortalizas y legumbres de variedades locales.\n\n<\/p><\/div><\/div>\t\t\t\t<\/div>\n\t\t\t\t<\/div>\n\t\t\t\t<div class=\"elementor-element elementor-element-210dbbe elementor-widget-tablet__width-initial elementor-widget-mobile__width-inherit elementor-widget__width-initial elementor-position-top elementor-widget elementor-widget-image-box\" data-id=\"210dbbe\" data-element_type=\"widget\" data-e-type=\"widget\" data-widget_type=\"image-box.default\">\n\t\t\t\t<div class=\"elementor-widget-container\">\n\t\t\t\t\t<div class=\"elementor-image-box-wrapper\"><figure class=\"elementor-image-box-img\"><a href=\"\/es\/investigacion\/\" target=\"_blank\" tabindex=\"-1\"><img loading=\"lazy\" decoding=\"async\" width=\"500\" height=\"500\" src=\"https:\/\/varietatslocals.org\/wp-content\/uploads\/2025\/02\/Disseny-sense-titol-1.jpg\" class=\"elementor-animation-grow attachment-full size-full wp-image-7080\" alt=\"Investigaci\u00f3n\" title=\"\" srcset=\"https:\/\/varietatslocals.org\/wp-content\/uploads\/2025\/02\/Disseny-sense-titol-1.jpg 500w, https:\/\/varietatslocals.org\/wp-content\/uploads\/2025\/02\/Disseny-sense-titol-1-12x12.jpg 12w, https:\/\/varietatslocals.org\/wp-content\/uploads\/2025\/02\/Disseny-sense-titol-1-300x300.jpg 300w, https:\/\/varietatslocals.org\/wp-content\/uploads\/2025\/02\/Disseny-sense-titol-1-400x400.jpg 400w, https:\/\/varietatslocals.org\/wp-content\/uploads\/2025\/02\/Disseny-sense-titol-1-100x100.jpg 100w\" sizes=\"(max-width: 500px) 100vw, 500px\" \/><\/a><\/figure><div class=\"elementor-image-box-content\"><h2 class=\"elementor-image-box-title\"><a href=\"\/es\/investigacion\/\" target=\"_blank\">Investigaci\u00f3n<\/a><\/h2><p class=\"elementor-image-box-description\">Son los proyectos de investigaci\u00f3n que vamos haciendo en funci\u00f3n de las necesidades que tienen las variedades locales, los agricultores, as\u00ed como las l\u00edneas de financiaci\u00f3n para la investigaci\u00f3n.<\/p><\/div><\/div>\t\t\t\t<\/div>\n\t\t\t\t<\/div>\n\t\t\t\t<\/div>\n\t\t<div class=\"elementor-element elementor-element-749478c e-con-full e-flex e-con e-child\" data-id=\"749478c\" data-element_type=\"container\" data-e-type=\"container\">\n\t\t\t\t<div class=\"elementor-element elementor-element-3fc4b48 elementor-widget-tablet__width-initial elementor-widget-mobile__width-inherit elementor-widget__width-initial elementor-position-top elementor-widget elementor-widget-image-box\" data-id=\"3fc4b48\" data-element_type=\"widget\" data-e-type=\"widget\" data-widget_type=\"image-box.default\">\n\t\t\t\t<div class=\"elementor-widget-container\">\n\t\t\t\t\t<div class=\"elementor-image-box-wrapper\"><figure class=\"elementor-image-box-img\"><a href=\"\/es\/sano-porgadora\/\" target=\"_blank\" tabindex=\"-1\"><img loading=\"lazy\" decoding=\"async\" width=\"500\" height=\"500\" src=\"https:\/\/varietatslocals.org\/wp-content\/uploads\/2024\/01\/Sa-Porgadora.jpg\" class=\"elementor-animation-grow attachment-full size-full wp-image-521\" alt=\"Sa Porgadora Cribado\" title=\"\" srcset=\"https:\/\/varietatslocals.org\/wp-content\/uploads\/2024\/01\/Sa-Porgadora.jpg 500w, https:\/\/varietatslocals.org\/wp-content\/uploads\/2024\/01\/Sa-Porgadora-300x300.jpg 300w, https:\/\/varietatslocals.org\/wp-content\/uploads\/2024\/01\/Sa-Porgadora-100x100.jpg 100w\" sizes=\"(max-width: 500px) 100vw, 500px\" \/><\/a><\/figure><div class=\"elementor-image-box-content\"><h2 class=\"elementor-image-box-title\"><a href=\"\/es\/sano-porgadora\/\" target=\"_blank\">Sa Porgadora Cribado<\/a><\/h2><p class=\"elementor-image-box-description\">El servicio de cribado consiste en la limpieza de grano (cereales y legumbres) de variedades locales, variedades for\u00e1neas, en convencional y en ecol\u00f3gico.<\/p><\/div><\/div>\t\t\t\t<\/div>\n\t\t\t\t<\/div>\n\t\t\t\t<\/div>\n\t\t\t\t\t<\/div>\n\t\t\t\t<\/div>\n\t\t<div class=\"elementor-element elementor-element-5d88cdd e-flex e-con-boxed e-con e-parent\" data-id=\"5d88cdd\" data-element_type=\"container\" data-e-type=\"container\" data-settings=\"{&quot;background_background&quot;:&quot;classic&quot;}\">\n\t\t\t\t\t<div class=\"e-con-inner\">\n\t\t\t\t<div class=\"elementor-element elementor-element-9c60fdc elementor-widget elementor-widget-heading\" data-id=\"9c60fdc\" data-element_type=\"widget\" data-e-type=\"widget\" data-widget_type=\"heading.default\">\n\t\t\t\t<div class=\"elementor-widget-container\">\n\t\t\t\t\t<p class=\"elementor-heading-title elementor-size-default\">\u00bfQuieres saber m\u00e1s sobre qui\u00e9nes somos, qu\u00e9 hacemos y c\u00f3mo te puedes asociar?<\/p>\t\t\t\t<\/div>\n\t\t\t\t<\/div>\n\t\t<div class=\"elementor-element elementor-element-018a338 e-flex e-con-boxed e-con e-child\" data-id=\"018a338\" data-element_type=\"container\" data-e-type=\"container\">\n\t\t\t\t\t<div class=\"e-con-inner\">\n\t\t\t\t<div class=\"elementor-element elementor-element-7de805c elementor-widget elementor-widget-button\" data-id=\"7de805c\" data-element_type=\"widget\" data-e-type=\"widget\" data-widget_type=\"button.default\">\n\t\t\t\t<div class=\"elementor-widget-container\">\n\t\t\t\t\t\t\t\t\t<div class=\"elementor-button-wrapper\">\n\t\t\t\t\t<a class=\"elementor-button elementor-button-link elementor-size-md\" href=\"\/es\/asociacion\/\" target=\"_blank\">\n\t\t\t\t\t\t<span class=\"elementor-button-content-wrapper\">\n\t\t\t\t\t\t\t\t\t<span class=\"elementor-button-text\">QUIENES SOMOS Y QU\u00c9 HACEMOS<\/span>\n\t\t\t\t\t<\/span>\n\t\t\t\t\t<\/a>\n\t\t\t\t<\/div>\n\t\t\t\t\t\t\t\t<\/div>\n\t\t\t\t<\/div>\n\t\t\t\t<div class=\"elementor-element elementor-element-dc8bb54 elementor-widget elementor-widget-button\" data-id=\"dc8bb54\" data-element_type=\"widget\" data-e-type=\"widget\" data-widget_type=\"button.default\">\n\t\t\t\t<div class=\"elementor-widget-container\">\n\t\t\t\t\t\t\t\t\t<div class=\"elementor-button-wrapper\">\n\t\t\t\t\t<a class=\"elementor-button elementor-button-link elementor-size-md\" href=\"\/es\/socios\/\">\n\t\t\t\t\t\t<span class=\"elementor-button-content-wrapper\">\n\t\t\t\t\t\t\t\t\t<span class=\"elementor-button-text\">HAZTE SOCIO\/A<\/span>\n\t\t\t\t\t<\/span>\n\t\t\t\t\t<\/a>\n\t\t\t\t<\/div>\n\t\t\t\t\t\t\t\t<\/div>\n\t\t\t\t<\/div>\n\t\t\t\t<div class=\"elementor-element elementor-element-3c362f3 elementor-widget elementor-widget-button\" data-id=\"3c362f3\" data-element_type=\"widget\" data-e-type=\"widget\" data-widget_type=\"button.default\">\n\t\t\t\t<div class=\"elementor-widget-container\">\n\t\t\t\t\t\t\t\t\t<div class=\"elementor-button-wrapper\">\n\t\t\t\t\t<a class=\"elementor-button elementor-button-link elementor-size-md\" href=\"\/es\/boletin\/\" target=\"_blank\">\n\t\t\t\t\t\t<span class=\"elementor-button-content-wrapper\">\n\t\t\t\t\t\t\t\t\t<span class=\"elementor-button-text\">SUSCR\u00cdBETE AL BOLET\u00cdN<\/span>\n\t\t\t\t\t<\/span>\n\t\t\t\t\t<\/a>\n\t\t\t\t<\/div>\n\t\t\t\t\t\t\t\t<\/div>\n\t\t\t\t<\/div>\n\t\t\t\t\t<\/div>\n\t\t\t\t<\/div>\n\t\t\t\t\t<\/div>\n\t\t\t\t<\/div>\n\t\t\t\t<\/div>","protected":false},"excerpt":{"rendered":"<p>Desenvolupem projectes per a la recuperaci\u00f3 de les varietats locals i pel foment de la producci\u00f3 i de la conservaci\u00f3 de la biodiversitat cultivada. ADV Varietats Locals Oferim assessorament per a protegir els cultius dels nostres socis multiplicadors de llavor ecol\u00f2gica i de varietats locals de la manera m\u00e9s respectuosa possible amb el medi ambient. [&hellip;]<\/p>\n","protected":false},"author":1,"featured_media":0,"parent":0,"menu_order":0,"comment_status":"closed","ping_status":"closed","template":"","meta":{"_joinchat":[],"footnotes":""},"class_list":["post-490","page","type-page","status-publish","hentry"],"_links":{"self":[{"href":"https:\/\/varietatslocals.org\/es\/wp-json\/wp\/v2\/pages\/490","targetHints":{"allow":["GET"]}}],"collection":[{"href":"https:\/\/varietatslocals.org\/es\/wp-json\/wp\/v2\/pages"}],"about":[{"href":"https:\/\/varietatslocals.org\/es\/wp-json\/wp\/v2\/types\/page"}],"author":[{"embeddable":true,"href":"https:\/\/varietatslocals.org\/es\/wp-json\/wp\/v2\/users\/1"}],"replies":[{"embeddable":true,"href":"https:\/\/varietatslocals.org\/es\/wp-json\/wp\/v2\/comments?post=490"}],"version-history":[{"count":3,"href":"https:\/\/varietatslocals.org\/es\/wp-json\/wp\/v2\/pages\/490\/revisions"}],"predecessor-version":[{"id":9562,"href":"https:\/\/varietatslocals.org\/es\/wp-json\/wp\/v2\/pages\/490\/revisions\/9562"}],"wp:attachment":[{"href":"https:\/\/varietatslocals.org\/es\/wp-json\/wp\/v2\/media?parent=490"}],"curies":[{"name":"wp","href":"https:\/\/api.w.org\/{rel}","templated":true}]}}