{"id":676,"date":"2024-01-15T10:51:17","date_gmt":"2024-01-15T09:51:17","guid":{"rendered":"https:\/\/enricoriolc13.sg-host.com\/?page_id=676"},"modified":"2025-02-13T18:16:43","modified_gmt":"2025-02-13T17:16:43","slug":"encinas-dulces","status":"publish","type":"page","link":"https:\/\/varietatslocals.org\/es\/alzines-agla-dolc\/","title":{"rendered":"Encinas de bellota dulce"},"content":{"rendered":"<div data-elementor-type=\"wp-page\" data-elementor-id=\"676\" class=\"elementor elementor-676\" data-elementor-post-type=\"page\">\n\t\t\t\t<div class=\"elementor-element elementor-element-cedc2aa e-flex e-con-boxed e-con e-parent\" data-id=\"cedc2aa\" data-element_type=\"container\" data-e-type=\"container\" data-settings=\"{&quot;background_background&quot;:&quot;classic&quot;}\">\n\t\t\t\t\t<div class=\"e-con-inner\">\n\t\t\t\t<div class=\"elementor-element elementor-element-96b4072 elementor-widget elementor-widget-heading\" data-id=\"96b4072\" data-element_type=\"widget\" data-e-type=\"widget\" data-widget_type=\"heading.default\">\n\t\t\t\t<div class=\"elementor-widget-container\">\n\t\t\t\t\t<h1 class=\"elementor-heading-title elementor-size-default\">Encinas de bellota dulce<\/h1>\t\t\t\t<\/div>\n\t\t\t\t<\/div>\n\t\t\t\t\t<\/div>\n\t\t\t\t<\/div>\n\t\t<div class=\"elementor-element elementor-element-a7b05e6 e-flex e-con-boxed e-con e-parent\" data-id=\"a7b05e6\" data-element_type=\"container\" data-e-type=\"container\" data-settings=\"{&quot;background_background&quot;:&quot;classic&quot;}\">\n\t\t\t\t\t<div class=\"e-con-inner\">\n\t\t<div class=\"elementor-element elementor-element-931f363 e-con-full e-flex e-con e-child\" data-id=\"931f363\" data-element_type=\"container\" data-e-type=\"container\">\n\t\t\t\t<div class=\"elementor-element elementor-element-f8b4959 elementor-widget elementor-widget-heading\" data-id=\"f8b4959\" data-element_type=\"widget\" data-e-type=\"widget\" data-widget_type=\"heading.default\">\n\t\t\t\t<div class=\"elementor-widget-container\">\n\t\t\t\t\t<h2 class=\"elementor-heading-title elementor-size-default\">Recuperando las variedades de encina de bellota dulce de Mallorca<\/h2>\t\t\t\t<\/div>\n\t\t\t\t<\/div>\n\t\t\t\t<div class=\"elementor-element elementor-element-a1f6b99 elementor-widget elementor-widget-text-editor\" data-id=\"a1f6b99\" data-element_type=\"widget\" data-e-type=\"widget\" data-widget_type=\"text-editor.default\">\n\t\t\t\t<div class=\"elementor-widget-container\">\n\t\t\t\t\t\t\t\t\t<p>La encina es uno de los \u00e1rboles m\u00e1s emblem\u00e1ticos del Mediterr\u00e1neo. La gran mayor\u00eda de encinas silvestres de Mallorca producen bellotas con un alto contenido de taninos que les otorgan un gusto amargo y astringente. Pero tambi\u00e9n encontramos encinas con bellotas \u201cdulces\u201d, que se han utilizado tanto para consumo animal como tambi\u00e9n para consumo humano (en crudo, tostados o en harina).<\/p><p>En Mallorca, estas encinas se han propagado tradicionalmente a trav\u00e9s del injerto, t\u00e9cnica espec\u00edfica que nos ha llegado transmitida de generaci\u00f3n en generaci\u00f3n, y que en nuestra isla es el \u00fanico sitio donde se conserva para este cultivo.<\/p><p>A partir de 2019, gracias a la colaboraci\u00f3n de <a href=\"http:\/\/balanotrees.org\/ca\/\" target=\"_blank\" rel=\"noopener\">Balanotrees<\/a> ya trav\u00e9s de una Beca de Investigaci\u00f3n Aplicada financiada por el FOGAIBA pudimos identificar y caracterizar parte de las encinas de bellota dulce de Mallorca.\u00a0<a href=\"https:\/\/www.varietatslocals.org\/wp-content\/uploads\/2024\/01\/Memoria-final-BIA-2020-amb-annexos.pdf\" target=\"_blank\" rel=\"noopener\">Aqu\u00ed<\/a>\u00a0puede consultar los resultados de este \u00faltimo proyecto. Tambi\u00e9n se pueden consultar las diferentes variedades o tipos varietales de encina que pudimos caracterizar e incorporar al<a href=\"https:\/\/varietatslocalsib.com\/ca\/webcataleg\" target=\"_blank\" rel=\"noopener\"> Cat\u00e1logo de variedades locales de inter\u00e9s agrario de las Islas Baleares.<\/a><\/p>\t\t\t\t\t\t\t\t<\/div>\n\t\t\t\t<\/div>\n\t\t\t\t<\/div>\n\t\t\t\t\t<\/div>\n\t\t\t\t<\/div>\n\t\t<div class=\"elementor-element elementor-element-31a00aa e-flex e-con-boxed e-con e-parent\" data-id=\"31a00aa\" data-element_type=\"container\" data-e-type=\"container\">\n\t\t\t\t\t<div class=\"e-con-inner\">\n\t\t<div class=\"elementor-element elementor-element-f543d5d e-con-full e-flex e-con e-child\" data-id=\"f543d5d\" data-element_type=\"container\" data-e-type=\"container\">\n\t\t\t\t<div class=\"elementor-element elementor-element-0694398 elementor-widget elementor-widget-image\" data-id=\"0694398\" data-element_type=\"widget\" data-e-type=\"widget\" data-widget_type=\"image.default\">\n\t\t\t\t<div class=\"elementor-widget-container\">\n\t\t\t\t\t\t\t\t\t\t\t\t\t\t\t<img fetchpriority=\"high\" decoding=\"async\" width=\"500\" height=\"500\" src=\"https:\/\/varietatslocals.org\/wp-content\/uploads\/2024\/01\/Alzines-dolces-proces.jpg\" class=\"attachment-large size-large wp-image-679\" alt=\"Encinas de bellota dulce\" srcset=\"https:\/\/varietatslocals.org\/wp-content\/uploads\/2024\/01\/Alzines-dolces-proces.jpg 500w, https:\/\/varietatslocals.org\/wp-content\/uploads\/2024\/01\/Alzines-dolces-proces-300x300.jpg 300w, https:\/\/varietatslocals.org\/wp-content\/uploads\/2024\/01\/Alzines-dolces-proces-100x100.jpg 100w\" sizes=\"(max-width: 500px) 100vw, 500px\" title=\"\">\t\t\t\t\t\t\t\t\t\t\t\t\t\t\t<\/div>\n\t\t\t\t<\/div>\n\t\t\t\t<\/div>\n\t\t<div class=\"elementor-element elementor-element-42efa56 e-con-full e-flex e-con e-child\" data-id=\"42efa56\" data-element_type=\"container\" data-e-type=\"container\">\n\t\t\t\t<div class=\"elementor-element elementor-element-3da38cf elementor-widget elementor-widget-image\" data-id=\"3da38cf\" data-element_type=\"widget\" data-e-type=\"widget\" data-widget_type=\"image.default\">\n\t\t\t\t<div class=\"elementor-widget-container\">\n\t\t\t\t\t\t\t\t\t\t\t\t\t\t\t<img decoding=\"async\" width=\"500\" height=\"500\" src=\"https:\/\/varietatslocals.org\/wp-content\/uploads\/2024\/01\/Alzines-dolces-proces-1.jpg\" class=\"attachment-large size-large wp-image-680\" alt=\"Encinas de bellota dulce\" srcset=\"https:\/\/varietatslocals.org\/wp-content\/uploads\/2024\/01\/Alzines-dolces-proces-1.jpg 500w, https:\/\/varietatslocals.org\/wp-content\/uploads\/2024\/01\/Alzines-dolces-proces-1-300x300.jpg 300w, https:\/\/varietatslocals.org\/wp-content\/uploads\/2024\/01\/Alzines-dolces-proces-1-100x100.jpg 100w\" sizes=\"(max-width: 500px) 100vw, 500px\" title=\"\">\t\t\t\t\t\t\t\t\t\t\t\t\t\t\t<\/div>\n\t\t\t\t<\/div>\n\t\t\t\t<\/div>\n\t\t<div class=\"elementor-element elementor-element-1c88248 e-con-full e-flex e-con e-child\" data-id=\"1c88248\" data-element_type=\"container\" data-e-type=\"container\">\n\t\t\t\t<div class=\"elementor-element elementor-element-7b1c3a1 elementor-widget elementor-widget-image\" data-id=\"7b1c3a1\" data-element_type=\"widget\" data-e-type=\"widget\" data-widget_type=\"image.default\">\n\t\t\t\t<div class=\"elementor-widget-container\">\n\t\t\t\t\t\t\t\t\t\t\t\t\t\t\t<img decoding=\"async\" width=\"500\" height=\"500\" src=\"https:\/\/varietatslocals.org\/wp-content\/uploads\/2024\/01\/Alzines-dolces-proces-2.jpg\" class=\"attachment-large size-large wp-image-681\" alt=\"Encinas de bellota dulce\" srcset=\"https:\/\/varietatslocals.org\/wp-content\/uploads\/2024\/01\/Alzines-dolces-proces-2.jpg 500w, https:\/\/varietatslocals.org\/wp-content\/uploads\/2024\/01\/Alzines-dolces-proces-2-300x300.jpg 300w, https:\/\/varietatslocals.org\/wp-content\/uploads\/2024\/01\/Alzines-dolces-proces-2-100x100.jpg 100w\" sizes=\"(max-width: 500px) 100vw, 500px\" title=\"\">\t\t\t\t\t\t\t\t\t\t\t\t\t\t\t<\/div>\n\t\t\t\t<\/div>\n\t\t\t\t<\/div>\n\t\t<div class=\"elementor-element elementor-element-e65a9d9 e-con-full e-flex e-con e-child\" data-id=\"e65a9d9\" data-element_type=\"container\" data-e-type=\"container\">\n\t\t\t\t<div class=\"elementor-element elementor-element-28b64f6 elementor-widget elementor-widget-image\" data-id=\"28b64f6\" data-element_type=\"widget\" data-e-type=\"widget\" data-widget_type=\"image.default\">\n\t\t\t\t<div class=\"elementor-widget-container\">\n\t\t\t\t\t\t\t\t\t\t\t\t\t\t\t<img loading=\"lazy\" decoding=\"async\" width=\"500\" height=\"500\" src=\"https:\/\/varietatslocals.org\/wp-content\/uploads\/2024\/01\/Alzines-dolces-proces-3.jpg\" class=\"attachment-large size-large wp-image-682\" alt=\"Encinas de bellota dulce\" srcset=\"https:\/\/varietatslocals.org\/wp-content\/uploads\/2024\/01\/Alzines-dolces-proces-3.jpg 500w, https:\/\/varietatslocals.org\/wp-content\/uploads\/2024\/01\/Alzines-dolces-proces-3-300x300.jpg 300w, https:\/\/varietatslocals.org\/wp-content\/uploads\/2024\/01\/Alzines-dolces-proces-3-100x100.jpg 100w\" sizes=\"(max-width: 500px) 100vw, 500px\" title=\"\">\t\t\t\t\t\t\t\t\t\t\t\t\t\t\t<\/div>\n\t\t\t\t<\/div>\n\t\t\t\t<\/div>\n\t\t\t\t\t<\/div>\n\t\t\t\t<\/div>\n\t\t<div class=\"elementor-element elementor-element-1838252 e-flex e-con-boxed e-con e-parent\" data-id=\"1838252\" data-element_type=\"container\" data-e-type=\"container\" data-settings=\"{&quot;background_background&quot;:&quot;classic&quot;}\">\n\t\t\t\t\t<div class=\"e-con-inner\">\n\t\t<div class=\"elementor-element elementor-element-10b6309 e-con-full e-flex e-con e-child\" data-id=\"10b6309\" data-element_type=\"container\" data-e-type=\"container\">\n\t\t\t\t<div class=\"elementor-element elementor-element-b8d7e36 elementor-widget elementor-widget-heading\" data-id=\"b8d7e36\" data-element_type=\"widget\" data-e-type=\"widget\" data-widget_type=\"heading.default\">\n\t\t\t\t<div class=\"elementor-widget-container\">\n\t\t\t\t\t<h2 class=\"elementor-heading-title elementor-size-default\">Vivero de encinas de bellota dulce<\/h2>\t\t\t\t<\/div>\n\t\t\t\t<\/div>\n\t\t\t\t<div class=\"elementor-element elementor-element-a1b2201 elementor-widget elementor-widget-text-editor\" data-id=\"a1b2201\" data-element_type=\"widget\" data-e-type=\"widget\" data-widget_type=\"text-editor.default\">\n\t\t\t\t<div class=\"elementor-widget-container\">\n\t\t\t\t\t\t\t\t\t<p>La preservaci\u00f3n de las variedades de encinas de bellota dulce es un hito m\u00e1s en la recuperaci\u00f3n de la biodiversidad cultivada de Mallorca y del patrimonio cultural y gastron\u00f3mico de nuestra isla. Por eso, en 2022 pusimos en marcha un proyecto de propagaci\u00f3n de variedades locales de encinas dulces por medio de la t\u00e9cnica del microinjerto.<\/p><p>El vivero forestal <a href=\"https:\/\/xarxaforestal.org\/\" target=\"_blank\" rel=\"noopener\">CEFOR Menut<\/a>, aporta las encinas de un a\u00f1o, y <a href=\"https:\/\/www.3salutmental.com\/estel-de-llevant\" target=\"_blank\" rel=\"noopener\">Estrella de Levante <\/a>nos cede el espacio donde injertar y una zona dentro del invernadero en su Viver Bio.\u00a0<\/p><p>Cada a\u00f1o completamos las colecciones de Can Pistola (Felanitx), la UIB y las Fincas p\u00fablicas de Galatz\u00f3 y de Mortitx, respectivamente.<\/p><p>En noviembre iniciamos la campa\u00f1a de injerto de pies de encina agrio con mudas de encina dulce, gracias a injertores y injertoras voluntarias y asistentes a los cursos de formaci\u00f3n. Los v\u00e1stagos permanecen 3 semanas en una estanter\u00eda de tubo caliente y si han partido favorablemente, son trasplantados primero en bandejas y despu\u00e9s en macetas forestales individuales. Antes del verano los arbolitos son tra\u00eddos para crecer y aclimatarse a las instalaciones de CEFOR-Menut ya finales de a\u00f1o ya pueden ser plantados en el campo.\u00a0<\/p><p><span style=\"color: var( --e-global-color-text ); text-align: var(--text-align);\">Todo esto es posible gracias a la colaboraci\u00f3n desinteresada de personas voluntarias que nos ayudan, tanto en la cesi\u00f3n y la recogida de mudas, como en realizar los injertos y el mantenimiento posterior.\u00a0<\/span><\/p><p><span style=\"color: var( --e-global-color-text ); text-align: var(--text-align);\">Este proyecto cuenta con el apoyo de\u00a0<\/span><a style=\"text-align: var(--text-align); background-color: #ffffff;\" href=\"https:\/\/www.mallorcapreservation.org\/es\/grants\/nursery-of-holm-oaks-grafted-with-sweet-acorn-varieties\/\" target=\"_blank\" rel=\"noopener\">Mallorca Preservation Foundation<\/a><span style=\"color: var( --e-global-color-text ); text-align: var(--text-align);\">, la Fundaci\u00f3n Estrella de Levante,<\/span><span style=\"color: var( --e-global-color-text ); text-align: var(--text-align);\">\u00a0la Consejer\u00eda de Agricultura, Pesca y Medio Natural y\u00a0<\/span><span style=\"color: var( --e-global-color-text ); text-align: var(--text-align);\">la Universidad de las Islas Baleares.<\/span><span style=\"color: var( --e-global-color-text ); text-align: var(--text-align);\">\u00a0<\/span><\/p>\t\t\t\t\t\t\t\t<\/div>\n\t\t\t\t<\/div>\n\t\t\t\t<\/div>\n\t\t\t\t\t<\/div>\n\t\t\t\t<\/div>\n\t\t<div class=\"elementor-element elementor-element-fb214cb e-flex e-con-boxed e-con e-parent\" data-id=\"fb214cb\" data-element_type=\"container\" data-e-type=\"container\" data-settings=\"{&quot;background_background&quot;:&quot;classic&quot;}\">\n\t\t\t\t\t<div class=\"e-con-inner\">\n\t\t\t\t<div class=\"elementor-element elementor-element-cf60918 elementor-widget elementor-widget-heading\" data-id=\"cf60918\" data-element_type=\"widget\" data-e-type=\"widget\" data-widget_type=\"heading.default\">\n\t\t\t\t<div class=\"elementor-widget-container\">\n\t\t\t\t\t<h3 class=\"elementor-heading-title elementor-size-default\">Dona al proyecto de vivero de encinas dulces<\/h3>\t\t\t\t<\/div>\n\t\t\t\t<\/div>\n\t\t\t\t<div class=\"elementor-element elementor-element-92b4dbe elementor-widget elementor-widget-heading\" data-id=\"92b4dbe\" data-element_type=\"widget\" data-e-type=\"widget\" data-widget_type=\"heading.default\">\n\t\t\t\t<div class=\"elementor-widget-container\">\n\t\t\t\t\t<p class=\"elementor-heading-title elementor-size-default\">La preservaci\u00f3n de las variedades de encinas de bellota dulce es un hito m\u00e1s en la recuperaci\u00f3n de la biodiversidad cultivada de Mallorca y del patrimonio cultural y gastron\u00f3mico de nuestra isla.<\/p>\t\t\t\t<\/div>\n\t\t\t\t<\/div>\n\t\t\t\t<div class=\"elementor-element elementor-element-5ada400 elementor-align-center elementor-widget elementor-widget-button\" data-id=\"5ada400\" data-element_type=\"widget\" data-e-type=\"widget\" data-widget_type=\"button.default\">\n\t\t\t\t<div class=\"elementor-widget-container\">\n\t\t\t\t\t\t\t\t\t<div class=\"elementor-button-wrapper\">\n\t\t\t\t\t<a class=\"elementor-button elementor-button-link elementor-size-md\" href=\"https:\/\/www.paypal.com\/donate\/?hosted_button_id=5DMU2MC9PTM52\" target=\"_blank\" rel=\"noopener\">\n\t\t\t\t\t\t<span class=\"elementor-button-content-wrapper\">\n\t\t\t\t\t\t\t\t\t<span class=\"elementor-button-text\">HAZ UN DONATIVO<\/span>\n\t\t\t\t\t<\/span>\n\t\t\t\t\t<\/a>\n\t\t\t\t<\/div>\n\t\t\t\t\t\t\t\t<\/div>\n\t\t\t\t<\/div>\n\t\t\t\t\t<\/div>\n\t\t\t\t<\/div>\n\t\t<div class=\"elementor-element elementor-element-ac00145 e-flex e-con-boxed e-con e-parent\" data-id=\"ac00145\" data-element_type=\"container\" data-e-type=\"container\">\n\t\t\t\t\t<div class=\"e-con-inner\">\n\t\t\t\t<div class=\"elementor-element elementor-element-fd8bfe8 elementor-widget elementor-widget-heading\" data-id=\"fd8bfe8\" data-element_type=\"widget\" data-e-type=\"widget\" data-widget_type=\"heading.default\">\n\t\t\t\t<div class=\"elementor-widget-container\">\n\t\t\t\t\t<h2 class=\"elementor-heading-title elementor-size-default\">\u00bfQuieres injertar encinas?<\/h2>\t\t\t\t<\/div>\n\t\t\t\t<\/div>\n\t\t\t\t<div class=\"elementor-element elementor-element-1658519 elementor-widget elementor-widget-text-editor\" data-id=\"1658519\" data-element_type=\"widget\" data-e-type=\"widget\" data-widget_type=\"text-editor.default\">\n\t\t\t\t<div class=\"elementor-widget-container\">\n\t\t\t\t\t\t\t\t\t<ul><li>Escr\u00edbenos a info@varietatslocals.org si quieres formar parte del grupo de injertores y injertoras que puntualmente nos ayudan a injertar y realizar otras tareas del proyecto de multiplicaci\u00f3n de encinas dulces.<\/li><li>F\u00f3rmate en los diferentes cursos que organizamos. M\u00e1s informaci\u00f3n en el apartado de <a href=\"https:\/\/varietatslocals.org\/es\/formacion\/\">formaci\u00f3n.<\/a><\/li><\/ul>\t\t\t\t\t\t\t\t<\/div>\n\t\t\t\t<\/div>\n\t\t\t\t<div class=\"elementor-element elementor-element-86ebbf8 elementor-widget elementor-widget-heading\" data-id=\"86ebbf8\" data-element_type=\"widget\" data-e-type=\"widget\" data-widget_type=\"heading.default\">\n\t\t\t\t<div class=\"elementor-widget-container\">\n\t\t\t\t\t<h2 class=\"elementor-heading-title elementor-size-default\">\u00bfQuieres adquirir una encina dulce?<\/h2>\t\t\t\t<\/div>\n\t\t\t\t<\/div>\n\t\t\t\t<div class=\"elementor-element elementor-element-595dd37 elementor-widget elementor-widget-text-editor\" data-id=\"595dd37\" data-element_type=\"widget\" data-e-type=\"widget\" data-widget_type=\"text-editor.default\">\n\t\t\t\t<div class=\"elementor-widget-container\">\n\t\t\t\t\t\t\t\t\t<p><span style=\"color: var( --e-global-color-text ); text-align: var(--text-align);\">Las encinas se distribuyen prioritariamente entre las <\/span><a href=\"https:\/\/varietatslocals.org\/es\/socios\/\" style=\"text-align: var(--text-align); background-color: rgb(255, 255, 255);\">personas socias<\/a><span style=\"color: var( --e-global-color-text ); text-align: var(--text-align);\"> interesadas.  En funci\u00f3n de la disponibilidad de ejemplares y de la demanda, las pondremos a disposici\u00f3n del p\u00fablico en general que quiera adquirirlos. Lo anunciaremos en nuestro bolet\u00edn ya trav\u00e9s de nuestras redes.<\/span><\/p>\n<p>Aunque las plantas son sometidas a los controles sanitarios pertinentes, dada la prohibici\u00f3n de trasladar material vegetal vivo fuera de las Islas Baleares, no es posible atender peticiones de fuera de nuestra Comunidad Aut\u00f3noma.<\/p>\t\t\t\t\t\t\t\t<\/div>\n\t\t\t\t<\/div>\n\t\t\t\t\t<\/div>\n\t\t\t\t<\/div>\n\t\t<div class=\"elementor-element elementor-element-4c92429 e-flex e-con-boxed e-con e-parent\" data-id=\"4c92429\" data-element_type=\"container\" data-e-type=\"container\" data-settings=\"{&quot;background_background&quot;:&quot;classic&quot;}\">\n\t\t\t\t\t<div class=\"e-con-inner\">\n\t\t\t\t<div class=\"elementor-element elementor-element-9f0a8af elementor-widget elementor-widget-heading\" data-id=\"9f0a8af\" data-element_type=\"widget\" data-e-type=\"widget\" data-widget_type=\"heading.default\">\n\t\t\t\t<div class=\"elementor-widget-container\">\n\t\t\t\t\t<h3 class=\"elementor-heading-title elementor-size-default\">Contacta con nosotros para m\u00e1s informaci\u00f3n<\/h3>\t\t\t\t<\/div>\n\t\t\t\t<\/div>\n\t\t\t\t<div class=\"elementor-element elementor-element-0c777fb elementor-widget elementor-widget-heading\" data-id=\"0c777fb\" data-element_type=\"widget\" data-e-type=\"widget\" data-widget_type=\"heading.default\">\n\t\t\t\t<div class=\"elementor-widget-container\">\n\t\t\t\t\t<p class=\"elementor-heading-title elementor-size-default\">Nos puedes contactar mediante el correo info@varietatslocals.org o en el tel\u00e9fono 722 782 536<\/p>\t\t\t\t<\/div>\n\t\t\t\t<\/div>\n\t\t\t\t\t<\/div>\n\t\t\t\t<\/div>\n\t\t\t\t<\/div>","protected":false},"excerpt":{"rendered":"<p>Alzines d&#8217;agl\u00e0 dol\u00e7 Recuperant les varietats d\u2019alzina d\u2019agl\u00e0 dol\u00e7 de Mallorca L\u2019alzina \u00e9s un dels arbres m\u00e9s emblem\u00e0tics de la Mediterr\u00e0nia. La gran majoria d\u2019alzines silvestres de Mallorca produeixen aglans amb un alt contingut de tanins que els atorguen un gust amarg i astringent. Per\u00f2 tamb\u00e9 trobam alzines amb aglans \u201cdol\u00e7os\u201d, que s\u2019han utilitzat tant [&hellip;]<\/p>\n","protected":false},"author":1,"featured_media":0,"parent":0,"menu_order":0,"comment_status":"closed","ping_status":"closed","template":"","meta":{"_joinchat":[],"footnotes":""},"class_list":["post-676","page","type-page","status-publish","hentry"],"_links":{"self":[{"href":"https:\/\/varietatslocals.org\/es\/wp-json\/wp\/v2\/pages\/676","targetHints":{"allow":["GET"]}}],"collection":[{"href":"https:\/\/varietatslocals.org\/es\/wp-json\/wp\/v2\/pages"}],"about":[{"href":"https:\/\/varietatslocals.org\/es\/wp-json\/wp\/v2\/types\/page"}],"author":[{"embeddable":true,"href":"https:\/\/varietatslocals.org\/es\/wp-json\/wp\/v2\/users\/1"}],"replies":[{"embeddable":true,"href":"https:\/\/varietatslocals.org\/es\/wp-json\/wp\/v2\/comments?post=676"}],"version-history":[{"count":0,"href":"https:\/\/varietatslocals.org\/es\/wp-json\/wp\/v2\/pages\/676\/revisions"}],"wp:attachment":[{"href":"https:\/\/varietatslocals.org\/es\/wp-json\/wp\/v2\/media?parent=676"}],"curies":[{"name":"wp","href":"https:\/\/api.w.org\/{rel}","templated":true}]}}