{"id":703,"date":"2024-01-15T11:12:35","date_gmt":"2024-01-15T10:12:35","guid":{"rendered":"https:\/\/enricoriolc13.sg-host.com\/?page_id=703"},"modified":"2025-01-26T12:14:11","modified_gmt":"2025-01-26T11:14:11","slug":"el-distintivo-de-variedad-local","status":"publish","type":"page","link":"https:\/\/varietatslocals.org\/es\/el-distintiu-de-varietat-local\/","title":{"rendered":"El distintivo de Variedad local"},"content":{"rendered":"<div data-elementor-type=\"wp-page\" data-elementor-id=\"703\" class=\"elementor elementor-703\" data-elementor-post-type=\"page\">\n\t\t\t\t<div class=\"elementor-element elementor-element-42d833f e-flex e-con-boxed e-con e-parent\" data-id=\"42d833f\" data-element_type=\"container\" data-e-type=\"container\" data-settings=\"{&quot;background_background&quot;:&quot;classic&quot;}\">\n\t\t\t\t\t<div class=\"e-con-inner\">\n\t\t\t\t<div class=\"elementor-element elementor-element-6fd1b64 elementor-widget elementor-widget-heading\" data-id=\"6fd1b64\" data-element_type=\"widget\" data-e-type=\"widget\" data-widget_type=\"heading.default\">\n\t\t\t\t<div class=\"elementor-widget-container\">\n\t\t\t\t\t<h1 class=\"elementor-heading-title elementor-size-default\">El distintivo de variedades locales<\/h1>\t\t\t\t<\/div>\n\t\t\t\t<\/div>\n\t\t\t\t\t<\/div>\n\t\t\t\t<\/div>\n\t\t<div class=\"elementor-element elementor-element-0fecd44 e-flex e-con-boxed e-con e-parent\" data-id=\"0fecd44\" data-element_type=\"container\" data-e-type=\"container\" data-settings=\"{&quot;background_background&quot;:&quot;classic&quot;}\">\n\t\t\t\t\t<div class=\"e-con-inner\">\n\t\t<div class=\"elementor-element elementor-element-4697329 e-con-full e-flex e-con e-child\" data-id=\"4697329\" data-element_type=\"container\" data-e-type=\"container\">\n\t\t\t\t<div class=\"elementor-element elementor-element-ff417b6 elementor-widget elementor-widget-heading\" data-id=\"ff417b6\" data-element_type=\"widget\" data-e-type=\"widget\" data-widget_type=\"heading.default\">\n\t\t\t\t<div class=\"elementor-widget-container\">\n\t\t\t\t\t<h2 class=\"elementor-heading-title elementor-size-default\">El porqu\u00e9 del distintivo<\/h2>\t\t\t\t<\/div>\n\t\t\t\t<\/div>\n\t\t\t\t<div class=\"elementor-element elementor-element-5982da4 elementor-widget elementor-widget-heading\" data-id=\"5982da4\" data-element_type=\"widget\" data-e-type=\"widget\" data-widget_type=\"heading.default\">\n\t\t\t\t<div class=\"elementor-widget-container\">\n\t\t\t\t\t<h3 class=\"elementor-heading-title elementor-size-default\">Motivos para la diferenciaci\u00f3n de las variedades locales en el mercado<\/h3>\t\t\t\t<\/div>\n\t\t\t\t<\/div>\n\t\t\t\t<div class=\"elementor-element elementor-element-1279715 elementor-widget elementor-widget-text-editor\" data-id=\"1279715\" data-element_type=\"widget\" data-e-type=\"widget\" data-widget_type=\"text-editor.default\">\n\t\t\t\t<div class=\"elementor-widget-container\">\n\t\t\t\t\t\t\t\t\t<p>Hoy en d\u00eda podemos encontrar algunas de las variedades locales que el campesinado siembra en el mercado sin diferenciar. Sin embargo, tambi\u00e9n podemos encontrar variedades h\u00edbridas con el nombre de variedad local. Como es el caso del tomate de ramellet. Por eso se ha realizado un proyecto piloto para el estudio de la propuesta de creaci\u00f3n de un distintivo que diferencie las variedades locales en el mercado.<\/p><p>La parte previa de nuestro proyecto piloto lo hizo nuestra compa\u00f1era y socia Maria Massanet Neubaur en su proyecto de final del M\u00e1ster Universitario en Ingenier\u00eda Agron\u00f3mica de la Universidad de las Islas Baleares, con el que colaboramos. Puede consultarlo <a href=\"https:\/\/www.varietatslocals.org\/wp-content\/uploads\/2024\/01\/Massanet_TFM_Estudi_creacio_distintiu.pdf\" target=\"_blank\" rel=\"noopener\">aqu\u00ed.<\/a><\/p><p>Con esta investigaci\u00f3n se pretend\u00eda conocer y analizar diferentes casos de marcas de calidad similares que se han llevado a cabo en Baleares y en otros territorios, estudiar la necesidad de creaci\u00f3n de un distintivo por parte del sector agrario y conocer las diferentes opciones de creaci\u00f3n de este. El estudio concluye que el sector agrario balear ve necesaria la creaci\u00f3n de una marca o distintivo de calidad para las variedades locales.<\/p><p>\u00c9sta podr\u00eda ser de tipo colectivo o de garant\u00eda, y deber\u00eda proteger la totalidad de los productos agroalimentarios, desde el material vegetal hasta los productos de segunda transformaci\u00f3n.<\/p><p>Adem\u00e1s, uno de los requisitos para ser usuario de la marca deber\u00eda ser la producci\u00f3n de la variedad local siguiendo unos criterios m\u00ednimos del cultivo tradicional de \u00e9sta.<\/p>\t\t\t\t\t\t\t\t<\/div>\n\t\t\t\t<\/div>\n\t\t\t\t<\/div>\n\t\t\t\t\t<\/div>\n\t\t\t\t<\/div>\n\t\t<div class=\"elementor-element elementor-element-467dc9c e-flex e-con-boxed e-con e-parent\" data-id=\"467dc9c\" data-element_type=\"container\" data-e-type=\"container\" data-settings=\"{&quot;background_background&quot;:&quot;classic&quot;}\">\n\t\t\t\t\t<div class=\"e-con-inner\">\n\t\t<div class=\"elementor-element elementor-element-043b32a e-con-full e-flex e-con e-child\" data-id=\"043b32a\" data-element_type=\"container\" data-e-type=\"container\">\n\t\t\t\t<div class=\"elementor-element elementor-element-c5a40b6 elementor-widget elementor-widget-heading\" data-id=\"c5a40b6\" data-element_type=\"widget\" data-e-type=\"widget\" data-widget_type=\"heading.default\">\n\t\t\t\t<div class=\"elementor-widget-container\">\n\t\t\t\t\t<p class=\"elementor-heading-title elementor-size-default\">Si quieres saber m\u00e1s informaci\u00f3n de la propuesta de distintivo: <\/p>\t\t\t\t<\/div>\n\t\t\t\t<\/div>\n\t\t\t\t<div class=\"elementor-element elementor-element-17949e0 elementor-align-center elementor-widget elementor-widget-button\" data-id=\"17949e0\" data-element_type=\"widget\" data-e-type=\"widget\" data-widget_type=\"button.default\">\n\t\t\t\t<div class=\"elementor-widget-container\">\n\t\t\t\t\t\t\t\t\t<div class=\"elementor-button-wrapper\">\n\t\t\t\t\t<a class=\"elementor-button elementor-button-link elementor-size-md\" href=\"https:\/\/distintiu.varietatslocals.org\/\">\n\t\t\t\t\t\t<span class=\"elementor-button-content-wrapper\">\n\t\t\t\t\t\t\t\t\t<span class=\"elementor-button-text\">Web distintivo<\/span>\n\t\t\t\t\t<\/span>\n\t\t\t\t\t<\/a>\n\t\t\t\t<\/div>\n\t\t\t\t\t\t\t\t<\/div>\n\t\t\t\t<\/div>\n\t\t\t\t<\/div>\n\t\t\t\t\t<\/div>\n\t\t\t\t<\/div>\n\t\t<div class=\"elementor-element elementor-element-d5681cf e-flex e-con-boxed e-con e-parent\" data-id=\"d5681cf\" data-element_type=\"container\" data-e-type=\"container\" data-settings=\"{&quot;background_background&quot;:&quot;classic&quot;}\">\n\t\t\t\t\t<div class=\"e-con-inner\">\n\t\t<div class=\"elementor-element elementor-element-3dab9ba e-con-full e-flex e-con e-child\" data-id=\"3dab9ba\" data-element_type=\"container\" data-e-type=\"container\">\n\t\t\t\t<div class=\"elementor-element elementor-element-f1dcc23 elementor-widget elementor-widget-image\" data-id=\"f1dcc23\" data-element_type=\"widget\" data-e-type=\"widget\" data-widget_type=\"image.default\">\n\t\t\t\t<div class=\"elementor-widget-container\">\n\t\t\t\t\t\t\t\t\t\t\t\t\t\t\t<img fetchpriority=\"high\" decoding=\"async\" width=\"1024\" height=\"682\" src=\"https:\/\/varietatslocals.org\/wp-content\/uploads\/2024\/01\/presentacio-distintiu-varietat-local.jpeg\" class=\"attachment-medium size-medium wp-image-730\" alt=\"\" srcset=\"https:\/\/varietatslocals.org\/wp-content\/uploads\/2024\/01\/presentacio-distintiu-varietat-local.jpeg 1024w, https:\/\/varietatslocals.org\/wp-content\/uploads\/2024\/01\/presentacio-distintiu-varietat-local-768x512.jpeg 768w, https:\/\/varietatslocals.org\/wp-content\/uploads\/2024\/01\/presentacio-distintiu-varietat-local-600x400.jpeg 600w\" sizes=\"(max-width: 1024px) 100vw, 1024px\" title=\"\">\t\t\t\t\t\t\t\t\t\t\t\t\t\t\t<\/div>\n\t\t\t\t<\/div>\n\t\t\t\t<\/div>\n\t\t<div class=\"elementor-element elementor-element-47f90f1 e-con-full e-flex e-con e-child\" data-id=\"47f90f1\" data-element_type=\"container\" data-e-type=\"container\">\n\t\t\t\t<div class=\"elementor-element elementor-element-6f51baf elementor-widget elementor-widget-text-editor\" data-id=\"6f51baf\" data-element_type=\"widget\" data-e-type=\"widget\" data-widget_type=\"text-editor.default\">\n\t\t\t\t<div class=\"elementor-widget-container\">\n\t\t\t\t\t\t\t\t\t<p><a href=\"https:\/\/plantersnicolau.es\/\" target=\"_blank\" rel=\"noopener\">Planteles y Ornamentales Nicolau<\/a>, <a href=\"https:\/\/agromart.es\/\" target=\"_blank\" rel=\"noopener\">Agromart<\/a> y <a href=\"https:\/\/www.pagesosecologics.coop\/\" target=\"_blank\" rel=\"noopener\">Agricultores Ecol\u00f3gicos de Mallorca S. Coop<\/a> junto con la Asociaci\u00f3n de Variedades Locales fuimos los impulsores, promotores y equipo cooperativo para impulsar el proyecto. Para concluir el proyecto se realiz\u00f3 una jornada. Puedes ver las im\u00e1genes\u00a0<a href=\"\/es\/repaso-de-la-jornada-de-intercambio-de-experiencias-en-el-marco-del-distintivo-variedad-local\/\" target=\"_blank\" rel=\"noopener\">aqu\u00ed<\/a>.<\/p>\t\t\t\t\t\t\t\t<\/div>\n\t\t\t\t<\/div>\n\t\t\t\t<\/div>\n\t\t\t\t\t<\/div>\n\t\t\t\t<\/div>\n\t\t<div class=\"elementor-element elementor-element-311ae8e e-flex e-con-boxed e-con e-parent\" data-id=\"311ae8e\" data-element_type=\"container\" data-e-type=\"container\" data-settings=\"{&quot;background_background&quot;:&quot;classic&quot;}\">\n\t\t\t\t\t<div class=\"e-con-inner\">\n\t\t<div class=\"elementor-element elementor-element-fbe9fb5 e-con-full e-flex e-con e-child\" data-id=\"fbe9fb5\" data-element_type=\"container\" data-e-type=\"container\">\n\t\t\t\t<div class=\"elementor-element elementor-element-13082bb elementor-widget elementor-widget-text-editor\" data-id=\"13082bb\" data-element_type=\"widget\" data-e-type=\"widget\" data-widget_type=\"text-editor.default\">\n\t\t\t\t<div class=\"elementor-widget-container\">\n\t\t\t\t\t\t\t\t\t<div class=\"vc_row wpb_row vc_row-fluid\"><div class=\"inner\"><div class=\"wpb_column vc_column_container vc_col-sm-12\"><div class=\"vc_column-inner\"><div class=\"wpb_wrapper\"><div class=\"wpb_text_column wpb_content_element p18px\"><div class=\"wpb_wrapper\"><p>Otra parte del proyecto trata de conocer otras experiencias de distintivos de variedades locales a fin de analizar su trayectoria y ver si son aplicables en nuestro caso. En el mes de abril se invit\u00f3 a la\u00a0<a href=\"https:\/\/www.prospecierara.ch\/it.html\" target=\"_blank\" rel=\"noopener\">Fundaci\u00f3n ProSpecieRara<\/a>\u00a0para que nos explicaran su distintivo y su experiencia.\u00a0<a href=\"https:\/\/youtu.be\/l7t9yhcEjNY\" target=\"_blank\" rel=\"noopener\">Aqu\u00ed<\/a>\u00a0puede ver la grabaci\u00f3n de la charla. Tambi\u00e9n hemos entrevistado a los responsables de los distintivos de:\u00a0<a href=\"https:\/\/www.saborsdeivissa.es\/\" target=\"_blank\" rel=\"noopener\">Sabores de Ibiza<\/a>, variedad tradicional; 100% raza aut\u00f3ctona y 100% variedad local.<\/p><p>En agosto de 2023 hemos visitado diferentes distintivos de Menorca. La visita ha consistido en conocer de primera mano en la marca de\u00a0<a href=\"http:\/\/www.biosferamenorca.org\/\" target=\"_blank\" rel=\"noopener\">Menorca, reserva de la biosfera;<\/a>\u00a0<a href=\"https:\/\/novaweb.gobmenorca.com\/custodia-agraria\/\" target=\"_blank\" rel=\"noopener\">Custodia Agraria<\/a>; la plataforma web\u00a0<a href=\"https:\/\/agroxerxa.menorca.es\/\" target=\"_blank\" rel=\"noopener\">Agroxerxa<\/a>. As\u00ed como visitar las fincas de Santo Domingo en Sant Lluis, Santa Cecilia en Ferreries y el restaurante \u201cEl Romero\u201d de Mah\u00f3n. Estos tres cuentan con el distintivo de Menorca, reserva de la biosfera, Custodia Agraria y est\u00e1n en la plataforma de Agroxerxa.<\/p><p>Adem\u00e1s, tambi\u00e9n se ha trabajado junto con\u00a0<a href=\"https:\/\/www.tandemsocial.coop\/\" target=\"_blank\" rel=\"noopener\">Tandem Social<\/a>, cooperativa de consultor\u00eda estrat\u00e9gica que nos ha ayudado a planificar y dise\u00f1ar la estrategia a seguir para crear el distintivo.<\/p><\/div><\/div><\/div><\/div><\/div><\/div><\/div>\t\t\t\t\t\t\t\t<\/div>\n\t\t\t\t<\/div>\n\t\t\t\t<\/div>\n\t\t\t\t\t<\/div>\n\t\t\t\t<\/div>\n\t\t<div class=\"elementor-element elementor-element-36f2ed9 e-flex e-con-boxed e-con e-parent\" data-id=\"36f2ed9\" data-element_type=\"container\" data-e-type=\"container\">\n\t\t\t\t\t<div class=\"e-con-inner\">\n\t\t<div class=\"elementor-element elementor-element-85eaba0 e-con-full e-flex e-con e-child\" data-id=\"85eaba0\" data-element_type=\"container\" data-e-type=\"container\">\n\t\t\t\t<div class=\"elementor-element elementor-element-d6cd34c elementor-widget elementor-widget-image\" data-id=\"d6cd34c\" data-element_type=\"widget\" data-e-type=\"widget\" data-widget_type=\"image.default\">\n\t\t\t\t<div class=\"elementor-widget-container\">\n\t\t\t\t\t\t\t\t\t\t\t\t\t\t\t<img decoding=\"async\" width=\"500\" height=\"500\" src=\"https:\/\/varietatslocals.org\/wp-content\/uploads\/2024\/01\/Reunions-Projecte-pilot-distintiu-varietats-locals.jpg\" class=\"attachment-large size-large wp-image-722\" alt=\"Reuniones Proyecto piloto distintivo variedades locales\" srcset=\"https:\/\/varietatslocals.org\/wp-content\/uploads\/2024\/01\/Reunions-Projecte-pilot-distintiu-varietats-locals.jpg 500w, https:\/\/varietatslocals.org\/wp-content\/uploads\/2024\/01\/Reunions-Projecte-pilot-distintiu-varietats-locals-300x300.jpg 300w, https:\/\/varietatslocals.org\/wp-content\/uploads\/2024\/01\/Reunions-Projecte-pilot-distintiu-varietats-locals-100x100.jpg 100w\" sizes=\"(max-width: 500px) 100vw, 500px\" title=\"\">\t\t\t\t\t\t\t\t\t\t\t\t\t\t\t<\/div>\n\t\t\t\t<\/div>\n\t\t\t\t<\/div>\n\t\t<div class=\"elementor-element elementor-element-365ee8c e-con-full e-flex e-con e-child\" data-id=\"365ee8c\" data-element_type=\"container\" data-e-type=\"container\">\n\t\t\t\t<div class=\"elementor-element elementor-element-4681554 elementor-widget elementor-widget-image\" data-id=\"4681554\" data-element_type=\"widget\" data-e-type=\"widget\" data-widget_type=\"image.default\">\n\t\t\t\t<div class=\"elementor-widget-container\">\n\t\t\t\t\t\t\t\t\t\t\t\t\t\t\t<img decoding=\"async\" width=\"500\" height=\"500\" src=\"https:\/\/varietatslocals.org\/wp-content\/uploads\/2024\/01\/Reunions-Projecte-pilot-distintiu-varietats-locals-1.jpg\" class=\"attachment-large size-large wp-image-723\" alt=\"\" srcset=\"https:\/\/varietatslocals.org\/wp-content\/uploads\/2024\/01\/Reunions-Projecte-pilot-distintiu-varietats-locals-1.jpg 500w, https:\/\/varietatslocals.org\/wp-content\/uploads\/2024\/01\/Reunions-Projecte-pilot-distintiu-varietats-locals-1-300x300.jpg 300w, https:\/\/varietatslocals.org\/wp-content\/uploads\/2024\/01\/Reunions-Projecte-pilot-distintiu-varietats-locals-1-100x100.jpg 100w\" sizes=\"(max-width: 500px) 100vw, 500px\" title=\"\">\t\t\t\t\t\t\t\t\t\t\t\t\t\t\t<\/div>\n\t\t\t\t<\/div>\n\t\t\t\t<\/div>\n\t\t<div class=\"elementor-element elementor-element-9e8327d e-con-full e-flex e-con e-child\" data-id=\"9e8327d\" data-element_type=\"container\" data-e-type=\"container\">\n\t\t\t\t<div class=\"elementor-element elementor-element-ae2c8ce elementor-widget elementor-widget-image\" data-id=\"ae2c8ce\" data-element_type=\"widget\" data-e-type=\"widget\" data-widget_type=\"image.default\">\n\t\t\t\t<div class=\"elementor-widget-container\">\n\t\t\t\t\t\t\t\t\t\t\t\t\t\t\t<img loading=\"lazy\" decoding=\"async\" width=\"500\" height=\"500\" src=\"https:\/\/varietatslocals.org\/wp-content\/uploads\/2024\/01\/Reunions-Projecte-pilot-distintiu-varietats-locals-2.jpg\" class=\"attachment-large size-large wp-image-724\" alt=\"\" srcset=\"https:\/\/varietatslocals.org\/wp-content\/uploads\/2024\/01\/Reunions-Projecte-pilot-distintiu-varietats-locals-2.jpg 500w, https:\/\/varietatslocals.org\/wp-content\/uploads\/2024\/01\/Reunions-Projecte-pilot-distintiu-varietats-locals-2-300x300.jpg 300w, https:\/\/varietatslocals.org\/wp-content\/uploads\/2024\/01\/Reunions-Projecte-pilot-distintiu-varietats-locals-2-100x100.jpg 100w\" sizes=\"(max-width: 500px) 100vw, 500px\" title=\"\">\t\t\t\t\t\t\t\t\t\t\t\t\t\t\t<\/div>\n\t\t\t\t<\/div>\n\t\t\t\t<\/div>\n\t\t<div class=\"elementor-element elementor-element-f1dcc18 e-con-full e-flex e-con e-child\" data-id=\"f1dcc18\" data-element_type=\"container\" data-e-type=\"container\">\n\t\t\t\t<div class=\"elementor-element elementor-element-070b70b elementor-widget elementor-widget-image\" data-id=\"070b70b\" data-element_type=\"widget\" data-e-type=\"widget\" data-widget_type=\"image.default\">\n\t\t\t\t<div class=\"elementor-widget-container\">\n\t\t\t\t\t\t\t\t\t\t\t\t\t\t\t<img loading=\"lazy\" decoding=\"async\" width=\"500\" height=\"500\" src=\"https:\/\/varietatslocals.org\/wp-content\/uploads\/2024\/01\/Reunions-Projecte-pilot-distintiu-varietats-locals-3.jpg\" class=\"attachment-large size-large wp-image-725\" alt=\"\" srcset=\"https:\/\/varietatslocals.org\/wp-content\/uploads\/2024\/01\/Reunions-Projecte-pilot-distintiu-varietats-locals-3.jpg 500w, https:\/\/varietatslocals.org\/wp-content\/uploads\/2024\/01\/Reunions-Projecte-pilot-distintiu-varietats-locals-3-300x300.jpg 300w, https:\/\/varietatslocals.org\/wp-content\/uploads\/2024\/01\/Reunions-Projecte-pilot-distintiu-varietats-locals-3-100x100.jpg 100w\" sizes=\"(max-width: 500px) 100vw, 500px\" title=\"\">\t\t\t\t\t\t\t\t\t\t\t\t\t\t\t<\/div>\n\t\t\t\t<\/div>\n\t\t\t\t<div class=\"elementor-element elementor-element-cc68def elementor-widget elementor-widget-spacer\" data-id=\"cc68def\" data-element_type=\"widget\" data-e-type=\"widget\" data-widget_type=\"spacer.default\">\n\t\t\t\t<div class=\"elementor-widget-container\">\n\t\t\t\t\t\t\t<div class=\"elementor-spacer\">\n\t\t\t<div class=\"elementor-spacer-inner\"><\/div>\n\t\t<\/div>\n\t\t\t\t\t\t<\/div>\n\t\t\t\t<\/div>\n\t\t\t\t<\/div>\n\t\t\t\t\t<\/div>\n\t\t\t\t<\/div>\n\t\t<div class=\"elementor-element elementor-element-494e2d5 e-flex e-con-boxed e-con e-parent\" data-id=\"494e2d5\" data-element_type=\"container\" data-e-type=\"container\" data-settings=\"{&quot;background_background&quot;:&quot;classic&quot;}\">\n\t\t\t\t\t<div class=\"e-con-inner\">\n\t\t<div class=\"elementor-element elementor-element-2fbb4fd e-con-full e-flex e-con e-child\" data-id=\"2fbb4fd\" data-element_type=\"container\" data-e-type=\"container\">\n\t\t\t\t<div class=\"elementor-element elementor-element-9a874ff elementor-widget__width-inherit elementor-widget elementor-widget-heading\" data-id=\"9a874ff\" data-element_type=\"widget\" data-e-type=\"widget\" data-widget_type=\"heading.default\">\n\t\t\t\t<div class=\"elementor-widget-container\">\n\t\t\t\t\t<p class=\"elementor-heading-title elementor-size-default\"><a href=\"mailto:info@varietatslocals.org\">Durante el proyecto de distintivo de Variedad Local se han dado a conocer las variedades locales de tomate de ramellet, pimiento rubio y \"col borratxona\".\n\n<br><br>Si est\u00e1s interesado\/a en recibir m\u00e1s informaci\u00f3n sobre el distintivo puedes escribirnos a info@varietatslocals.org <\/a><\/p>\t\t\t\t<\/div>\n\t\t\t\t<\/div>\n\t\t\t\t<\/div>\n\t\t\t\t\t<\/div>\n\t\t\t\t<\/div>\n\t\t<div class=\"elementor-element elementor-element-8d8f4fb e-flex e-con-boxed e-con e-parent\" data-id=\"8d8f4fb\" data-element_type=\"container\" data-e-type=\"container\">\n\t\t\t\t\t<div class=\"e-con-inner\">\n\t\t<div class=\"elementor-element elementor-element-c2ca2fb e-con-full e-flex e-con e-child\" data-id=\"c2ca2fb\" data-element_type=\"container\" data-e-type=\"container\">\n\t\t\t\t<div class=\"elementor-element elementor-element-5c4a062 elementor-widget elementor-widget-image\" data-id=\"5c4a062\" data-element_type=\"widget\" data-e-type=\"widget\" data-widget_type=\"image.default\">\n\t\t\t\t<div class=\"elementor-widget-container\">\n\t\t\t\t\t\t\t\t\t\t\t\t\t\t\t<img loading=\"lazy\" decoding=\"async\" width=\"200\" height=\"200\" src=\"https:\/\/varietatslocals.org\/wp-content\/uploads\/2024\/01\/GOIB.jpg\" class=\"attachment-large size-large wp-image-239\" alt=\"GOIB\" srcset=\"https:\/\/varietatslocals.org\/wp-content\/uploads\/2024\/01\/GOIB.jpg 200w, https:\/\/varietatslocals.org\/wp-content\/uploads\/2024\/01\/GOIB-100x100.jpg 100w\" sizes=\"(max-width: 200px) 100vw, 200px\" title=\"\">\t\t\t\t\t\t\t\t\t\t\t\t\t\t\t<\/div>\n\t\t\t\t<\/div>\n\t\t\t\t<\/div>\n\t\t<div class=\"elementor-element elementor-element-1017951 e-con-full e-flex e-con e-child\" data-id=\"1017951\" data-element_type=\"container\" data-e-type=\"container\">\n\t\t\t\t<div class=\"elementor-element elementor-element-994471a elementor-widget elementor-widget-image\" data-id=\"994471a\" data-element_type=\"widget\" data-e-type=\"widget\" data-widget_type=\"image.default\">\n\t\t\t\t<div class=\"elementor-widget-container\">\n\t\t\t\t\t\t\t\t\t\t\t\t\t\t\t<img loading=\"lazy\" decoding=\"async\" width=\"200\" height=\"200\" src=\"https:\/\/varietatslocals.org\/wp-content\/uploads\/2024\/01\/Ministerio-de-Agricultura-pesca-y-alimentacion.jpg\" class=\"attachment-large size-large wp-image-243\" alt=\"Ministerio de Agricultura, pesca y alimentaci\u00f3n\" srcset=\"https:\/\/varietatslocals.org\/wp-content\/uploads\/2024\/01\/Ministerio-de-Agricultura-pesca-y-alimentacion.jpg 200w, https:\/\/varietatslocals.org\/wp-content\/uploads\/2024\/01\/Ministerio-de-Agricultura-pesca-y-alimentacion-100x100.jpg 100w\" sizes=\"(max-width: 200px) 100vw, 200px\" title=\"\">\t\t\t\t\t\t\t\t\t\t\t\t\t\t\t<\/div>\n\t\t\t\t<\/div>\n\t\t\t\t<\/div>\n\t\t<div class=\"elementor-element elementor-element-2b29d74 e-con-full e-flex e-con e-child\" data-id=\"2b29d74\" data-element_type=\"container\" data-e-type=\"container\">\n\t\t\t\t<div class=\"elementor-element elementor-element-92de824 elementor-widget elementor-widget-image\" data-id=\"92de824\" data-element_type=\"widget\" data-e-type=\"widget\" data-widget_type=\"image.default\">\n\t\t\t\t<div class=\"elementor-widget-container\">\n\t\t\t\t\t\t\t\t\t\t\t\t\t\t\t<img loading=\"lazy\" decoding=\"async\" width=\"200\" height=\"200\" src=\"https:\/\/varietatslocals.org\/wp-content\/uploads\/2024\/01\/FEDER.jpg\" class=\"attachment-large size-large wp-image-244\" alt=\"FEDER\" srcset=\"https:\/\/varietatslocals.org\/wp-content\/uploads\/2024\/01\/FEDER.jpg 200w, https:\/\/varietatslocals.org\/wp-content\/uploads\/2024\/01\/FEDER-100x100.jpg 100w\" sizes=\"(max-width: 200px) 100vw, 200px\" title=\"\">\t\t\t\t\t\t\t\t\t\t\t\t\t\t\t<\/div>\n\t\t\t\t<\/div>\n\t\t\t\t<\/div>\n\t\t<div class=\"elementor-element elementor-element-536425d e-con-full e-flex e-con e-child\" data-id=\"536425d\" data-element_type=\"container\" data-e-type=\"container\">\n\t\t\t\t<div class=\"elementor-element elementor-element-435c850 elementor-widget elementor-widget-image\" data-id=\"435c850\" data-element_type=\"widget\" data-e-type=\"widget\" data-widget_type=\"image.default\">\n\t\t\t\t<div class=\"elementor-widget-container\">\n\t\t\t\t\t\t\t\t\t\t\t\t\t\t\t<img loading=\"lazy\" decoding=\"async\" width=\"200\" height=\"200\" src=\"https:\/\/varietatslocals.org\/wp-content\/uploads\/2024\/01\/PDR.jpg\" class=\"attachment-large size-large wp-image-245\" alt=\"PDR\" srcset=\"https:\/\/varietatslocals.org\/wp-content\/uploads\/2024\/01\/PDR.jpg 200w, https:\/\/varietatslocals.org\/wp-content\/uploads\/2024\/01\/PDR-100x100.jpg 100w\" sizes=\"(max-width: 200px) 100vw, 200px\" title=\"\">\t\t\t\t\t\t\t\t\t\t\t\t\t\t\t<\/div>\n\t\t\t\t<\/div>\n\t\t\t\t<\/div>\n\t\t\t\t\t<\/div>\n\t\t\t\t<\/div>\n\t\t<div class=\"elementor-element elementor-element-7894141 e-flex e-con-boxed e-con e-parent\" data-id=\"7894141\" data-element_type=\"container\" data-e-type=\"container\">\n\t\t\t\t\t<div class=\"e-con-inner\">\n\t\t\t\t<div class=\"elementor-element elementor-element-5f1ca8f elementor-widget-divider--view-line elementor-widget elementor-widget-divider\" data-id=\"5f1ca8f\" data-element_type=\"widget\" data-e-type=\"widget\" data-widget_type=\"divider.default\">\n\t\t\t\t<div class=\"elementor-widget-container\">\n\t\t\t\t\t\t\t<div class=\"elementor-divider\">\n\t\t\t<span class=\"elementor-divider-separator\">\n\t\t\t\t\t\t<\/span>\n\t\t<\/div>\n\t\t\t\t\t\t<\/div>\n\t\t\t\t<\/div>\n\t\t\t\t<div class=\"elementor-element elementor-element-63ad4e8 elementor-widget elementor-widget-spacer\" data-id=\"63ad4e8\" data-element_type=\"widget\" data-e-type=\"widget\" data-widget_type=\"spacer.default\">\n\t\t\t\t<div class=\"elementor-widget-container\">\n\t\t\t\t\t\t\t<div class=\"elementor-spacer\">\n\t\t\t<div class=\"elementor-spacer-inner\"><\/div>\n\t\t<\/div>\n\t\t\t\t\t\t<\/div>\n\t\t\t\t<\/div>\n\t\t\t\t\t<\/div>\n\t\t\t\t<\/div>\n\t\t\t\t<\/div>","protected":false},"excerpt":{"rendered":"<p>El distintiu de varietats locals El perqu\u00e8 del distintiu Motius per la diferenciaci\u00f3 de les varietats locals al mercat Avui en dia podem trobar algunes de les varietats locals que la pagesia sembra al mercat sense diferenciar. En canvi, tamb\u00e9 podem trobar varietats h\u00edbrides amb el nom de varietat local. Com \u00e9s el cas de [&hellip;]<\/p>\n","protected":false},"author":1,"featured_media":0,"parent":0,"menu_order":0,"comment_status":"closed","ping_status":"closed","template":"","meta":{"_joinchat":[],"footnotes":""},"class_list":["post-703","page","type-page","status-publish","hentry"],"_links":{"self":[{"href":"https:\/\/varietatslocals.org\/es\/wp-json\/wp\/v2\/pages\/703","targetHints":{"allow":["GET"]}}],"collection":[{"href":"https:\/\/varietatslocals.org\/es\/wp-json\/wp\/v2\/pages"}],"about":[{"href":"https:\/\/varietatslocals.org\/es\/wp-json\/wp\/v2\/types\/page"}],"author":[{"embeddable":true,"href":"https:\/\/varietatslocals.org\/es\/wp-json\/wp\/v2\/users\/1"}],"replies":[{"embeddable":true,"href":"https:\/\/varietatslocals.org\/es\/wp-json\/wp\/v2\/comments?post=703"}],"version-history":[{"count":0,"href":"https:\/\/varietatslocals.org\/es\/wp-json\/wp\/v2\/pages\/703\/revisions"}],"wp:attachment":[{"href":"https:\/\/varietatslocals.org\/es\/wp-json\/wp\/v2\/media?parent=703"}],"curies":[{"name":"wp","href":"https:\/\/api.w.org\/{rel}","templated":true}]}}