{"id":7428,"date":"2025-03-16T17:09:52","date_gmt":"2025-03-16T16:09:52","guid":{"rendered":"https:\/\/www.varietatslocals.org\/?page_id=7428"},"modified":"2025-03-17T09:50:22","modified_gmt":"2025-03-17T08:50:22","slug":"blog","status":"publish","type":"page","link":"https:\/\/varietatslocals.org\/es\/blog\/","title":{"rendered":"Blog"},"content":{"rendered":"<div data-elementor-type=\"wp-page\" data-elementor-id=\"7428\" class=\"elementor elementor-7428\" data-elementor-post-type=\"page\">\n\t\t\t\t<div class=\"elementor-element elementor-element-600f23d e-flex e-con-boxed e-con e-parent\" data-id=\"600f23d\" data-element_type=\"container\" data-e-type=\"container\" data-settings=\"{&quot;background_background&quot;:&quot;classic&quot;}\">\n\t\t\t\t\t<div class=\"e-con-inner\">\n\t\t\t\t<div class=\"elementor-element elementor-element-763af94 elementor-widget elementor-widget-heading\" data-id=\"763af94\" data-element_type=\"widget\" data-e-type=\"widget\" data-widget_type=\"heading.default\">\n\t\t\t\t<div class=\"elementor-widget-container\">\n\t\t\t\t\t<h1 class=\"elementor-heading-title elementor-size-default\">Blog<\/h1>\t\t\t\t<\/div>\n\t\t\t\t<\/div>\n\t\t\t\t\t<\/div>\n\t\t\t\t<\/div>\n\t\t<div class=\"elementor-element elementor-element-914247f e-flex e-con-boxed e-con e-parent\" data-id=\"914247f\" data-element_type=\"container\" data-e-type=\"container\" data-settings=\"{&quot;background_background&quot;:&quot;classic&quot;}\">\n\t\t\t\t\t<div class=\"e-con-inner\">\n\t\t<div class=\"elementor-element elementor-element-32199b7 e-con-full e-flex e-con e-child\" data-id=\"32199b7\" data-element_type=\"container\" data-e-type=\"container\">\n\t\t\t\t<div class=\"elementor-element elementor-element-9225c1b elementor-widget elementor-widget-heading\" data-id=\"9225c1b\" data-element_type=\"widget\" data-e-type=\"widget\" data-widget_type=\"heading.default\">\n\t\t\t\t<div class=\"elementor-widget-container\">\n\t\t\t\t\t<h2 class=\"elementor-heading-title elementor-size-default\">Consejos pr\u00e1cticos y t\u00e9cnicos para crear un huerto con Variedades Locales<\/h2>\t\t\t\t<\/div>\n\t\t\t\t<\/div>\n\t\t\t\t<div class=\"elementor-element elementor-element-23d615c elementor-widget elementor-widget-spacer\" data-id=\"23d615c\" data-element_type=\"widget\" data-e-type=\"widget\" data-widget_type=\"spacer.default\">\n\t\t\t\t<div class=\"elementor-widget-container\">\n\t\t\t\t\t\t\t<div class=\"elementor-spacer\">\n\t\t\t<div class=\"elementor-spacer-inner\"><\/div>\n\t\t<\/div>\n\t\t\t\t\t\t<\/div>\n\t\t\t\t<\/div>\n\t\t\t\t<div class=\"elementor-element elementor-element-738be5a elementor-widget elementor-widget-text-editor\" data-id=\"738be5a\" data-element_type=\"widget\" data-e-type=\"widget\" data-widget_type=\"text-editor.default\">\n\t\t\t\t<div class=\"elementor-widget-container\">\n\t\t\t\t\t\t\t\t\t<p>\u00bfTe gustar\u00eda aprender a hacer un huerto, ya sea por pasi\u00f3n, sostenibilidad o como proyecto profesional?<\/p><p>En el <strong>blog de Variedades Locales<\/strong> te ofrecemos art\u00edculos pr\u00e1cticos y completos para crear tu huerto, adaptados a todos los niveles de experiencia.<\/p><p>Descubre c\u00f3mo utilizar nuestras semillas de variedades locales, seleccionadas por su calidad, adaptaci\u00f3n al territorio y resistencia.<\/p><p>Aqu\u00ed encontrar\u00e1s <strong>consejos de expertos<\/strong>, <strong>calendarios de siembra<\/strong>, <strong>t\u00e9cnicas de cultivo ecol\u00f3gico<\/strong> y propuestas por <strong>optimizar tu producci\u00f3n<\/strong>, ya sea en un huerto casero o en una explotaci\u00f3n profesional.<\/p><p>Adem\u00e1s, te invitamos a visitar la nuestra <a href=\"https:\/\/varietatslocals.org\/es\/tienda-2\/\" target=\"_blank\" rel=\"noopener\">tienda online<\/a>, donde encontrar\u00e1s una amplia selecci\u00f3n de semillas locales o <a href=\"https:\/\/varietatslocals.org\/es\/semillas-ecologicas\/\" target=\"_blank\" rel=\"noopener\">semillas ecol\u00f3gicas<\/a>, ideales para un cultivo saludable y sostenible.<\/p><p>\u00a1Convierte tu proyecto en realidad y disfruta de alimentos frescos, sanos y llenos de sabor!<\/p>\t\t\t\t\t\t\t\t<\/div>\n\t\t\t\t<\/div>\n\t\t\t\t<\/div>\n\t\t\t\t\t<\/div>\n\t\t\t\t<\/div>\n\t\t<div class=\"elementor-element elementor-element-5233c8a e-flex e-con-boxed e-con e-parent\" data-id=\"5233c8a\" data-element_type=\"container\" data-e-type=\"container\" data-settings=\"{&quot;background_background&quot;:&quot;classic&quot;}\">\n\t\t\t\t\t<div class=\"e-con-inner\">\n\t\t\t\t<div class=\"elementor-element elementor-element-40acca4 elementor-grid-3 elementor-grid-tablet-2 elementor-grid-mobile-1 elementor-posts--thumbnail-top elementor-card-shadow-yes elementor-posts__hover-gradient elementor-widget elementor-widget-posts\" data-id=\"40acca4\" data-element_type=\"widget\" data-e-type=\"widget\" data-settings=\"{&quot;pagination_type&quot;:&quot;numbers&quot;,&quot;cards_columns&quot;:&quot;3&quot;,&quot;cards_columns_tablet&quot;:&quot;2&quot;,&quot;cards_columns_mobile&quot;:&quot;1&quot;,&quot;cards_row_gap&quot;:{&quot;unit&quot;:&quot;px&quot;,&quot;size&quot;:35,&quot;sizes&quot;:[]},&quot;cards_row_gap_tablet&quot;:{&quot;unit&quot;:&quot;px&quot;,&quot;size&quot;:&quot;&quot;,&quot;sizes&quot;:[]},&quot;cards_row_gap_mobile&quot;:{&quot;unit&quot;:&quot;px&quot;,&quot;size&quot;:&quot;&quot;,&quot;sizes&quot;:[]}}\" data-widget_type=\"posts.cards\">\n\t\t\t\t<div class=\"elementor-widget-container\">\n\t\t\t\t\t\t\t<div class=\"elementor-posts-container elementor-posts elementor-posts--skin-cards elementor-grid\" role=\"list\">\n\t\t\t\t<article class=\"elementor-post elementor-grid-item post-9870 post type-post status-publish format-standard has-post-thumbnail hentry category-entrades-del-blog tag-estiu tag-sembra-directa tag-varietats-locals\" role=\"listitem\">\n\t\t\t<div class=\"elementor-post__card\">\n\t\t\t\t<a class=\"elementor-post__thumbnail__link\" href=\"https:\/\/varietatslocals.org\/es\/com-fer-sembra-directa\/\" tabindex=\"-1\" target=\"_blank\"><div class=\"elementor-post__thumbnail\"><img fetchpriority=\"high\" decoding=\"async\" width=\"1243\" height=\"700\" src=\"https:\/\/varietatslocals.org\/wp-content\/uploads\/2026\/04\/Sembra-directa-2-1-e1777289837396.jpg\" class=\"attachment-medium size-medium wp-image-9937\" alt=\"\" srcset=\"https:\/\/varietatslocals.org\/wp-content\/uploads\/2026\/04\/Sembra-directa-2-1-e1777289837396.jpg 1243w, https:\/\/varietatslocals.org\/wp-content\/uploads\/2026\/04\/Sembra-directa-2-1-e1777289837396-768x433.jpg 768w, https:\/\/varietatslocals.org\/wp-content\/uploads\/2026\/04\/Sembra-directa-2-1-e1777289837396-18x10.jpg 18w, https:\/\/varietatslocals.org\/wp-content\/uploads\/2026\/04\/Sembra-directa-2-1-e1777289837396-600x338.jpg 600w\" sizes=\"(max-width: 1243px) 100vw, 1243px\" title=\"\"><\/div><\/a>\n\t\t\t\t<div class=\"elementor-post__text\">\n\t\t\t\t<h3 class=\"elementor-post__title\">\n\t\t\t<a href=\"https:\/\/varietatslocals.org\/es\/com-fer-sembra-directa\/\" target=\"&quot;_blank&quot;\">\n\t\t\t\tC\u00f3mo hacer siembra directa\t\t\t<\/a>\n\t\t<\/h3>\n\t\t\n\t\t<a class=\"elementor-post__read-more\" href=\"https:\/\/varietatslocals.org\/es\/com-fer-sembra-directa\/\" aria-label=\"M\u00e1s informaci\u00f3n sobre Com fer sembra directa\" tabindex=\"-1\" target=\"_blank\">\n\t\t\t Leer m\u00e1s \u00bb\t\t<\/a>\n\n\t\t\t\t<\/div>\n\t\t\t\t<div class=\"elementor-post__meta-data\">\n\t\t\t\t\t<span class=\"elementor-post-date\">\n\t\t\t27\/04\/2026\t\t<\/span>\n\t\t\t\t<\/div>\n\t\t\t\t\t<\/div>\n\t\t<\/article>\n\t\t\t\t<article class=\"elementor-post elementor-grid-item post-9660 post type-post status-publish format-standard has-post-thumbnail hentry category-entrades-del-blog tag-estiu tag-llavors tag-varietatslocals\" role=\"listitem\">\n\t\t\t<div class=\"elementor-post__card\">\n\t\t\t\t<a class=\"elementor-post__thumbnail__link\" href=\"https:\/\/varietatslocals.org\/es\/planter-destiu\/\" tabindex=\"-1\" target=\"_blank\"><div class=\"elementor-post__thumbnail\"><img decoding=\"async\" width=\"1920\" height=\"500\" src=\"https:\/\/varietatslocals.org\/wp-content\/uploads\/2026\/03\/ok_completa_viver-planter-gob_2.jpg\" class=\"attachment-medium size-medium wp-image-9675\" alt=\"\" srcset=\"https:\/\/varietatslocals.org\/wp-content\/uploads\/2026\/03\/ok_completa_viver-planter-gob_2.jpg 1920w, https:\/\/varietatslocals.org\/wp-content\/uploads\/2026\/03\/ok_completa_viver-planter-gob_2-768x200.jpg 768w, https:\/\/varietatslocals.org\/wp-content\/uploads\/2026\/03\/ok_completa_viver-planter-gob_2-1536x400.jpg 1536w, https:\/\/varietatslocals.org\/wp-content\/uploads\/2026\/03\/ok_completa_viver-planter-gob_2-18x5.jpg 18w, https:\/\/varietatslocals.org\/wp-content\/uploads\/2026\/03\/ok_completa_viver-planter-gob_2-1320x344.jpg 1320w, https:\/\/varietatslocals.org\/wp-content\/uploads\/2026\/03\/ok_completa_viver-planter-gob_2-600x156.jpg 600w\" sizes=\"(max-width: 1920px) 100vw, 1920px\" title=\"\"><\/div><\/a>\n\t\t\t\t<div class=\"elementor-post__text\">\n\t\t\t\t<h3 class=\"elementor-post__title\">\n\t\t\t<a href=\"https:\/\/varietatslocals.org\/es\/planter-destiu\/\" target=\"&quot;_blank&quot;\">\n\t\t\t\tPlantel de verano\t\t\t<\/a>\n\t\t<\/h3>\n\t\t\n\t\t<a class=\"elementor-post__read-more\" href=\"https:\/\/varietatslocals.org\/es\/planter-destiu\/\" aria-label=\"M\u00e1s informaci\u00f3n sobre Planter d&#8217;estiu\" tabindex=\"-1\" target=\"_blank\">\n\t\t\t Leer m\u00e1s \u00bb\t\t<\/a>\n\n\t\t\t\t<\/div>\n\t\t\t\t<div class=\"elementor-post__meta-data\">\n\t\t\t\t\t<span class=\"elementor-post-date\">\n\t\t\t12\/03\/2026\t\t<\/span>\n\t\t\t\t<\/div>\n\t\t\t\t\t<\/div>\n\t\t<\/article>\n\t\t\t\t<article class=\"elementor-post elementor-grid-item post-9565 post type-post status-publish format-standard has-post-thumbnail hentry category-entrades-del-blog\" role=\"listitem\">\n\t\t\t<div class=\"elementor-post__card\">\n\t\t\t\t<a class=\"elementor-post__thumbnail__link\" href=\"https:\/\/varietatslocals.org\/es\/quan-comencar-a-preparar-lhort-dhivern\/\" tabindex=\"-1\" target=\"_blank\"><div class=\"elementor-post__thumbnail\"><img decoding=\"async\" width=\"1600\" height=\"1200\" src=\"https:\/\/varietatslocals.org\/wp-content\/uploads\/2026\/02\/Disseny-sense-titol-1.jpg\" class=\"attachment-medium size-medium wp-image-9566\" alt=\"huerto de invierno\" srcset=\"https:\/\/varietatslocals.org\/wp-content\/uploads\/2026\/02\/Disseny-sense-titol-1.jpg 1600w, https:\/\/varietatslocals.org\/wp-content\/uploads\/2026\/02\/Disseny-sense-titol-1-768x576.jpg 768w, https:\/\/varietatslocals.org\/wp-content\/uploads\/2026\/02\/Disseny-sense-titol-1-1536x1152.jpg 1536w, https:\/\/varietatslocals.org\/wp-content\/uploads\/2026\/02\/Disseny-sense-titol-1-16x12.jpg 16w, https:\/\/varietatslocals.org\/wp-content\/uploads\/2026\/02\/Disseny-sense-titol-1-1320x990.jpg 1320w, https:\/\/varietatslocals.org\/wp-content\/uploads\/2026\/02\/Disseny-sense-titol-1-600x450.jpg 600w\" sizes=\"(max-width: 1600px) 100vw, 1600px\" title=\"\"><\/div><\/a>\n\t\t\t\t<div class=\"elementor-post__text\">\n\t\t\t\t<h3 class=\"elementor-post__title\">\n\t\t\t<a href=\"https:\/\/varietatslocals.org\/es\/quan-comencar-a-preparar-lhort-dhivern\/\" target=\"&quot;_blank&quot;\">\n\t\t\t\t\u00bfCu\u00e1ndo empezar a preparar el huerto de invierno?\t\t\t<\/a>\n\t\t<\/h3>\n\t\t\n\t\t<a class=\"elementor-post__read-more\" href=\"https:\/\/varietatslocals.org\/es\/quan-comencar-a-preparar-lhort-dhivern\/\" aria-label=\"M\u00e1s informaci\u00f3n sobre Quan comen\u00e7ar a preparar l\u2019hort d\u2019hivern?\" tabindex=\"-1\" target=\"_blank\">\n\t\t\t Leer m\u00e1s \u00bb\t\t<\/a>\n\n\t\t\t\t<\/div>\n\t\t\t\t<div class=\"elementor-post__meta-data\">\n\t\t\t\t\t<span class=\"elementor-post-date\">\n\t\t\t27\/02\/2026\t\t<\/span>\n\t\t\t\t<\/div>\n\t\t\t\t\t<\/div>\n\t\t<\/article>\n\t\t\t\t<article class=\"elementor-post elementor-grid-item post-8462 post type-post status-publish format-standard has-post-thumbnail hentry category-entrades-del-blog tag-varietatslocals\" role=\"listitem\">\n\t\t\t<div class=\"elementor-post__card\">\n\t\t\t\t<a class=\"elementor-post__thumbnail__link\" href=\"https:\/\/varietatslocals.org\/es\/retirar-els-cultius-destiu-una-feina-necessaria\/\" tabindex=\"-1\" target=\"_blank\"><div class=\"elementor-post__thumbnail\"><img loading=\"lazy\" decoding=\"async\" width=\"1600\" height=\"900\" src=\"https:\/\/varietatslocals.org\/wp-content\/uploads\/2025\/09\/Disseny-sense-titol.jpg\" class=\"attachment-medium size-medium wp-image-8464\" alt=\"Retirar los cultivos de verano\" srcset=\"https:\/\/varietatslocals.org\/wp-content\/uploads\/2025\/09\/Disseny-sense-titol.jpg 1600w, https:\/\/varietatslocals.org\/wp-content\/uploads\/2025\/09\/Disseny-sense-titol-768x432.jpg 768w, https:\/\/varietatslocals.org\/wp-content\/uploads\/2025\/09\/Disseny-sense-titol-1536x864.jpg 1536w, https:\/\/varietatslocals.org\/wp-content\/uploads\/2025\/09\/Disseny-sense-titol-18x10.jpg 18w, https:\/\/varietatslocals.org\/wp-content\/uploads\/2025\/09\/Disseny-sense-titol-1320x743.jpg 1320w, https:\/\/varietatslocals.org\/wp-content\/uploads\/2025\/09\/Disseny-sense-titol-600x338.jpg 600w\" sizes=\"(max-width: 1600px) 100vw, 1600px\" title=\"\"><\/div><\/a>\n\t\t\t\t<div class=\"elementor-post__text\">\n\t\t\t\t<h3 class=\"elementor-post__title\">\n\t\t\t<a href=\"https:\/\/varietatslocals.org\/es\/retirar-els-cultius-destiu-una-feina-necessaria\/\" target=\"&quot;_blank&quot;\">\n\t\t\t\tRetirar los cultivos de verano: un trabajo necesario\t\t\t<\/a>\n\t\t<\/h3>\n\t\t\n\t\t<a class=\"elementor-post__read-more\" href=\"https:\/\/varietatslocals.org\/es\/retirar-els-cultius-destiu-una-feina-necessaria\/\" aria-label=\"M\u00e1s informaci\u00f3n sobre Retirar els cultius d\u2019estiu: una feina necess\u00e0ria\" tabindex=\"-1\" target=\"_blank\">\n\t\t\t Leer m\u00e1s \u00bb\t\t<\/a>\n\n\t\t\t\t<\/div>\n\t\t\t\t<div class=\"elementor-post__meta-data\">\n\t\t\t\t\t<span class=\"elementor-post-date\">\n\t\t\t05\/09\/2025\t\t<\/span>\n\t\t\t\t<\/div>\n\t\t\t\t\t<\/div>\n\t\t<\/article>\n\t\t\t\t<article class=\"elementor-post elementor-grid-item post-8453 post type-post status-publish format-standard has-post-thumbnail hentry category-entrades-del-blog\" role=\"listitem\">\n\t\t\t<div class=\"elementor-post__card\">\n\t\t\t\t<a class=\"elementor-post__thumbnail__link\" href=\"https:\/\/varietatslocals.org\/es\/conservar-els-excedents-de-lhort-idees-i-tecniques-practiques\/\" tabindex=\"-1\" target=\"_blank\"><div class=\"elementor-post__thumbnail\"><img loading=\"lazy\" decoding=\"async\" width=\"1600\" height=\"900\" src=\"https:\/\/varietatslocals.org\/wp-content\/uploads\/2025\/08\/Disseny-sense-titol-3.jpg\" class=\"attachment-medium size-medium wp-image-8454\" alt=\"Conservar los excedentes del huerto: ideas y t\u00e9cnicas pr\u00e1cticas\" srcset=\"https:\/\/varietatslocals.org\/wp-content\/uploads\/2025\/08\/Disseny-sense-titol-3.jpg 1600w, https:\/\/varietatslocals.org\/wp-content\/uploads\/2025\/08\/Disseny-sense-titol-3-768x432.jpg 768w, https:\/\/varietatslocals.org\/wp-content\/uploads\/2025\/08\/Disseny-sense-titol-3-1536x864.jpg 1536w, https:\/\/varietatslocals.org\/wp-content\/uploads\/2025\/08\/Disseny-sense-titol-3-18x10.jpg 18w, https:\/\/varietatslocals.org\/wp-content\/uploads\/2025\/08\/Disseny-sense-titol-3-1320x743.jpg 1320w, https:\/\/varietatslocals.org\/wp-content\/uploads\/2025\/08\/Disseny-sense-titol-3-600x338.jpg 600w\" sizes=\"(max-width: 1600px) 100vw, 1600px\" title=\"\"><\/div><\/a>\n\t\t\t\t<div class=\"elementor-post__text\">\n\t\t\t\t<h3 class=\"elementor-post__title\">\n\t\t\t<a href=\"https:\/\/varietatslocals.org\/es\/conservar-els-excedents-de-lhort-idees-i-tecniques-practiques\/\" target=\"&quot;_blank&quot;\">\n\t\t\t\tConservar los excedentes del huerto: ideas y t\u00e9cnicas pr\u00e1cticas\t\t\t<\/a>\n\t\t<\/h3>\n\t\t\n\t\t<a class=\"elementor-post__read-more\" href=\"https:\/\/varietatslocals.org\/es\/conservar-els-excedents-de-lhort-idees-i-tecniques-practiques\/\" aria-label=\"M\u00e1s informaci\u00f3n sobre Conservar els excedents de l\u2019hort: idees i t\u00e8cniques pr\u00e0ctiques\" tabindex=\"-1\" target=\"_blank\">\n\t\t\t Leer m\u00e1s \u00bb\t\t<\/a>\n\n\t\t\t\t<\/div>\n\t\t\t\t<div class=\"elementor-post__meta-data\">\n\t\t\t\t\t<span class=\"elementor-post-date\">\n\t\t\t29\/08\/2025\t\t<\/span>\n\t\t\t\t<\/div>\n\t\t\t\t\t<\/div>\n\t\t<\/article>\n\t\t\t\t<article class=\"elementor-post elementor-grid-item post-8089 post type-post status-publish format-standard has-post-thumbnail hentry category-entrades-del-blog tag-varietatslocals\" role=\"listitem\">\n\t\t\t<div class=\"elementor-post__card\">\n\t\t\t\t<a class=\"elementor-post__thumbnail__link\" href=\"https:\/\/varietatslocals.org\/es\/com-identificar-i-protegir-els-insectes-utils-de-lhort\/\" tabindex=\"-1\" target=\"_blank\"><div class=\"elementor-post__thumbnail\"><img loading=\"lazy\" decoding=\"async\" width=\"1600\" height=\"1200\" src=\"https:\/\/varietatslocals.org\/wp-content\/uploads\/2025\/06\/Disseny-sense-titol-5.jpg\" class=\"attachment-medium size-medium wp-image-8096\" alt=\"Insectos \u00fatiles del huerto\" srcset=\"https:\/\/varietatslocals.org\/wp-content\/uploads\/2025\/06\/Disseny-sense-titol-5.jpg 1600w, https:\/\/varietatslocals.org\/wp-content\/uploads\/2025\/06\/Disseny-sense-titol-5-768x576.jpg 768w, https:\/\/varietatslocals.org\/wp-content\/uploads\/2025\/06\/Disseny-sense-titol-5-1536x1152.jpg 1536w, https:\/\/varietatslocals.org\/wp-content\/uploads\/2025\/06\/Disseny-sense-titol-5-16x12.jpg 16w, https:\/\/varietatslocals.org\/wp-content\/uploads\/2025\/06\/Disseny-sense-titol-5-1320x990.jpg 1320w, https:\/\/varietatslocals.org\/wp-content\/uploads\/2025\/06\/Disseny-sense-titol-5-600x450.jpg 600w\" sizes=\"(max-width: 1600px) 100vw, 1600px\" title=\"\"><\/div><\/a>\n\t\t\t\t<div class=\"elementor-post__text\">\n\t\t\t\t<h3 class=\"elementor-post__title\">\n\t\t\t<a href=\"https:\/\/varietatslocals.org\/es\/com-identificar-i-protegir-els-insectes-utils-de-lhort\/\" target=\"&quot;_blank&quot;\">\n\t\t\t\tC\u00f3mo identificar y proteger los insectos \u00fatiles del huerto\t\t\t<\/a>\n\t\t<\/h3>\n\t\t\n\t\t<a class=\"elementor-post__read-more\" href=\"https:\/\/varietatslocals.org\/es\/com-identificar-i-protegir-els-insectes-utils-de-lhort\/\" aria-label=\"M\u00e1s informaci\u00f3n sobre Com identificar i protegir els insectes \u00fatils de l\u2019hort\" tabindex=\"-1\" target=\"_blank\">\n\t\t\t Leer m\u00e1s \u00bb\t\t<\/a>\n\n\t\t\t\t<\/div>\n\t\t\t\t<div class=\"elementor-post__meta-data\">\n\t\t\t\t\t<span class=\"elementor-post-date\">\n\t\t\t11\/06\/2025\t\t<\/span>\n\t\t\t\t<\/div>\n\t\t\t\t\t<\/div>\n\t\t<\/article>\n\t\t\t\t<article class=\"elementor-post elementor-grid-item post-7948 post type-post status-publish format-standard has-post-thumbnail hentry category-entrades-del-blog\" role=\"listitem\">\n\t\t\t<div class=\"elementor-post__card\">\n\t\t\t\t<a class=\"elementor-post__thumbnail__link\" href=\"https:\/\/varietatslocals.org\/es\/beneficis-dincorporar-flors-i-plantes-aromatiques-a-lhort-destiu\/\" tabindex=\"-1\" target=\"_blank\"><div class=\"elementor-post__thumbnail\"><img loading=\"lazy\" decoding=\"async\" width=\"1600\" height=\"1200\" src=\"https:\/\/varietatslocals.org\/wp-content\/uploads\/2025\/06\/Disseny-sense-titol-1.jpg\" class=\"attachment-medium size-medium wp-image-7949\" alt=\"Beneficios de incorporar flores y plantas arom\u00e1ticas en el huerto de verano\" srcset=\"https:\/\/varietatslocals.org\/wp-content\/uploads\/2025\/06\/Disseny-sense-titol-1.jpg 1600w, https:\/\/varietatslocals.org\/wp-content\/uploads\/2025\/06\/Disseny-sense-titol-1-768x576.jpg 768w, https:\/\/varietatslocals.org\/wp-content\/uploads\/2025\/06\/Disseny-sense-titol-1-1536x1152.jpg 1536w, https:\/\/varietatslocals.org\/wp-content\/uploads\/2025\/06\/Disseny-sense-titol-1-16x12.jpg 16w, https:\/\/varietatslocals.org\/wp-content\/uploads\/2025\/06\/Disseny-sense-titol-1-1320x990.jpg 1320w, https:\/\/varietatslocals.org\/wp-content\/uploads\/2025\/06\/Disseny-sense-titol-1-600x450.jpg 600w\" sizes=\"(max-width: 1600px) 100vw, 1600px\" title=\"\"><\/div><\/a>\n\t\t\t\t<div class=\"elementor-post__text\">\n\t\t\t\t<h3 class=\"elementor-post__title\">\n\t\t\t<a href=\"https:\/\/varietatslocals.org\/es\/beneficis-dincorporar-flors-i-plantes-aromatiques-a-lhort-destiu\/\" target=\"&quot;_blank&quot;\">\n\t\t\t\tBeneficios de incorporar flores y plantas arom\u00e1ticas en el huerto de verano\t\t\t<\/a>\n\t\t<\/h3>\n\t\t\n\t\t<a class=\"elementor-post__read-more\" href=\"https:\/\/varietatslocals.org\/es\/beneficis-dincorporar-flors-i-plantes-aromatiques-a-lhort-destiu\/\" aria-label=\"M\u00e1s informaci\u00f3n sobre Beneficis d\u2019incorporar flors i plantes arom\u00e0tiques a l\u2019hort d\u2019estiu\" tabindex=\"-1\" target=\"_blank\">\n\t\t\t Leer m\u00e1s \u00bb\t\t<\/a>\n\n\t\t\t\t<\/div>\n\t\t\t\t<div class=\"elementor-post__meta-data\">\n\t\t\t\t\t<span class=\"elementor-post-date\">\n\t\t\t04\/06\/2025\t\t<\/span>\n\t\t\t\t<\/div>\n\t\t\t\t\t<\/div>\n\t\t<\/article>\n\t\t\t\t<article class=\"elementor-post elementor-grid-item post-7923 post type-post status-publish format-standard has-post-thumbnail hentry category-entrades-del-blog tag-varietatslocals\" role=\"listitem\">\n\t\t\t<div class=\"elementor-post__card\">\n\t\t\t\t<a class=\"elementor-post__thumbnail__link\" href=\"https:\/\/varietatslocals.org\/es\/horts-a-petita-escala\/\" tabindex=\"-1\" target=\"_blank\"><div class=\"elementor-post__thumbnail\"><img loading=\"lazy\" decoding=\"async\" width=\"1600\" height=\"1200\" src=\"https:\/\/varietatslocals.org\/wp-content\/uploads\/2025\/05\/Disseny-sense-titol-1-1.jpg\" class=\"attachment-medium size-medium wp-image-7924\" alt=\"Huertos a peque\u00f1a escala\" srcset=\"https:\/\/varietatslocals.org\/wp-content\/uploads\/2025\/05\/Disseny-sense-titol-1-1.jpg 1600w, https:\/\/varietatslocals.org\/wp-content\/uploads\/2025\/05\/Disseny-sense-titol-1-1-768x576.jpg 768w, https:\/\/varietatslocals.org\/wp-content\/uploads\/2025\/05\/Disseny-sense-titol-1-1-1536x1152.jpg 1536w, https:\/\/varietatslocals.org\/wp-content\/uploads\/2025\/05\/Disseny-sense-titol-1-1-16x12.jpg 16w, https:\/\/varietatslocals.org\/wp-content\/uploads\/2025\/05\/Disseny-sense-titol-1-1-1320x990.jpg 1320w, https:\/\/varietatslocals.org\/wp-content\/uploads\/2025\/05\/Disseny-sense-titol-1-1-600x450.jpg 600w\" sizes=\"(max-width: 1600px) 100vw, 1600px\" title=\"\"><\/div><\/a>\n\t\t\t\t<div class=\"elementor-post__text\">\n\t\t\t\t<h3 class=\"elementor-post__title\">\n\t\t\t<a href=\"https:\/\/varietatslocals.org\/es\/horts-a-petita-escala\/\" target=\"&quot;_blank&quot;\">\n\t\t\t\tHuertos a peque\u00f1a escala\t\t\t<\/a>\n\t\t<\/h3>\n\t\t\n\t\t<a class=\"elementor-post__read-more\" href=\"https:\/\/varietatslocals.org\/es\/horts-a-petita-escala\/\" aria-label=\"M\u00e1s informaci\u00f3n sobre Horts a petita escala\" tabindex=\"-1\" target=\"_blank\">\n\t\t\t Leer m\u00e1s \u00bb\t\t<\/a>\n\n\t\t\t\t<\/div>\n\t\t\t\t<div class=\"elementor-post__meta-data\">\n\t\t\t\t\t<span class=\"elementor-post-date\">\n\t\t\t28\/05\/2025\t\t<\/span>\n\t\t\t\t<\/div>\n\t\t\t\t\t<\/div>\n\t\t<\/article>\n\t\t\t\t<article class=\"elementor-post elementor-grid-item post-7807 post type-post status-publish format-standard has-post-thumbnail hentry category-entrades-del-blog tag-varietatslocals\" role=\"listitem\">\n\t\t\t<div class=\"elementor-post__card\">\n\t\t\t\t<a class=\"elementor-post__thumbnail__link\" href=\"https:\/\/varietatslocals.org\/es\/necessitats-de-fertilitzacio-durant-el-cultiu\/\" tabindex=\"-1\" target=\"_blank\"><div class=\"elementor-post__thumbnail\"><img loading=\"lazy\" decoding=\"async\" width=\"1600\" height=\"1200\" src=\"https:\/\/varietatslocals.org\/wp-content\/uploads\/2025\/05\/Disseny-sense-titol-2.jpg\" class=\"attachment-medium size-medium wp-image-7808\" alt=\"Necesidades de fertilizaci\u00f3n durante el cultivo\" srcset=\"https:\/\/varietatslocals.org\/wp-content\/uploads\/2025\/05\/Disseny-sense-titol-2.jpg 1600w, https:\/\/varietatslocals.org\/wp-content\/uploads\/2025\/05\/Disseny-sense-titol-2-768x576.jpg 768w, https:\/\/varietatslocals.org\/wp-content\/uploads\/2025\/05\/Disseny-sense-titol-2-1536x1152.jpg 1536w, https:\/\/varietatslocals.org\/wp-content\/uploads\/2025\/05\/Disseny-sense-titol-2-16x12.jpg 16w, https:\/\/varietatslocals.org\/wp-content\/uploads\/2025\/05\/Disseny-sense-titol-2-1320x990.jpg 1320w, https:\/\/varietatslocals.org\/wp-content\/uploads\/2025\/05\/Disseny-sense-titol-2-600x450.jpg 600w\" sizes=\"(max-width: 1600px) 100vw, 1600px\" title=\"\"><\/div><\/a>\n\t\t\t\t<div class=\"elementor-post__text\">\n\t\t\t\t<h3 class=\"elementor-post__title\">\n\t\t\t<a href=\"https:\/\/varietatslocals.org\/es\/necessitats-de-fertilitzacio-durant-el-cultiu\/\" target=\"&quot;_blank&quot;\">\n\t\t\t\tNecesidades de fertilizaci\u00f3n durante el cultivo\t\t\t<\/a>\n\t\t<\/h3>\n\t\t\n\t\t<a class=\"elementor-post__read-more\" href=\"https:\/\/varietatslocals.org\/es\/necessitats-de-fertilitzacio-durant-el-cultiu\/\" aria-label=\"M\u00e1s informaci\u00f3n sobre Necessitats de fertilitzaci\u00f3 durant el cultiu\" tabindex=\"-1\" target=\"_blank\">\n\t\t\t Leer m\u00e1s \u00bb\t\t<\/a>\n\n\t\t\t\t<\/div>\n\t\t\t\t<div class=\"elementor-post__meta-data\">\n\t\t\t\t\t<span class=\"elementor-post-date\">\n\t\t\t21\/05\/2025\t\t<\/span>\n\t\t\t\t<\/div>\n\t\t\t\t\t<\/div>\n\t\t<\/article>\n\t\t\t\t<\/div>\n\t\t\n\t\t\t\t<div class=\"e-load-more-anchor\" data-page=\"1\" data-max-page=\"2\" data-next-page=\"https:\/\/varietatslocals.org\/es\/wp-json\/wp\/v2\/pages\/7428\/page\/2\/\"><\/div>\n\t\t\t\t<nav class=\"elementor-pagination\" aria-label=\"Paginaci\u00f3n\">\n\t\t\t<span aria-current=\"page\" class=\"page-numbers current\"><span class=\"elementor-screen-only\">P\u00e1gina<\/span>1<\/span>\n<a class=\"page-numbers\" href=\"https:\/\/varietatslocals.org\/es\/wp-json\/wp\/v2\/pages\/7428\/page\/2\/\"><span class=\"elementor-screen-only\">P\u00e1gina<\/span>2<\/a>\t\t<\/nav>\n\t\t\t\t\t\t<\/div>\n\t\t\t\t<\/div>\n\t\t\t\t\t<\/div>\n\t\t\t\t<\/div>\n\t\t\t\t<\/div>","protected":false},"excerpt":{"rendered":"<p>Consells pr\u00e0ctics i t\u00e8cnics per crear un hort amb Varietats Locals T\u2019agradaria aprendre a fer un hort, ja sigui per passi\u00f3, per sostenibilitat o com<\/p>","protected":false},"author":1,"featured_media":0,"parent":0,"menu_order":0,"comment_status":"closed","ping_status":"closed","template":"","meta":{"_joinchat":[],"footnotes":""},"class_list":["post-7428","page","type-page","status-publish","hentry"],"_links":{"self":[{"href":"https:\/\/varietatslocals.org\/es\/wp-json\/wp\/v2\/pages\/7428","targetHints":{"allow":["GET"]}}],"collection":[{"href":"https:\/\/varietatslocals.org\/es\/wp-json\/wp\/v2\/pages"}],"about":[{"href":"https:\/\/varietatslocals.org\/es\/wp-json\/wp\/v2\/types\/page"}],"author":[{"embeddable":true,"href":"https:\/\/varietatslocals.org\/es\/wp-json\/wp\/v2\/users\/1"}],"replies":[{"embeddable":true,"href":"https:\/\/varietatslocals.org\/es\/wp-json\/wp\/v2\/comments?post=7428"}],"version-history":[{"count":0,"href":"https:\/\/varietatslocals.org\/es\/wp-json\/wp\/v2\/pages\/7428\/revisions"}],"wp:attachment":[{"href":"https:\/\/varietatslocals.org\/es\/wp-json\/wp\/v2\/media?parent=7428"}],"curies":[{"name":"wp","href":"https:\/\/api.w.org\/{rel}","templated":true}]}}