{"id":8283,"date":"2025-07-26T12:59:03","date_gmt":"2025-07-26T10:59:03","guid":{"rendered":"https:\/\/varietatslocals.org\/?page_id=8283"},"modified":"2025-11-02T17:39:30","modified_gmt":"2025-11-02T16:39:30","slug":"recetas-de-temporada-de-invierno-con-variedades-locales-de-mallorca","status":"publish","type":"page","link":"https:\/\/varietatslocals.org\/es\/receptes-de-temporda-dhivern-amb-varietats-locals-de-mallorca\/","title":{"rendered":"Receptes de temporda d\u2019hivern amb varietats locals de Mallorca"},"content":{"rendered":"<div data-elementor-type=\"wp-page\" data-elementor-id=\"8283\" class=\"elementor elementor-8283\" data-elementor-post-type=\"page\">\n\t\t\t\t<div class=\"elementor-element elementor-element-85dd302 e-flex e-con-boxed e-con e-parent\" data-id=\"85dd302\" data-element_type=\"container\" data-e-type=\"container\" data-settings=\"{&quot;background_background&quot;:&quot;classic&quot;}\">\n\t\t\t\t\t<div class=\"e-con-inner\">\n\t\t\t\t<div class=\"elementor-element elementor-element-8dc049a elementor-widget elementor-widget-heading\" data-id=\"8dc049a\" data-element_type=\"widget\" data-e-type=\"widget\" data-widget_type=\"heading.default\">\n\t\t\t\t<div class=\"elementor-widget-container\">\n\t\t\t\t\t<h1 class=\"elementor-heading-title elementor-size-default\">Recetas de invierno mallorquinas con productos de temporada y variedades locales<\/h1>\t\t\t\t<\/div>\n\t\t\t\t<\/div>\n\t\t\t\t\t<\/div>\n\t\t\t\t<\/div>\n\t\t<div class=\"elementor-element elementor-element-fa70c2d e-flex e-con-boxed e-con e-parent\" data-id=\"fa70c2d\" data-element_type=\"container\" data-e-type=\"container\" data-settings=\"{&quot;background_background&quot;:&quot;classic&quot;}\">\n\t\t\t\t\t<div class=\"e-con-inner\">\n\t\t<div class=\"elementor-element elementor-element-972dd9e e-con-full e-flex e-con e-child\" data-id=\"972dd9e\" data-element_type=\"container\" data-e-type=\"container\">\n\t\t\t\t<div class=\"elementor-element elementor-element-3b0efcd elementor-widget elementor-widget-text-editor\" data-id=\"3b0efcd\" data-element_type=\"widget\" data-e-type=\"widget\" data-widget_type=\"text-editor.default\">\n\t\t\t\t<div class=\"elementor-widget-container\">\n\t\t\t\t\t\t\t\t\t<p>En invierno, la cocina mallorquina se llena de aromas de caldo, guisos y platos que reconfortan. Pero lo que hace realmente especial esta cocina es el origen de sus ingredientes: las semillas locales, cultivadas con paciencia y respeto por los ciclos de la tierra.<\/p><p>En Variedades Locales creemos que cocinar con productos de temporada es una forma de cuidar el territorio, recuperar saberes campesinos y conectar con la biodiversidad que nos alimenta. Por eso, hemos seleccionado recetas tradicionales para el invierno elaboradas con variedades locales de la isla, y te indicamos tambi\u00e9n cu\u00e1ndo puedes sembrarlas si quieres cultivarlas t\u00fa mismo en el<a href=\"\/es\/huerto-a-casa-guia-completa-con-variedades-locales\/\" target=\"_blank\" rel=\"noopener\">huerto de casa<\/a>.<\/p><p>La cocina invernal mallorquina se caracteriza por platos contundentes, arom\u00e1ticos y nutritivos que aprovechan al m\u00e1ximo los productos que la tierra ofrece durante esta \u00e9poca del a\u00f1o. Desde las sopas reconfortantes hasta los guisos m\u00e1s elaborados, cada receta de temporada de invierno tiene su propia historia y su sitio especial dentro de la gastronom\u00eda mallorquina.<\/p><p>Aqu\u00ed encontrar\u00e1s recetas tradicionales y llenas de sabor. Y si despu\u00e9s de cocinarlas quieres ir un paso m\u00e1s all\u00e1, te ayudaremos a empezar tu huerto con semillas locales.<\/p>\t\t\t\t\t\t\t\t<\/div>\n\t\t\t\t<\/div>\n\t\t\t\t<div class=\"elementor-element elementor-element-ea62e46 elementor-widget elementor-widget-heading\" data-id=\"ea62e46\" data-element_type=\"widget\" data-e-type=\"widget\" data-widget_type=\"heading.default\">\n\t\t\t\t<div class=\"elementor-widget-container\">\n\t\t\t\t\t<h2 class=\"elementor-heading-title elementor-size-default\">Beneficios de cocinar con productos de temporada y locales<\/h2>\t\t\t\t<\/div>\n\t\t\t\t<\/div>\n\t\t\t\t<div class=\"elementor-element elementor-element-b78eab9 elementor-widget elementor-widget-text-editor\" data-id=\"b78eab9\" data-element_type=\"widget\" data-e-type=\"widget\" data-widget_type=\"text-editor.default\">\n\t\t\t\t<div class=\"elementor-widget-container\">\n\t\t\t\t\t\t\t\t\t<p>Las <b>recetas de temporada de invierno<\/b> elaboradas con variedades locales ofrecen muchas ventajas nutricionales para esta estaci\u00f3n del a\u00f1o. Durante el invierno, nuestro cuerpo necesita m\u00e1s energ\u00eda para mantener la temperatura corporal y los ingredientes de temporada est\u00e1n adaptados para proporcionarnos exactamente lo que necesitamos.<\/p><p>Las verduras de invierno como el repollo borrachono, la zanahoria morada o las espinacas son ricas en vitaminas A, C y K, minerales esenciales y antioxidantes que refuerzan nuestro sistema inmunitario durante los meses m\u00e1s fr\u00edos. Cuando incorporamos estos ingredientes a nuestros platos durante el invierno, estamos garantizando un aporte nutricional \u00f3ptimo a nuestro cuerpo.<\/p>\t\t\t\t\t\t\t\t<\/div>\n\t\t\t\t<\/div>\n\t\t\t\t<div class=\"elementor-element elementor-element-684d976 elementor-widget-divider--view-line elementor-widget elementor-widget-divider\" data-id=\"684d976\" data-element_type=\"widget\" data-e-type=\"widget\" data-widget_type=\"divider.default\">\n\t\t\t\t<div class=\"elementor-widget-container\">\n\t\t\t\t\t\t\t<div class=\"elementor-divider\">\n\t\t\t<span class=\"elementor-divider-separator\">\n\t\t\t\t\t\t<\/span>\n\t\t<\/div>\n\t\t\t\t\t\t<\/div>\n\t\t\t\t<\/div>\n\t\t\t\t<div class=\"elementor-element elementor-element-a763bcb elementor-widget elementor-widget-heading\" data-id=\"a763bcb\" data-element_type=\"widget\" data-e-type=\"widget\" data-widget_type=\"heading.default\">\n\t\t\t\t<div class=\"elementor-widget-container\">\n\t\t\t\t\t<h2 class=\"elementor-heading-title elementor-size-default\">Recetas mallorquinas de invierno con variedades locales<\/h2>\t\t\t\t<\/div>\n\t\t\t\t<\/div>\n\t\t<div class=\"elementor-element elementor-element-b87beb5 e-con-full e-flex e-con e-child\" data-id=\"b87beb5\" data-element_type=\"container\" data-e-type=\"container\">\n\t\t\t\t<div class=\"elementor-element elementor-element-15f745c elementor-widget elementor-widget-image\" data-id=\"15f745c\" data-element_type=\"widget\" data-e-type=\"widget\" data-widget_type=\"image.default\">\n\t\t\t\t<div class=\"elementor-widget-container\">\n\t\t\t\t\t\t\t\t\t\t\t\t\t\t\t\t<a href=\"https:\/\/varietatslocals.org\/es\/receta-de-agosto-sopas-secas-de-repollo-borrachona\/\" target=\"_blank\">\n\t\t\t\t\t\t\t<img fetchpriority=\"high\" decoding=\"async\" width=\"600\" height=\"600\" src=\"https:\/\/varietatslocals.org\/wp-content\/uploads\/2025\/05\/Sopes-seques-de-col-borratxona-600-x-600-px.jpg\" class=\"attachment-large size-large wp-image-7812\" alt=\"Sopas secas de col borrachona\" srcset=\"https:\/\/varietatslocals.org\/wp-content\/uploads\/2025\/05\/Sopes-seques-de-col-borratxona-600-x-600-px.jpg 600w, https:\/\/varietatslocals.org\/wp-content\/uploads\/2025\/05\/Sopes-seques-de-col-borratxona-600-x-600-px-12x12.jpg 12w, https:\/\/varietatslocals.org\/wp-content\/uploads\/2025\/05\/Sopes-seques-de-col-borratxona-600-x-600-px-300x300.jpg 300w, https:\/\/varietatslocals.org\/wp-content\/uploads\/2025\/05\/Sopes-seques-de-col-borratxona-600-x-600-px-100x100.jpg 100w\" sizes=\"(max-width: 600px) 100vw, 600px\" title=\"\">\t\t\t\t\t\t\t\t<\/a>\n\t\t\t\t\t\t\t\t\t\t\t\t\t\t\t<\/div>\n\t\t\t\t<\/div>\n\t\t<div class=\"elementor-element elementor-element-0d44e1b e-con-full e-flex e-con e-child\" data-id=\"0d44e1b\" data-element_type=\"container\" data-e-type=\"container\">\n\t\t\t\t<div class=\"elementor-element elementor-element-759156b elementor-widget elementor-widget-heading\" data-id=\"759156b\" data-element_type=\"widget\" data-e-type=\"widget\" data-widget_type=\"heading.default\">\n\t\t\t\t<div class=\"elementor-widget-container\">\n\t\t\t\t\t<h3 class=\"elementor-heading-title elementor-size-default\">Sopas secas de col borrachona<\/h3>\t\t\t\t<\/div>\n\t\t\t\t<\/div>\n\t\t\t\t<div class=\"elementor-element elementor-element-67ca0ed elementor-widget elementor-widget-text-editor\" data-id=\"67ca0ed\" data-element_type=\"widget\" data-e-type=\"widget\" data-widget_type=\"text-editor.default\">\n\t\t\t\t<div class=\"elementor-widget-container\">\n\t\t\t\t\t\t\t\t\t<p>Las sopas secas son un plato tradicional que aprovecha el pan duro con verduras de temporada.<\/p><p>La <a href=\"https:\/\/varietatslocals.org\/es\/producto\/col-borrachona\/\" target=\"_blank\" rel=\"noopener\">col borrachona<\/a> es una variedad local de col que resiste bien el calor del verano mallorqu\u00edn.<\/p><p><strong>Ingredientes principales<\/strong><\/p><ul><li>Col borrachona.<\/li><li>Carne magra.<\/li><li>Tomate de ramillete.<\/li><\/ul>\t\t\t\t\t\t\t\t<\/div>\n\t\t\t\t<\/div>\n\t\t\t\t<div class=\"elementor-element elementor-element-5242019 elementor-mobile-align-left elementor-widget elementor-widget-button\" data-id=\"5242019\" data-element_type=\"widget\" data-e-type=\"widget\" data-widget_type=\"button.default\">\n\t\t\t\t<div class=\"elementor-widget-container\">\n\t\t\t\t\t\t\t\t\t<div class=\"elementor-button-wrapper\">\n\t\t\t\t\t<a class=\"elementor-button elementor-button-link elementor-size-sm\" href=\"https:\/\/varietatslocals.org\/es\/receta-de-agosto-sopas-secas-de-repollo-borrachona\/\" target=\"_blank\">\n\t\t\t\t\t\t<span class=\"elementor-button-content-wrapper\">\n\t\t\t\t\t\t\t\t\t<span class=\"elementor-button-text\">Ver la receta<\/span>\n\t\t\t\t\t<\/span>\n\t\t\t\t\t<\/a>\n\t\t\t\t<\/div>\n\t\t\t\t\t\t\t\t<\/div>\n\t\t\t\t<\/div>\n\t\t\t\t<\/div>\n\t\t\t\t<\/div>\n\t\t<div class=\"elementor-element elementor-element-8f65ae7 e-con-full e-flex e-con e-child\" data-id=\"8f65ae7\" data-element_type=\"container\" data-e-type=\"container\">\n\t\t\t\t<div class=\"elementor-element elementor-element-38cc640 elementor-widget elementor-widget-image\" data-id=\"38cc640\" data-element_type=\"widget\" data-e-type=\"widget\" data-widget_type=\"image.default\">\n\t\t\t\t<div class=\"elementor-widget-container\">\n\t\t\t\t\t\t\t\t\t\t\t\t\t\t\t\t<a href=\"https:\/\/varietatslocals.org\/es\/receta-de-septiembre-zanahorias-frito-de-zanahoria-morada\/\" target=\"_blank\">\n\t\t\t\t\t\t\t<img decoding=\"async\" width=\"600\" height=\"600\" src=\"https:\/\/varietatslocals.org\/wp-content\/uploads\/2025\/05\/Pastanagues-o-frit-de-pastanaga-morada-600-x-600-px.jpg\" class=\"attachment-large size-large wp-image-7813\" alt=\"Zanahorias o frito de zanahoria morada\" srcset=\"https:\/\/varietatslocals.org\/wp-content\/uploads\/2025\/05\/Pastanagues-o-frit-de-pastanaga-morada-600-x-600-px.jpg 600w, https:\/\/varietatslocals.org\/wp-content\/uploads\/2025\/05\/Pastanagues-o-frit-de-pastanaga-morada-600-x-600-px-12x12.jpg 12w, https:\/\/varietatslocals.org\/wp-content\/uploads\/2025\/05\/Pastanagues-o-frit-de-pastanaga-morada-600-x-600-px-300x300.jpg 300w, https:\/\/varietatslocals.org\/wp-content\/uploads\/2025\/05\/Pastanagues-o-frit-de-pastanaga-morada-600-x-600-px-100x100.jpg 100w\" sizes=\"(max-width: 600px) 100vw, 600px\" title=\"\">\t\t\t\t\t\t\t\t<\/a>\n\t\t\t\t\t\t\t\t\t\t\t\t\t\t\t<\/div>\n\t\t\t\t<\/div>\n\t\t<div class=\"elementor-element elementor-element-e3c05ea e-con-full e-flex e-con e-child\" data-id=\"e3c05ea\" data-element_type=\"container\" data-e-type=\"container\">\n\t\t\t\t<div class=\"elementor-element elementor-element-0e106ba elementor-widget elementor-widget-heading\" data-id=\"0e106ba\" data-element_type=\"widget\" data-e-type=\"widget\" data-widget_type=\"heading.default\">\n\t\t\t\t<div class=\"elementor-widget-container\">\n\t\t\t\t\t<h3 class=\"elementor-heading-title elementor-size-default\">Zanahorias o frito de zanahoria morada<\/h3>\t\t\t\t<\/div>\n\t\t\t\t<\/div>\n\t\t\t\t<div class=\"elementor-element elementor-element-51c7077 elementor-widget elementor-widget-text-editor\" data-id=\"51c7077\" data-element_type=\"widget\" data-e-type=\"widget\" data-widget_type=\"text-editor.default\">\n\t\t\t\t<div class=\"elementor-widget-container\">\n\t\t\t\t\t\t\t\t\t<p>La <a href=\"https:\/\/varietatslocals.org\/es\/producto\/zanahoria-morada\/\" target=\"_blank\" rel=\"noopener\">zanahoria morada<\/a> es una variedad local con un color p\u00farpura intenso y un sabor dulce caracter\u00edstico.<\/p><p>Septiembre es cuando se siembra la semilla, se consume de diciembre a marzo aproximadamente.<\/p><p><strong>Ingredientes principales<\/strong><\/p><ul><li>Zanahoria morada.<\/li><li>Pimiento rojo.<\/li><li>Hierbas arom\u00e1ticas.<\/li><\/ul>\t\t\t\t\t\t\t\t<\/div>\n\t\t\t\t<\/div>\n\t\t\t\t<div class=\"elementor-element elementor-element-1722509 elementor-mobile-align-left elementor-widget elementor-widget-button\" data-id=\"1722509\" data-element_type=\"widget\" data-e-type=\"widget\" data-widget_type=\"button.default\">\n\t\t\t\t<div class=\"elementor-widget-container\">\n\t\t\t\t\t\t\t\t\t<div class=\"elementor-button-wrapper\">\n\t\t\t\t\t<a class=\"elementor-button elementor-button-link elementor-size-sm\" href=\"https:\/\/varietatslocals.org\/es\/receta-de-septiembre-zanahorias-frito-de-zanahoria-morada\/\" target=\"_blank\">\n\t\t\t\t\t\t<span class=\"elementor-button-content-wrapper\">\n\t\t\t\t\t\t\t\t\t<span class=\"elementor-button-text\">Ver la receta<\/span>\n\t\t\t\t\t<\/span>\n\t\t\t\t\t<\/a>\n\t\t\t\t<\/div>\n\t\t\t\t\t\t\t\t<\/div>\n\t\t\t\t<\/div>\n\t\t\t\t<\/div>\n\t\t\t\t<\/div>\n\t\t<div class=\"elementor-element elementor-element-1161b52 e-con-full e-flex e-con e-child\" data-id=\"1161b52\" data-element_type=\"container\" data-e-type=\"container\">\n\t\t\t\t<div class=\"elementor-element elementor-element-42b1b24 elementor-widget elementor-widget-image\" data-id=\"42b1b24\" data-element_type=\"widget\" data-e-type=\"widget\" data-widget_type=\"image.default\">\n\t\t\t\t<div class=\"elementor-widget-container\">\n\t\t\t\t\t\t\t\t\t\t\t\t\t\t\t\t<a href=\"https:\/\/varietatslocals.org\/es\/receta-de-marco-estopeta-o-trempo-de-invierno\/\" target=\"_blank\">\n\t\t\t\t\t\t\t<img decoding=\"async\" width=\"600\" height=\"600\" src=\"https:\/\/varietatslocals.org\/wp-content\/uploads\/2025\/06\/Trempo-dhivern_.jpg\" class=\"attachment-large size-large wp-image-7961\" alt=\"Tremp\u00f3 de invierno\" srcset=\"https:\/\/varietatslocals.org\/wp-content\/uploads\/2025\/06\/Trempo-dhivern_.jpg 600w, https:\/\/varietatslocals.org\/wp-content\/uploads\/2025\/06\/Trempo-dhivern_-12x12.jpg 12w, https:\/\/varietatslocals.org\/wp-content\/uploads\/2025\/06\/Trempo-dhivern_-300x300.jpg 300w, https:\/\/varietatslocals.org\/wp-content\/uploads\/2025\/06\/Trempo-dhivern_-100x100.jpg 100w\" sizes=\"(max-width: 600px) 100vw, 600px\" title=\"\">\t\t\t\t\t\t\t\t<\/a>\n\t\t\t\t\t\t\t\t\t\t\t\t\t\t\t<\/div>\n\t\t\t\t<\/div>\n\t\t<div class=\"elementor-element elementor-element-e97f9d7 e-con-full e-flex e-con e-child\" data-id=\"e97f9d7\" data-element_type=\"container\" data-e-type=\"container\">\n\t\t\t\t<div class=\"elementor-element elementor-element-2d06210 elementor-widget elementor-widget-heading\" data-id=\"2d06210\" data-element_type=\"widget\" data-e-type=\"widget\" data-widget_type=\"heading.default\">\n\t\t\t\t<div class=\"elementor-widget-container\">\n\t\t\t\t\t<h3 class=\"elementor-heading-title elementor-size-default\">Tremp\u00f3 de invierno<\/h3>\t\t\t\t<\/div>\n\t\t\t\t<\/div>\n\t\t\t\t<div class=\"elementor-element elementor-element-1f0ae1b elementor-widget elementor-widget-text-editor\" data-id=\"1f0ae1b\" data-element_type=\"widget\" data-e-type=\"widget\" data-widget_type=\"text-editor.default\">\n\t\t\t\t<div class=\"elementor-widget-container\">\n\t\t\t\t\t\t\t\t\t<p>Este plato es una versi\u00f3n invernal del cl\u00e1sico trempr\u00f3 mallorqu\u00edn, elaborado con tomates de ramillete tostados, arenques y cebolletas.<\/p><p><strong>Ingredientes principales<\/strong><\/p><ul><li><a href=\"https:\/\/varietatslocals.org\/es\/producto\/tomate-de-ramillete-blanco\/\" target=\"_blank\" rel=\"noopener\">Tomates de ramillete<\/a>.<\/li><li>Arenques.<\/li><li>Cebollas tiernas.<\/li><\/ul>\t\t\t\t\t\t\t\t<\/div>\n\t\t\t\t<\/div>\n\t\t\t\t<div class=\"elementor-element elementor-element-a5a30f2 elementor-mobile-align-left elementor-widget elementor-widget-button\" data-id=\"a5a30f2\" data-element_type=\"widget\" data-e-type=\"widget\" data-widget_type=\"button.default\">\n\t\t\t\t<div class=\"elementor-widget-container\">\n\t\t\t\t\t\t\t\t\t<div class=\"elementor-button-wrapper\">\n\t\t\t\t\t<a class=\"elementor-button elementor-button-link elementor-size-sm\" href=\"https:\/\/varietatslocals.org\/es\/receta-de-marco-estopeta-o-trempo-de-invierno\/\" target=\"_blank\">\n\t\t\t\t\t\t<span class=\"elementor-button-content-wrapper\">\n\t\t\t\t\t\t\t\t\t<span class=\"elementor-button-text\">Ver la receta<\/span>\n\t\t\t\t\t<\/span>\n\t\t\t\t\t<\/a>\n\t\t\t\t<\/div>\n\t\t\t\t\t\t\t\t<\/div>\n\t\t\t\t<\/div>\n\t\t\t\t<\/div>\n\t\t\t\t<\/div>\n\t\t<div class=\"elementor-element elementor-element-7e14cd9 e-con-full e-flex e-con e-child\" data-id=\"7e14cd9\" data-element_type=\"container\" data-e-type=\"container\">\n\t\t\t\t<div class=\"elementor-element elementor-element-1911370 elementor-widget elementor-widget-image\" data-id=\"1911370\" data-element_type=\"widget\" data-e-type=\"widget\" data-widget_type=\"image.default\">\n\t\t\t\t<div class=\"elementor-widget-container\">\n\t\t\t\t\t\t\t\t\t\t\t\t\t\t\t\t<a href=\"https:\/\/varietatslocals.org\/es\/receta-de-octubre-haba-negra-parada\/\" target=\"_blank\">\n\t\t\t\t\t\t\t<img loading=\"lazy\" decoding=\"async\" width=\"600\" height=\"600\" src=\"https:\/\/varietatslocals.org\/wp-content\/uploads\/2025\/06\/Fava-negra-parada.jpg\" class=\"attachment-large size-large wp-image-7968\" alt=\"Haba negra parada\" srcset=\"https:\/\/varietatslocals.org\/wp-content\/uploads\/2025\/06\/Fava-negra-parada.jpg 600w, https:\/\/varietatslocals.org\/wp-content\/uploads\/2025\/06\/Fava-negra-parada-12x12.jpg 12w, https:\/\/varietatslocals.org\/wp-content\/uploads\/2025\/06\/Fava-negra-parada-300x300.jpg 300w, https:\/\/varietatslocals.org\/wp-content\/uploads\/2025\/06\/Fava-negra-parada-100x100.jpg 100w\" sizes=\"(max-width: 600px) 100vw, 600px\" title=\"\">\t\t\t\t\t\t\t\t<\/a>\n\t\t\t\t\t\t\t\t\t\t\t\t\t\t\t<\/div>\n\t\t\t\t<\/div>\n\t\t<div class=\"elementor-element elementor-element-4903b45 e-con-full e-flex e-con e-child\" data-id=\"4903b45\" data-element_type=\"container\" data-e-type=\"container\">\n\t\t\t\t<div class=\"elementor-element elementor-element-4ca6803 elementor-widget elementor-widget-heading\" data-id=\"4ca6803\" data-element_type=\"widget\" data-e-type=\"widget\" data-widget_type=\"heading.default\">\n\t\t\t\t<div class=\"elementor-widget-container\">\n\t\t\t\t\t<h3 class=\"elementor-heading-title elementor-size-default\">Haba negra parada<\/h3>\t\t\t\t<\/div>\n\t\t\t\t<\/div>\n\t\t\t\t<div class=\"elementor-element elementor-element-d52b19a elementor-widget elementor-widget-text-editor\" data-id=\"d52b19a\" data-element_type=\"widget\" data-e-type=\"widget\" data-widget_type=\"text-editor.default\">\n\t\t\t\t<div class=\"elementor-widget-container\">\n\t\t\t\t\t\t\t\t\t<p>Un plato elaborado con <a href=\"https:\/\/varietatslocals.org\/es\/producto\/judia-negra\/\" target=\"_blank\" rel=\"noopener\">habas negras secas<\/a> y un surtido de verduras de temporada como calabaza, patata, zanahoria y espinacas.<\/p><p><strong>Ingredientes principales<\/strong><\/p><ul><li>Habas negras secas.<\/li><li>Cebolla grande.<\/li><li>Tomates de ramillete.<\/li><\/ul>\t\t\t\t\t\t\t\t<\/div>\n\t\t\t\t<\/div>\n\t\t\t\t<div class=\"elementor-element elementor-element-f6a5a8d elementor-mobile-align-left elementor-widget elementor-widget-button\" data-id=\"f6a5a8d\" data-element_type=\"widget\" data-e-type=\"widget\" data-widget_type=\"button.default\">\n\t\t\t\t<div class=\"elementor-widget-container\">\n\t\t\t\t\t\t\t\t\t<div class=\"elementor-button-wrapper\">\n\t\t\t\t\t<a class=\"elementor-button elementor-button-link elementor-size-sm\" href=\"https:\/\/varietatslocals.org\/es\/receta-de-octubre-haba-negra-parada\/\" target=\"_blank\">\n\t\t\t\t\t\t<span class=\"elementor-button-content-wrapper\">\n\t\t\t\t\t\t\t\t\t<span class=\"elementor-button-text\">Ver la receta<\/span>\n\t\t\t\t\t<\/span>\n\t\t\t\t\t<\/a>\n\t\t\t\t<\/div>\n\t\t\t\t\t\t\t\t<\/div>\n\t\t\t\t<\/div>\n\t\t\t\t<\/div>\n\t\t\t\t<\/div>\n\t\t\t\t<div class=\"elementor-element elementor-element-6b553ff elementor-widget-divider--view-line elementor-widget elementor-widget-divider\" data-id=\"6b553ff\" data-element_type=\"widget\" data-e-type=\"widget\" data-widget_type=\"divider.default\">\n\t\t\t\t<div class=\"elementor-widget-container\">\n\t\t\t\t\t\t\t<div class=\"elementor-divider\">\n\t\t\t<span class=\"elementor-divider-separator\">\n\t\t\t\t\t\t<\/span>\n\t\t<\/div>\n\t\t\t\t\t\t<\/div>\n\t\t\t\t<\/div>\n\t\t\t\t<div class=\"elementor-element elementor-element-c6945b5 elementor-widget elementor-widget-heading\" data-id=\"c6945b5\" data-element_type=\"widget\" data-e-type=\"widget\" data-widget_type=\"heading.default\">\n\t\t\t\t<div class=\"elementor-widget-container\">\n\t\t\t\t\t<h2 class=\"elementor-heading-title elementor-size-default\">\u00bfCu\u00e1ndo sembrar las semillas de invierno?<\/h2>\t\t\t\t<\/div>\n\t\t\t\t<\/div>\n\t\t\t\t<div class=\"elementor-element elementor-element-9b2f546 elementor-widget elementor-widget-text-editor\" data-id=\"9b2f546\" data-element_type=\"widget\" data-e-type=\"widget\" data-widget_type=\"text-editor.default\">\n\t\t\t\t<div class=\"elementor-widget-container\">\n\t\t\t\t\t\t\t\t\t<p data-start=\"1949\" data-end=\"2067\">Si quieres adelantarte en la pr\u00f3xima temporada, aqu\u00ed tienes el calendario de siembra de las variedades protagonistas del invierno.<\/p><div class=\"_tableContainer_80l1q_1\">\u00a0<\/div>\t\t\t\t\t\t\t\t<\/div>\n\t\t\t\t<\/div>\n\t\t<div class=\"elementor-element elementor-element-2820495 e-con-full e-flex e-con e-child\" data-id=\"2820495\" data-element_type=\"container\" data-e-type=\"container\">\n\t\t<div class=\"elementor-element elementor-element-f8d8813 e-con-full e-flex e-con e-child\" data-id=\"f8d8813\" data-element_type=\"container\" data-e-type=\"container\">\n\t\t\t\t<div class=\"elementor-element elementor-element-8b341db elementor-widget elementor-widget-image\" data-id=\"8b341db\" data-element_type=\"widget\" data-e-type=\"widget\" data-widget_type=\"image.default\">\n\t\t\t\t<div class=\"elementor-widget-container\">\n\t\t\t\t\t\t\t\t\t\t\t\t\t\t\t\t<a href=\"https:\/\/varietatslocals.org\/es\/producto\/col-borrachona\/\">\n\t\t\t\t\t\t\t<img loading=\"lazy\" decoding=\"async\" width=\"600\" height=\"600\" src=\"https:\/\/varietatslocals.org\/wp-content\/uploads\/2025\/05\/Col-borratxona-600-x-600-px.jpg\" class=\"attachment-large size-large wp-image-7862\" alt=\"Col &quot;borratxona&quot;\" srcset=\"https:\/\/varietatslocals.org\/wp-content\/uploads\/2025\/05\/Col-borratxona-600-x-600-px.jpg 600w, https:\/\/varietatslocals.org\/wp-content\/uploads\/2025\/05\/Col-borratxona-600-x-600-px-12x12.jpg 12w, https:\/\/varietatslocals.org\/wp-content\/uploads\/2025\/05\/Col-borratxona-600-x-600-px-300x300.jpg 300w, https:\/\/varietatslocals.org\/wp-content\/uploads\/2025\/05\/Col-borratxona-600-x-600-px-100x100.jpg 100w\" sizes=\"(max-width: 600px) 100vw, 600px\" title=\"\">\t\t\t\t\t\t\t\t<\/a>\n\t\t\t\t\t\t\t\t\t\t\t\t\t\t\t<\/div>\n\t\t\t\t<\/div>\n\t\t\t\t<div class=\"elementor-element elementor-element-3dcefc9 elementor-widget elementor-widget-heading\" data-id=\"3dcefc9\" data-element_type=\"widget\" data-e-type=\"widget\" data-widget_type=\"heading.default\">\n\t\t\t\t<div class=\"elementor-widget-container\">\n\t\t\t\t\t<h4 class=\"elementor-heading-title elementor-size-default\">Col \"borratxona\"<\/h4>\t\t\t\t<\/div>\n\t\t\t\t<\/div>\n\t\t\t\t<div class=\"elementor-element elementor-element-0b90b77 elementor-widget elementor-widget-text-editor\" data-id=\"0b90b77\" data-element_type=\"widget\" data-e-type=\"widget\" data-widget_type=\"text-editor.default\">\n\t\t\t\t<div class=\"elementor-widget-container\">\n\t\t\t\t\t\t\t\t\t<p>Se puede<strong>\u00a0sembrar de julio a septiembre<\/strong>, para trasplantar de agosto a octubre. Se recolecta al cabo de 80 o 90 d\u00edas.<\/p>\t\t\t\t\t\t\t\t<\/div>\n\t\t\t\t<\/div>\n\t\t\t\t<div class=\"elementor-element elementor-element-3876601 elementor-widget elementor-widget-button\" data-id=\"3876601\" data-element_type=\"widget\" data-e-type=\"widget\" data-widget_type=\"button.default\">\n\t\t\t\t<div class=\"elementor-widget-container\">\n\t\t\t\t\t\t\t\t\t<div class=\"elementor-button-wrapper\">\n\t\t\t\t\t<a class=\"elementor-button elementor-button-link elementor-size-sm\" href=\"https:\/\/varietatslocals.org\/es\/producto\/col-borrachona\/\">\n\t\t\t\t\t\t<span class=\"elementor-button-content-wrapper\">\n\t\t\t\t\t\t\t\t\t<span class=\"elementor-button-text\">Ver en la tienda<\/span>\n\t\t\t\t\t<\/span>\n\t\t\t\t\t<\/a>\n\t\t\t\t<\/div>\n\t\t\t\t\t\t\t\t<\/div>\n\t\t\t\t<\/div>\n\t\t\t\t<\/div>\n\t\t<div class=\"elementor-element elementor-element-34894d1 e-con-full e-flex e-con e-child\" data-id=\"34894d1\" data-element_type=\"container\" data-e-type=\"container\">\n\t\t\t\t<div class=\"elementor-element elementor-element-6681801 elementor-widget elementor-widget-image\" data-id=\"6681801\" data-element_type=\"widget\" data-e-type=\"widget\" data-widget_type=\"image.default\">\n\t\t\t\t<div class=\"elementor-widget-container\">\n\t\t\t\t\t\t\t\t\t\t\t\t\t\t\t\t<a href=\"https:\/\/varietatslocals.org\/es\/producto\/zanahoria-morada\/\">\n\t\t\t\t\t\t\t<img loading=\"lazy\" decoding=\"async\" width=\"600\" height=\"600\" src=\"https:\/\/varietatslocals.org\/wp-content\/uploads\/2025\/05\/Pastanaga-morada-600-x-600-px.jpg\" class=\"attachment-large size-large wp-image-7867\" alt=\"Zanahoria morada\" srcset=\"https:\/\/varietatslocals.org\/wp-content\/uploads\/2025\/05\/Pastanaga-morada-600-x-600-px.jpg 600w, https:\/\/varietatslocals.org\/wp-content\/uploads\/2025\/05\/Pastanaga-morada-600-x-600-px-12x12.jpg 12w, https:\/\/varietatslocals.org\/wp-content\/uploads\/2025\/05\/Pastanaga-morada-600-x-600-px-300x300.jpg 300w, https:\/\/varietatslocals.org\/wp-content\/uploads\/2025\/05\/Pastanaga-morada-600-x-600-px-100x100.jpg 100w\" sizes=\"(max-width: 600px) 100vw, 600px\" title=\"\">\t\t\t\t\t\t\t\t<\/a>\n\t\t\t\t\t\t\t\t\t\t\t\t\t\t\t<\/div>\n\t\t\t\t<\/div>\n\t\t\t\t<div class=\"elementor-element elementor-element-d47f8dc elementor-widget elementor-widget-heading\" data-id=\"d47f8dc\" data-element_type=\"widget\" data-e-type=\"widget\" data-widget_type=\"heading.default\">\n\t\t\t\t<div class=\"elementor-widget-container\">\n\t\t\t\t\t<h4 class=\"elementor-heading-title elementor-size-default\">Zanahoria morada<\/h4>\t\t\t\t<\/div>\n\t\t\t\t<\/div>\n\t\t\t\t<div class=\"elementor-element elementor-element-a9799c3 elementor-widget elementor-widget-text-editor\" data-id=\"a9799c3\" data-element_type=\"widget\" data-e-type=\"widget\" data-widget_type=\"text-editor.default\">\n\t\t\t\t<div class=\"elementor-widget-container\">\n\t\t\t\t\t\t\t\t\t<p>Se<strong> siembra entre el mes de agosto y el mes de noviembre<\/strong> mediante siembra directa. La cosecha se realiza a los tres meses.<\/p>\t\t\t\t\t\t\t\t<\/div>\n\t\t\t\t<\/div>\n\t\t\t\t<div class=\"elementor-element elementor-element-83feb9f elementor-widget elementor-widget-button\" data-id=\"83feb9f\" data-element_type=\"widget\" data-e-type=\"widget\" data-widget_type=\"button.default\">\n\t\t\t\t<div class=\"elementor-widget-container\">\n\t\t\t\t\t\t\t\t\t<div class=\"elementor-button-wrapper\">\n\t\t\t\t\t<a class=\"elementor-button elementor-button-link elementor-size-sm\" href=\"https:\/\/varietatslocals.org\/es\/producto\/zanahoria-morada\/\">\n\t\t\t\t\t\t<span class=\"elementor-button-content-wrapper\">\n\t\t\t\t\t\t\t\t\t<span class=\"elementor-button-text\">Ver en la tienda<\/span>\n\t\t\t\t\t<\/span>\n\t\t\t\t\t<\/a>\n\t\t\t\t<\/div>\n\t\t\t\t\t\t\t\t<\/div>\n\t\t\t\t<\/div>\n\t\t\t\t<\/div>\n\t\t<div class=\"elementor-element elementor-element-fdd2199 e-con-full e-flex e-con e-child\" data-id=\"fdd2199\" data-element_type=\"container\" data-e-type=\"container\">\n\t\t\t\t<div class=\"elementor-element elementor-element-aa90e4d elementor-widget elementor-widget-image\" data-id=\"aa90e4d\" data-element_type=\"widget\" data-e-type=\"widget\" data-widget_type=\"image.default\">\n\t\t\t\t<div class=\"elementor-widget-container\">\n\t\t\t\t\t\t\t\t\t\t\t\t\t\t\t\t<a href=\"https:\/\/varietatslocals.org\/es\/producto\/judia-negra\/\">\n\t\t\t\t\t\t\t<img loading=\"lazy\" decoding=\"async\" width=\"600\" height=\"600\" src=\"https:\/\/varietatslocals.org\/wp-content\/uploads\/2025\/05\/Fava-negra-600-x-600-px.jpg\" class=\"attachment-large size-large wp-image-7863\" alt=\"Haba negra\" srcset=\"https:\/\/varietatslocals.org\/wp-content\/uploads\/2025\/05\/Fava-negra-600-x-600-px.jpg 600w, https:\/\/varietatslocals.org\/wp-content\/uploads\/2025\/05\/Fava-negra-600-x-600-px-12x12.jpg 12w, https:\/\/varietatslocals.org\/wp-content\/uploads\/2025\/05\/Fava-negra-600-x-600-px-300x300.jpg 300w, https:\/\/varietatslocals.org\/wp-content\/uploads\/2025\/05\/Fava-negra-600-x-600-px-100x100.jpg 100w\" sizes=\"(max-width: 600px) 100vw, 600px\" title=\"\">\t\t\t\t\t\t\t\t<\/a>\n\t\t\t\t\t\t\t\t\t\t\t\t\t\t\t<\/div>\n\t\t\t\t<\/div>\n\t\t\t\t<div class=\"elementor-element elementor-element-30c4ad1 elementor-widget elementor-widget-heading\" data-id=\"30c4ad1\" data-element_type=\"widget\" data-e-type=\"widget\" data-widget_type=\"heading.default\">\n\t\t\t\t<div class=\"elementor-widget-container\">\n\t\t\t\t\t<h4 class=\"elementor-heading-title elementor-size-default\">Haba negra<\/h4>\t\t\t\t<\/div>\n\t\t\t\t<\/div>\n\t\t\t\t<div class=\"elementor-element elementor-element-c752fbf elementor-widget elementor-widget-text-editor\" data-id=\"c752fbf\" data-element_type=\"widget\" data-e-type=\"widget\" data-widget_type=\"text-editor.default\">\n\t\t\t\t<div class=\"elementor-widget-container\">\n\t\t\t\t\t\t\t\t\t<p>Se puede\u00a0<strong>sembrar desde finales de abril a principios de julio<\/strong>. La sembria se hace directamente en la tierra.<\/p>\t\t\t\t\t\t\t\t<\/div>\n\t\t\t\t<\/div>\n\t\t\t\t<div class=\"elementor-element elementor-element-ec5cea3 elementor-widget elementor-widget-button\" data-id=\"ec5cea3\" data-element_type=\"widget\" data-e-type=\"widget\" data-widget_type=\"button.default\">\n\t\t\t\t<div class=\"elementor-widget-container\">\n\t\t\t\t\t\t\t\t\t<div class=\"elementor-button-wrapper\">\n\t\t\t\t\t<a class=\"elementor-button elementor-button-link elementor-size-sm\" href=\"https:\/\/varietatslocals.org\/es\/producto\/judia-negra\/\">\n\t\t\t\t\t\t<span class=\"elementor-button-content-wrapper\">\n\t\t\t\t\t\t\t\t\t<span class=\"elementor-button-text\">Ver en la tienda<\/span>\n\t\t\t\t\t<\/span>\n\t\t\t\t\t<\/a>\n\t\t\t\t<\/div>\n\t\t\t\t\t\t\t\t<\/div>\n\t\t\t\t<\/div>\n\t\t\t\t<\/div>\n\t\t<div class=\"elementor-element elementor-element-8c3317d e-con-full e-flex e-con e-child\" data-id=\"8c3317d\" data-element_type=\"container\" data-e-type=\"container\">\n\t\t\t\t<div class=\"elementor-element elementor-element-ad79c9b elementor-widget elementor-widget-image\" data-id=\"ad79c9b\" data-element_type=\"widget\" data-e-type=\"widget\" data-widget_type=\"image.default\">\n\t\t\t\t<div class=\"elementor-widget-container\">\n\t\t\t\t\t\t\t\t\t\t\t\t\t\t\t\t<a href=\"https:\/\/varietatslocals.org\/es\/producto\/tomate-de-ramillete-blanco\/\">\n\t\t\t\t\t\t\t<img loading=\"lazy\" decoding=\"async\" width=\"600\" height=\"600\" src=\"https:\/\/varietatslocals.org\/wp-content\/uploads\/2025\/05\/Tomatiga-de-ramellet-600-x-600-px.jpg\" class=\"attachment-large size-large wp-image-7868\" alt=\"Tomate de ramillete\" srcset=\"https:\/\/varietatslocals.org\/wp-content\/uploads\/2025\/05\/Tomatiga-de-ramellet-600-x-600-px.jpg 600w, https:\/\/varietatslocals.org\/wp-content\/uploads\/2025\/05\/Tomatiga-de-ramellet-600-x-600-px-12x12.jpg 12w, https:\/\/varietatslocals.org\/wp-content\/uploads\/2025\/05\/Tomatiga-de-ramellet-600-x-600-px-300x300.jpg 300w, https:\/\/varietatslocals.org\/wp-content\/uploads\/2025\/05\/Tomatiga-de-ramellet-600-x-600-px-100x100.jpg 100w\" sizes=\"(max-width: 600px) 100vw, 600px\" title=\"\">\t\t\t\t\t\t\t\t<\/a>\n\t\t\t\t\t\t\t\t\t\t\t\t\t\t\t<\/div>\n\t\t\t\t<\/div>\n\t\t\t\t<div class=\"elementor-element elementor-element-b7addc5 elementor-widget elementor-widget-heading\" data-id=\"b7addc5\" data-element_type=\"widget\" data-e-type=\"widget\" data-widget_type=\"heading.default\">\n\t\t\t\t<div class=\"elementor-widget-container\">\n\t\t\t\t\t<h4 class=\"elementor-heading-title elementor-size-default\">Tomate de ramillete<\/h4>\t\t\t\t<\/div>\n\t\t\t\t<\/div>\n\t\t\t\t<div class=\"elementor-element elementor-element-06fc163 elementor-widget elementor-widget-text-editor\" data-id=\"06fc163\" data-element_type=\"widget\" data-e-type=\"widget\" data-widget_type=\"text-editor.default\">\n\t\t\t\t<div class=\"elementor-widget-container\">\n\t\t\t\t\t\t\t\t\t<p>Se\u00a0<strong>siembra de mediados enero a abril<\/strong>. Puede trasplantarse de abril a mayo, y recolectar de julio hasta octubre.<\/p>\t\t\t\t\t\t\t\t<\/div>\n\t\t\t\t<\/div>\n\t\t\t\t<div class=\"elementor-element elementor-element-7c5c7f9 elementor-widget elementor-widget-button\" data-id=\"7c5c7f9\" data-element_type=\"widget\" data-e-type=\"widget\" data-widget_type=\"button.default\">\n\t\t\t\t<div class=\"elementor-widget-container\">\n\t\t\t\t\t\t\t\t\t<div class=\"elementor-button-wrapper\">\n\t\t\t\t\t<a class=\"elementor-button elementor-button-link elementor-size-sm\" href=\"https:\/\/varietatslocals.org\/es\/producto\/tomate-de-ramillete-blanco\/\">\n\t\t\t\t\t\t<span class=\"elementor-button-content-wrapper\">\n\t\t\t\t\t\t\t\t\t<span class=\"elementor-button-text\">Ver en la tienda<\/span>\n\t\t\t\t\t<\/span>\n\t\t\t\t\t<\/a>\n\t\t\t\t<\/div>\n\t\t\t\t\t\t\t\t<\/div>\n\t\t\t\t<\/div>\n\t\t\t\t<\/div>\n\t\t\t\t<\/div>\n\t\t\t\t<div class=\"elementor-element elementor-element-c4d2c00 elementor-widget elementor-widget-text-editor\" data-id=\"c4d2c00\" data-element_type=\"widget\" data-e-type=\"widget\" data-widget_type=\"text-editor.default\">\n\t\t\t\t<div class=\"elementor-widget-container\">\n\t\t\t\t\t\t\t\t\t<p>\u00bfQuieres sembrar alguna de estas variedades? Visita nuestra <a href=\"https:\/\/varietatslocals.org\/es\/tienda-2\/\" target=\"_blank\" rel=\"noopener\">tienda de semillas de variedades locales<\/a>.<\/p>\t\t\t\t\t\t\t\t<\/div>\n\t\t\t\t<\/div>\n\t\t\t\t<div class=\"elementor-element elementor-element-99cddea elementor-widget-divider--view-line elementor-widget elementor-widget-divider\" data-id=\"99cddea\" data-element_type=\"widget\" data-e-type=\"widget\" data-widget_type=\"divider.default\">\n\t\t\t\t<div class=\"elementor-widget-container\">\n\t\t\t\t\t\t\t<div class=\"elementor-divider\">\n\t\t\t<span class=\"elementor-divider-separator\">\n\t\t\t\t\t\t<\/span>\n\t\t<\/div>\n\t\t\t\t\t\t<\/div>\n\t\t\t\t<\/div>\n\t\t\t\t<div class=\"elementor-element elementor-element-ce14402 elementor-widget elementor-widget-heading\" data-id=\"ce14402\" data-element_type=\"widget\" data-e-type=\"widget\" data-widget_type=\"heading.default\">\n\t\t\t\t<div class=\"elementor-widget-container\">\n\t\t\t\t\t<h2 class=\"elementor-heading-title elementor-size-default\">Motivos para cocinar con variedades locales<\/h2>\t\t\t\t<\/div>\n\t\t\t\t<\/div>\n\t\t\t\t<div class=\"elementor-element elementor-element-e0e0b89 elementor-widget elementor-widget-text-editor\" data-id=\"e0e0b89\" data-element_type=\"widget\" data-e-type=\"widget\" data-widget_type=\"text-editor.default\">\n\t\t\t\t<div class=\"elementor-widget-container\">\n\t\t\t\t\t\t\t\t\t<p>Cocinar con productos de temporada no es s\u00f3lo una opci\u00f3n saludable, es una actitud que transforma la forma en que nos alimentamos.<\/p><p>Cada plato de temporada es una forma de cuidar nuestro modelo productivo y la cultura que le rodea.<\/p><ul><li><strong>M\u00e1s sabor:<\/strong> cosechados en su punto \u00f3ptimo de maduraci\u00f3n.<\/li><li><strong>M\u00e1s nutrientes:<\/strong> la naturaleza nos da lo que el cuerpo necesita en cada momento.<\/li><li><strong>M\u00e1s sostenibilidad: <\/strong>reducimos el impacto ambiental evitando producciones forzadas o transporte lejano.<\/li><li><strong>M\u00e1s arraigo: <\/strong>conectamos con recetas, sabores y variedades que son patrimonio vivo.<\/li><\/ul>\t\t\t\t\t\t\t\t<\/div>\n\t\t\t\t<\/div>\n\t\t\t\t<div class=\"elementor-element elementor-element-c3c7cba elementor-widget-divider--view-line elementor-widget elementor-widget-divider\" data-id=\"c3c7cba\" data-element_type=\"widget\" data-e-type=\"widget\" data-widget_type=\"divider.default\">\n\t\t\t\t<div class=\"elementor-widget-container\">\n\t\t\t\t\t\t\t<div class=\"elementor-divider\">\n\t\t\t<span class=\"elementor-divider-separator\">\n\t\t\t\t\t\t<\/span>\n\t\t<\/div>\n\t\t\t\t\t\t<\/div>\n\t\t\t\t<\/div>\n\t\t\t\t<div class=\"elementor-element elementor-element-7d78ec2 elementor-widget elementor-widget-heading\" data-id=\"7d78ec2\" data-element_type=\"widget\" data-e-type=\"widget\" data-widget_type=\"heading.default\">\n\t\t\t\t<div class=\"elementor-widget-container\">\n\t\t\t\t\t<h2 class=\"elementor-heading-title elementor-size-default\">Preguntas frecuentes sobre las recetas de temporada<\/h2>\t\t\t\t<\/div>\n\t\t\t\t<\/div>\n\t\t\t\t<div class=\"elementor-element elementor-element-9db9670 elementor-widget elementor-widget-n-accordion\" data-id=\"9db9670\" data-element_type=\"widget\" data-e-type=\"widget\" data-settings=\"{&quot;default_state&quot;:&quot;expanded&quot;,&quot;max_items_expended&quot;:&quot;one&quot;,&quot;n_accordion_animation_duration&quot;:{&quot;unit&quot;:&quot;ms&quot;,&quot;size&quot;:400,&quot;sizes&quot;:[]}}\" data-widget_type=\"nested-accordion.default\">\n\t\t\t\t<div class=\"elementor-widget-container\">\n\t\t\t\t\t\t\t<div class=\"e-n-accordion\" aria-label=\"Accorde\u00f3n. Open links with Enter or Space, close with Escape, and navigate with Arrow Keys\">\n\t\t\t\t\t\t<details id=\"e-n-accordion-item-1650\" class=\"e-n-accordion-item\" open>\n\t\t\t\t<summary class=\"e-n-accordion-item-title\" data-accordion-index=\"1\" tabindex=\"0\" aria-expanded=\"true\" aria-controls=\"e-n-accordion-item-1650\" >\n\t\t\t\t\t<span class='e-n-accordion-item-title-header'><p class=\"e-n-accordion-item-title-text\"> \u00bfPuedo realizar estas recetas con productos que no son locales? <\/p><\/span>\n\t\t\t\t\t\t\t<span class='e-n-accordion-item-title-icon'>\n\t\t\t<span class='e-opened' ><svg aria-hidden=\"true\" class=\"e-font-icon-svg e-fas-minus\" viewbox=\"0 0 448 512\" xmlns=\"http:\/\/www.w3.org\/2000\/svg\"><path d=\"M416 208H32c-17.67 0-32 14.33-32 32v32c0 17.67 14.33 32 32 32h384c17.67 0 32-14.33 32-32v-32c0-17.67-14.33-32-32-32z\"><\/path><\/svg><\/span>\n\t\t\t<span class='e-closed'><svg aria-hidden=\"true\" class=\"e-font-icon-svg e-fas-plus\" viewbox=\"0 0 448 512\" xmlns=\"http:\/\/www.w3.org\/2000\/svg\"><path d=\"M416 208H272V64c0-17.67-14.33-32-32-32h-32c-17.67 0-32 14.33-32 32v144H32c-17.67 0-32 14.33-32 32v32c0 17.67 14.33 32 32 32h144v144c0 17.67 14.33 32 32 32h32c17.67 0 32-14.33 32-32V304h144c17.67 0 32-14.33 32-32v-32c0-17.67-14.33-32-32-32z\"><\/path><\/svg><\/span>\n\t\t<\/span>\n\n\t\t\t\t\t\t<\/summary>\n\t\t\t\t<div role=\"region\" aria-labelledby=\"e-n-accordion-item-1650\" class=\"elementor-element elementor-element-fbfb540 e-con-full e-flex e-con e-child\" data-id=\"fbfb540\" data-element_type=\"container\" data-e-type=\"container\">\n\t\t<div role=\"region\" aria-labelledby=\"e-n-accordion-item-1650\" class=\"elementor-element elementor-element-4c96e65 e-flex e-con-boxed e-con e-child\" data-id=\"4c96e65\" data-element_type=\"container\" data-e-type=\"container\">\n\t\t\t\t\t<div class=\"e-con-inner\">\n\t\t\t\t<div class=\"elementor-element elementor-element-d83ec4d elementor-widget elementor-widget-text-editor\" data-id=\"d83ec4d\" data-element_type=\"widget\" data-e-type=\"widget\" data-widget_type=\"text-editor.default\">\n\t\t\t\t<div class=\"elementor-widget-container\">\n\t\t\t\t\t\t\t\t\t<p>S\u00ed, pero el sabor y calidad nutricional pueden variar. Te recomendamos probar las variedades locales si quieres una experiencia m\u00e1s aut\u00e9ntica y sostenible.<\/p>\t\t\t\t\t\t\t\t<\/div>\n\t\t\t\t<\/div>\n\t\t\t\t\t<\/div>\n\t\t\t\t<\/div>\n\t\t\t\t<\/div>\n\t\t\t\t\t<\/details>\n\t\t\t\t\t\t<details id=\"e-n-accordion-item-1651\" class=\"e-n-accordion-item\" >\n\t\t\t\t<summary class=\"e-n-accordion-item-title\" data-accordion-index=\"2\" tabindex=\"-1\" aria-expanded=\"false\" aria-controls=\"e-n-accordion-item-1651\" >\n\t\t\t\t\t<span class='e-n-accordion-item-title-header'><p class=\"e-n-accordion-item-title-text\"> \u00bfCu\u00e1ndo se pueden sembrar las variedades de invierno en Mallorca? <\/p><\/span>\n\t\t\t\t\t\t\t<span class='e-n-accordion-item-title-icon'>\n\t\t\t<span class='e-opened' ><svg aria-hidden=\"true\" class=\"e-font-icon-svg e-fas-minus\" viewbox=\"0 0 448 512\" xmlns=\"http:\/\/www.w3.org\/2000\/svg\"><path d=\"M416 208H32c-17.67 0-32 14.33-32 32v32c0 17.67 14.33 32 32 32h384c17.67 0 32-14.33 32-32v-32c0-17.67-14.33-32-32-32z\"><\/path><\/svg><\/span>\n\t\t\t<span class='e-closed'><svg aria-hidden=\"true\" class=\"e-font-icon-svg e-fas-plus\" viewbox=\"0 0 448 512\" xmlns=\"http:\/\/www.w3.org\/2000\/svg\"><path d=\"M416 208H272V64c0-17.67-14.33-32-32-32h-32c-17.67 0-32 14.33-32 32v144H32c-17.67 0-32 14.33-32 32v32c0 17.67 14.33 32 32 32h144v144c0 17.67 14.33 32 32 32h32c17.67 0 32-14.33 32-32V304h144c17.67 0 32-14.33 32-32v-32c0-17.67-14.33-32-32-32z\"><\/path><\/svg><\/span>\n\t\t<\/span>\n\n\t\t\t\t\t\t<\/summary>\n\t\t\t\t<div role=\"region\" aria-labelledby=\"e-n-accordion-item-1651\" class=\"elementor-element elementor-element-3cfd415 e-con-full e-flex e-con e-child\" data-id=\"3cfd415\" data-element_type=\"container\" data-e-type=\"container\">\n\t\t<div role=\"region\" aria-labelledby=\"e-n-accordion-item-1651\" class=\"elementor-element elementor-element-5070636 e-flex e-con-boxed e-con e-child\" data-id=\"5070636\" data-element_type=\"container\" data-e-type=\"container\">\n\t\t\t\t\t<div class=\"e-con-inner\">\n\t\t\t\t<div class=\"elementor-element elementor-element-9cc4ffe elementor-widget elementor-widget-text-editor\" data-id=\"9cc4ffe\" data-element_type=\"widget\" data-e-type=\"widget\" data-widget_type=\"text-editor.default\">\n\t\t\t\t<div class=\"elementor-widget-container\">\n\t\t\t\t\t\t\t\t\t<p>Cada variedad tiene su calendario. En la nuestra <a href=\"https:\/\/varietatslocals.org\/es\/tienda-2\/\" target=\"_blank\" rel=\"noopener\">tienda<\/a> encontrar\u00e1s informaci\u00f3n detallada de siembra y cosecha.<\/p>\t\t\t\t\t\t\t\t<\/div>\n\t\t\t\t<\/div>\n\t\t\t\t\t<\/div>\n\t\t\t\t<\/div>\n\t\t\t\t<\/div>\n\t\t\t\t\t<\/details>\n\t\t\t\t\t\t<details id=\"e-n-accordion-item-1652\" class=\"e-n-accordion-item\" >\n\t\t\t\t<summary class=\"e-n-accordion-item-title\" data-accordion-index=\"3\" tabindex=\"-1\" aria-expanded=\"false\" aria-controls=\"e-n-accordion-item-1652\" >\n\t\t\t\t\t<span class='e-n-accordion-item-title-header'><p class=\"e-n-accordion-item-title-text\"> \u00bfEstas recetas son aptas para vegetarianos? <\/p><\/span>\n\t\t\t\t\t\t\t<span class='e-n-accordion-item-title-icon'>\n\t\t\t<span class='e-opened' ><svg aria-hidden=\"true\" class=\"e-font-icon-svg e-fas-minus\" viewbox=\"0 0 448 512\" xmlns=\"http:\/\/www.w3.org\/2000\/svg\"><path d=\"M416 208H32c-17.67 0-32 14.33-32 32v32c0 17.67 14.33 32 32 32h384c17.67 0 32-14.33 32-32v-32c0-17.67-14.33-32-32-32z\"><\/path><\/svg><\/span>\n\t\t\t<span class='e-closed'><svg aria-hidden=\"true\" class=\"e-font-icon-svg e-fas-plus\" viewbox=\"0 0 448 512\" xmlns=\"http:\/\/www.w3.org\/2000\/svg\"><path d=\"M416 208H272V64c0-17.67-14.33-32-32-32h-32c-17.67 0-32 14.33-32 32v144H32c-17.67 0-32 14.33-32 32v32c0 17.67 14.33 32 32 32h144v144c0 17.67 14.33 32 32 32h32c17.67 0 32-14.33 32-32V304h144c17.67 0 32-14.33 32-32v-32c0-17.67-14.33-32-32-32z\"><\/path><\/svg><\/span>\n\t\t<\/span>\n\n\t\t\t\t\t\t<\/summary>\n\t\t\t\t<div role=\"region\" aria-labelledby=\"e-n-accordion-item-1652\" class=\"elementor-element elementor-element-5ec5672 e-con-full e-flex e-con e-child\" data-id=\"5ec5672\" data-element_type=\"container\" data-e-type=\"container\">\n\t\t<div role=\"region\" aria-labelledby=\"e-n-accordion-item-1652\" class=\"elementor-element elementor-element-13b357a e-flex e-con-boxed e-con e-child\" data-id=\"13b357a\" data-element_type=\"container\" data-e-type=\"container\">\n\t\t\t\t\t<div class=\"e-con-inner\">\n\t\t\t\t<div class=\"elementor-element elementor-element-f744817 elementor-widget elementor-widget-text-editor\" data-id=\"f744817\" data-element_type=\"widget\" data-e-type=\"widget\" data-widget_type=\"text-editor.default\">\n\t\t\t\t<div class=\"elementor-widget-container\">\n\t\t\t\t\t\t\t\t\t<p>Algunas s\u00ed, como el frito de zanahoria morada o el templo de invierno. Tambi\u00e9n puedes adaptar muchas de ellas f\u00e1cilmente.<\/p>\t\t\t\t\t\t\t\t<\/div>\n\t\t\t\t<\/div>\n\t\t\t\t\t<\/div>\n\t\t\t\t<\/div>\n\t\t\t\t<\/div>\n\t\t\t\t\t<\/details>\n\t\t\t\t\t<\/div>\n\t\t\t\t\t\t<\/div>\n\t\t\t\t<\/div>\n\t\t\t\t<div class=\"elementor-element elementor-element-00f738d elementor-widget elementor-widget-spacer\" data-id=\"00f738d\" data-element_type=\"widget\" data-e-type=\"widget\" data-widget_type=\"spacer.default\">\n\t\t\t\t<div class=\"elementor-widget-container\">\n\t\t\t\t\t\t\t<div class=\"elementor-spacer\">\n\t\t\t<div class=\"elementor-spacer-inner\"><\/div>\n\t\t<\/div>\n\t\t\t\t\t\t<\/div>\n\t\t\t\t<\/div>\n\t\t\t\t<\/div>\n\t\t\t\t\t<\/div>\n\t\t\t\t<\/div>\n\t\t\t\t<\/div>","protected":false},"excerpt":{"rendered":"<p>Receptes d&#8217;hivern mallorquines amb productes de temporada i varietats locals A l&#8217;hivern, la cuina mallorquina s&#8217;omple d&#8217;aromes de brou, guisats i plats que reconforten. Per\u00f2 el que fa realment especial aquesta cuina \u00e9s l&#8217;origen dels seus ingredients: les llavors locals, cultivades amb paci\u00e8ncia i respecte pels cicles de la terra. A Varietats Locals creiem que [&hellip;]<\/p>\n","protected":false},"author":1,"featured_media":0,"parent":0,"menu_order":0,"comment_status":"closed","ping_status":"closed","template":"","meta":{"_joinchat":[],"footnotes":""},"class_list":["post-8283","page","type-page","status-publish","hentry"],"_links":{"self":[{"href":"https:\/\/varietatslocals.org\/es\/wp-json\/wp\/v2\/pages\/8283","targetHints":{"allow":["GET"]}}],"collection":[{"href":"https:\/\/varietatslocals.org\/es\/wp-json\/wp\/v2\/pages"}],"about":[{"href":"https:\/\/varietatslocals.org\/es\/wp-json\/wp\/v2\/types\/page"}],"author":[{"embeddable":true,"href":"https:\/\/varietatslocals.org\/es\/wp-json\/wp\/v2\/users\/1"}],"replies":[{"embeddable":true,"href":"https:\/\/varietatslocals.org\/es\/wp-json\/wp\/v2\/comments?post=8283"}],"version-history":[{"count":0,"href":"https:\/\/varietatslocals.org\/es\/wp-json\/wp\/v2\/pages\/8283\/revisions"}],"wp:attachment":[{"href":"https:\/\/varietatslocals.org\/es\/wp-json\/wp\/v2\/media?parent=8283"}],"curies":[{"name":"wp","href":"https:\/\/api.w.org\/{rel}","templated":true}]}}