{"id":8302,"date":"2025-07-26T15:08:56","date_gmt":"2025-07-26T13:08:56","guid":{"rendered":"https:\/\/varietatslocals.org\/?page_id=8302"},"modified":"2025-11-03T14:12:22","modified_gmt":"2025-11-03T13:12:22","slug":"recetas-de-temporada-de-primavera-con-variedades-locales-de-mallorca","status":"publish","type":"page","link":"https:\/\/varietatslocals.org\/es\/receptes-de-temporada-de-primavera-amb-varietats-locals-de-mallorca\/","title":{"rendered":"Recetas de temporada de primavera con Variedades Locales de Mallorca"},"content":{"rendered":"<div data-elementor-type=\"wp-page\" data-elementor-id=\"8302\" class=\"elementor elementor-8302\" data-elementor-post-type=\"page\">\n\t\t\t\t<div class=\"elementor-element elementor-element-85dd302 e-flex e-con-boxed e-con e-parent\" data-id=\"85dd302\" data-element_type=\"container\" data-e-type=\"container\" data-settings=\"{&quot;background_background&quot;:&quot;classic&quot;}\">\n\t\t\t\t\t<div class=\"e-con-inner\">\n\t\t\t\t<div class=\"elementor-element elementor-element-8dc049a elementor-widget elementor-widget-heading\" data-id=\"8dc049a\" data-element_type=\"widget\" data-e-type=\"widget\" data-widget_type=\"heading.default\">\n\t\t\t\t<div class=\"elementor-widget-container\">\n\t\t\t\t\t<h1 class=\"elementor-heading-title elementor-size-default\">Recetas de primavera con variedades locales mallorquinas<\/h1>\t\t\t\t<\/div>\n\t\t\t\t<\/div>\n\t\t\t\t\t<\/div>\n\t\t\t\t<\/div>\n\t\t<div class=\"elementor-element elementor-element-fa70c2d e-flex e-con-boxed e-con e-parent\" data-id=\"fa70c2d\" data-element_type=\"container\" data-e-type=\"container\" data-settings=\"{&quot;background_background&quot;:&quot;classic&quot;}\">\n\t\t\t\t\t<div class=\"e-con-inner\">\n\t\t<div class=\"elementor-element elementor-element-972dd9e e-con-full e-flex e-con e-child\" data-id=\"972dd9e\" data-element_type=\"container\" data-e-type=\"container\">\n\t\t\t\t<div class=\"elementor-element elementor-element-ea62e46 elementor-widget elementor-widget-heading\" data-id=\"ea62e46\" data-element_type=\"widget\" data-e-type=\"widget\" data-widget_type=\"heading.default\">\n\t\t\t\t<div class=\"elementor-widget-container\">\n\t\t\t\t\t<h2 class=\"elementor-heading-title elementor-size-default\">Cocina de temporada con las recetas de primavera<\/h2>\t\t\t\t<\/div>\n\t\t\t\t<\/div>\n\t\t\t\t<div class=\"elementor-element elementor-element-3b0efcd elementor-widget elementor-widget-text-editor\" data-id=\"3b0efcd\" data-element_type=\"widget\" data-e-type=\"widget\" data-widget_type=\"text-editor.default\">\n\t\t\t\t<div class=\"elementor-widget-container\">\n\t\t\t\t\t\t\t\t\t<p>Cuando llega la primavera, la tierra despierta y el huerto se viste de verde tierno. Es el momento de reconectar con los ciclos naturales y la cocina mallorquina nos lo pone f\u00e1cil, platos ligeros, llenos de nutrientes y con ingredientes de temporada que pueden cultivarse en casa con variedades locales.<\/p><p>En Variedades Locales promovemos una cocina que empieza en el huerto y respeta la <a href=\"https:\/\/varietatslocals.org\/es\/multiplicamos-semillas\/\" target=\"_blank\" rel=\"noopener\">multiplicaci\u00f3n de semillas<\/a>. Por eso, en esta p\u00e1gina encontrar\u00e1s recetas tradicionales de primavera elaboradas con variedades locales de Mallorca, acompa\u00f1adas de informaci\u00f3n sobre c\u00f3mo y cu\u00e1ndo sembrarlas.<\/p><p>Cocinar con variedades locales es cuidar el territorio, preservar el patrimonio agr\u00edcola y alimentar mejor.<\/p>\t\t\t\t\t\t\t\t<\/div>\n\t\t\t\t<\/div>\n\t\t\t\t<div class=\"elementor-element elementor-element-8a52006 elementor-widget elementor-widget-heading\" data-id=\"8a52006\" data-element_type=\"widget\" data-e-type=\"widget\" data-widget_type=\"heading.default\">\n\t\t\t\t<div class=\"elementor-widget-container\">\n\t\t\t\t\t<h2 class=\"elementor-heading-title elementor-size-default\">Beneficios de las recetas de primavera<\/h2>\t\t\t\t<\/div>\n\t\t\t\t<\/div>\n\t\t\t\t<div class=\"elementor-element elementor-element-b78eab9 elementor-widget elementor-widget-text-editor\" data-id=\"b78eab9\" data-element_type=\"widget\" data-e-type=\"widget\" data-widget_type=\"text-editor.default\">\n\t\t\t\t<div class=\"elementor-widget-container\">\n\t\t\t\t\t\t\t\t\t<p>Durante la primavera, el cuerpo pide frescura y renovaci\u00f3n. Las variedades locales como el <strong>garbanzo mallorqu\u00edn<\/strong>, los <strong>espinacas<\/strong> o la <strong>calabaza \"d'encarabassat\"<\/strong> aportan fibra, hierro, antioxidantes y vitaminas para recuperar energ\u00eda despu\u00e9s del invierno.<\/p><p>Adem\u00e1s, cultivarlas o cocinarlas refuerza el v\u00ednculo con el territorio y contribuye a preservar el <strong>patrimonio agr\u00edcola<\/strong> de la isla.<\/p>\t\t\t\t\t\t\t\t<\/div>\n\t\t\t\t<\/div>\n\t\t\t\t<div class=\"elementor-element elementor-element-684d976 elementor-widget-divider--view-line elementor-widget elementor-widget-divider\" data-id=\"684d976\" data-element_type=\"widget\" data-e-type=\"widget\" data-widget_type=\"divider.default\">\n\t\t\t\t<div class=\"elementor-widget-container\">\n\t\t\t\t\t\t\t<div class=\"elementor-divider\">\n\t\t\t<span class=\"elementor-divider-separator\">\n\t\t\t\t\t\t<\/span>\n\t\t<\/div>\n\t\t\t\t\t\t<\/div>\n\t\t\t\t<\/div>\n\t\t\t\t<div class=\"elementor-element elementor-element-9e543d5 elementor-widget elementor-widget-heading\" data-id=\"9e543d5\" data-element_type=\"widget\" data-e-type=\"widget\" data-widget_type=\"heading.default\">\n\t\t\t\t<div class=\"elementor-widget-container\">\n\t\t\t\t\t<h2 class=\"elementor-heading-title elementor-size-default\">Recetas tradicionales de primavera con semillas locales<\/h2>\t\t\t\t<\/div>\n\t\t\t\t<\/div>\n\t\t<div class=\"elementor-element elementor-element-1161b52 e-con-full e-flex e-con e-child\" data-id=\"1161b52\" data-element_type=\"container\" data-e-type=\"container\">\n\t\t\t\t<div class=\"elementor-element elementor-element-6970e77 elementor-widget elementor-widget-image\" data-id=\"6970e77\" data-element_type=\"widget\" data-e-type=\"widget\" data-widget_type=\"image.default\">\n\t\t\t\t<div class=\"elementor-widget-container\">\n\t\t\t\t\t\t\t\t\t\t\t\t\t\t\t\t<a href=\"https:\/\/varietatslocals.org\/es\/receta-de-febrero-garbanzos-mallorquines-con-bacalao\/\" target=\"_blank\">\n\t\t\t\t\t\t\t<img fetchpriority=\"high\" decoding=\"async\" width=\"600\" height=\"600\" src=\"https:\/\/varietatslocals.org\/wp-content\/uploads\/2025\/06\/Recepta-de-ciurons-mallorquins-amb-bacalla.jpg\" class=\"attachment-large size-large wp-image-7960\" alt=\"Ciurones mallorquines y bacalao\" srcset=\"https:\/\/varietatslocals.org\/wp-content\/uploads\/2025\/06\/Recepta-de-ciurons-mallorquins-amb-bacalla.jpg 600w, https:\/\/varietatslocals.org\/wp-content\/uploads\/2025\/06\/Recepta-de-ciurons-mallorquins-amb-bacalla-12x12.jpg 12w, https:\/\/varietatslocals.org\/wp-content\/uploads\/2025\/06\/Recepta-de-ciurons-mallorquins-amb-bacalla-300x300.jpg 300w, https:\/\/varietatslocals.org\/wp-content\/uploads\/2025\/06\/Recepta-de-ciurons-mallorquins-amb-bacalla-100x100.jpg 100w\" sizes=\"(max-width: 600px) 100vw, 600px\" title=\"\">\t\t\t\t\t\t\t\t<\/a>\n\t\t\t\t\t\t\t\t\t\t\t\t\t\t\t<\/div>\n\t\t\t\t<\/div>\n\t\t<div class=\"elementor-element elementor-element-e97f9d7 e-con-full e-flex e-con e-child\" data-id=\"e97f9d7\" data-element_type=\"container\" data-e-type=\"container\">\n\t\t\t\t<div class=\"elementor-element elementor-element-173c2e3 elementor-widget elementor-widget-heading\" data-id=\"173c2e3\" data-element_type=\"widget\" data-e-type=\"widget\" data-widget_type=\"heading.default\">\n\t\t\t\t<div class=\"elementor-widget-container\">\n\t\t\t\t\t<h3 class=\"elementor-heading-title elementor-size-default\">Garbanzos mallorquines con bacalao<\/h3>\t\t\t\t<\/div>\n\t\t\t\t<\/div>\n\t\t\t\t<div class=\"elementor-element elementor-element-5c23598 elementor-widget elementor-widget-text-editor\" data-id=\"5c23598\" data-element_type=\"widget\" data-e-type=\"widget\" data-widget_type=\"text-editor.default\">\n\t\t\t\t<div class=\"elementor-widget-container\">\n\t\t\t\t\t\t\t\t\t<p>Un plato tradicional de la cocina mallorquina que combina <a href=\"https:\/\/varietatslocals.org\/es\/producto\/ciuro-mallorqui\/\" target=\"_blank\" rel=\"noopener\">garbanzos mallorquines<\/a>, bacalao desalado, espinacas frescas y un sofrito de cebolla, tomate y ajos, aromatizado con piment\u00f3n de tap\u00f3n de cort\u00edn.<\/p><p><strong>Ingredientes principales<\/strong><\/p><ul><li>Garbanzos mallorquines secos.<\/li><li>Bacalao salado.<\/li><li>Espinacas.<\/li><\/ul>\t\t\t\t\t\t\t\t<\/div>\n\t\t\t\t<\/div>\n\t\t\t\t<div class=\"elementor-element elementor-element-42eba01 elementor-mobile-align-left elementor-widget elementor-widget-button\" data-id=\"42eba01\" data-element_type=\"widget\" data-e-type=\"widget\" data-widget_type=\"button.default\">\n\t\t\t\t<div class=\"elementor-widget-container\">\n\t\t\t\t\t\t\t\t\t<div class=\"elementor-button-wrapper\">\n\t\t\t\t\t<a class=\"elementor-button elementor-button-link elementor-size-sm\" href=\"https:\/\/varietatslocals.org\/es\/receta-de-febrero-garbanzos-mallorquines-con-bacalao\/\" target=\"_blank\">\n\t\t\t\t\t\t<span class=\"elementor-button-content-wrapper\">\n\t\t\t\t\t\t\t\t\t<span class=\"elementor-button-text\">Ver la receta<\/span>\n\t\t\t\t\t<\/span>\n\t\t\t\t\t<\/a>\n\t\t\t\t<\/div>\n\t\t\t\t\t\t\t\t<\/div>\n\t\t\t\t<\/div>\n\t\t\t\t<\/div>\n\t\t\t\t<\/div>\n\t\t<div class=\"elementor-element elementor-element-beea793 e-con-full e-flex e-con e-child\" data-id=\"beea793\" data-element_type=\"container\" data-e-type=\"container\">\n\t\t\t\t<div class=\"elementor-element elementor-element-3793586 elementor-widget elementor-widget-image\" data-id=\"3793586\" data-element_type=\"widget\" data-e-type=\"widget\" data-widget_type=\"image.default\">\n\t\t\t\t<div class=\"elementor-widget-container\">\n\t\t\t\t\t\t\t\t\t\t\t\t\t\t\t\t<a href=\"https:\/\/varietatslocals.org\/es\/receta-de-abril-flan-de-trigo-de-las-indias-con-rayos-y-licor-de-palo\/\" target=\"_blank\">\n\t\t\t\t\t\t\t<img decoding=\"async\" width=\"600\" height=\"600\" src=\"https:\/\/varietatslocals.org\/wp-content\/uploads\/2025\/06\/Flam-de-blat-de-les-Indies-amb-raissons-i-licor-de-palo.jpg\" class=\"attachment-large size-large wp-image-7963\" alt=\"Flan de trigo de las Indias con racimos y licor de palo\" srcset=\"https:\/\/varietatslocals.org\/wp-content\/uploads\/2025\/06\/Flam-de-blat-de-les-Indies-amb-raissons-i-licor-de-palo.jpg 600w, https:\/\/varietatslocals.org\/wp-content\/uploads\/2025\/06\/Flam-de-blat-de-les-Indies-amb-raissons-i-licor-de-palo-12x12.jpg 12w, https:\/\/varietatslocals.org\/wp-content\/uploads\/2025\/06\/Flam-de-blat-de-les-Indies-amb-raissons-i-licor-de-palo-300x300.jpg 300w, https:\/\/varietatslocals.org\/wp-content\/uploads\/2025\/06\/Flam-de-blat-de-les-Indies-amb-raissons-i-licor-de-palo-100x100.jpg 100w\" sizes=\"(max-width: 600px) 100vw, 600px\" title=\"\">\t\t\t\t\t\t\t\t<\/a>\n\t\t\t\t\t\t\t\t\t\t\t\t\t\t\t<\/div>\n\t\t\t\t<\/div>\n\t\t<div class=\"elementor-element elementor-element-e6fa8bb e-con-full e-flex e-con e-child\" data-id=\"e6fa8bb\" data-element_type=\"container\" data-e-type=\"container\">\n\t\t\t\t<div class=\"elementor-element elementor-element-f39d9fe elementor-widget elementor-widget-heading\" data-id=\"f39d9fe\" data-element_type=\"widget\" data-e-type=\"widget\" data-widget_type=\"heading.default\">\n\t\t\t\t<div class=\"elementor-widget-container\">\n\t\t\t\t\t<h3 class=\"elementor-heading-title elementor-size-default\">Flan de trigo de las Indias con racimos y licor de palo<\/h3>\t\t\t\t<\/div>\n\t\t\t\t<\/div>\n\t\t\t\t<div class=\"elementor-element elementor-element-9eef58f elementor-widget elementor-widget-text-editor\" data-id=\"9eef58f\" data-element_type=\"widget\" data-e-type=\"widget\" data-widget_type=\"text-editor.default\">\n\t\t\t\t<div class=\"elementor-widget-container\">\n\t\t\t\t\t\t\t\t\t<p>Este flan combina la dulzura suave del <a href=\"https:\/\/varietatslocals.org\/es\/producto\/trigo-de-las-indias\/\" target=\"_blank\" rel=\"noopener\">trigo de las Indias<\/a> con el gusto intenso del licor de palo, en una propuesta original y bien arraigada en la cocina mallorquina.<\/p><p><strong>Ingredientes principales<\/strong><\/p><ul><li>Harina de trigo de las Indias.<\/li><li>Az\u00facar<\/li><li>Licor de palo.<\/li><\/ul>\t\t\t\t\t\t\t\t<\/div>\n\t\t\t\t<\/div>\n\t\t\t\t<div class=\"elementor-element elementor-element-8cccfab elementor-mobile-align-left elementor-widget elementor-widget-button\" data-id=\"8cccfab\" data-element_type=\"widget\" data-e-type=\"widget\" data-widget_type=\"button.default\">\n\t\t\t\t<div class=\"elementor-widget-container\">\n\t\t\t\t\t\t\t\t\t<div class=\"elementor-button-wrapper\">\n\t\t\t\t\t<a class=\"elementor-button elementor-button-link elementor-size-sm\" href=\"https:\/\/varietatslocals.org\/es\/receta-de-abril-flan-de-trigo-de-las-indias-con-rayos-y-licor-de-palo\/\" target=\"_blank\">\n\t\t\t\t\t\t<span class=\"elementor-button-content-wrapper\">\n\t\t\t\t\t\t\t\t\t<span class=\"elementor-button-text\">Ver la receta<\/span>\n\t\t\t\t\t<\/span>\n\t\t\t\t\t<\/a>\n\t\t\t\t<\/div>\n\t\t\t\t\t\t\t\t<\/div>\n\t\t\t\t<\/div>\n\t\t\t\t<\/div>\n\t\t\t\t<\/div>\n\t\t<div class=\"elementor-element elementor-element-7e14cd9 e-con-full e-flex e-con e-child\" data-id=\"7e14cd9\" data-element_type=\"container\" data-e-type=\"container\">\n\t\t\t\t<div class=\"elementor-element elementor-element-c5cb4f8 elementor-widget elementor-widget-image\" data-id=\"c5cb4f8\" data-element_type=\"widget\" data-e-type=\"widget\" data-widget_type=\"image.default\">\n\t\t\t\t<div class=\"elementor-widget-container\">\n\t\t\t\t\t\t\t\t\t\t\t\t\t\t\t\t<a href=\"https:\/\/varietatslocals.org\/es\/receta-de-junio-blanquetes-de-confitura-de-calabaza-de-acariciado\/\" target=\"_blank\">\n\t\t\t\t\t\t\t<img decoding=\"async\" width=\"600\" height=\"600\" src=\"https:\/\/varietatslocals.org\/wp-content\/uploads\/2025\/05\/Blanquets-de-confitura-de-carabassa-dencarabassat-600-x-600-px.jpg\" class=\"attachment-large size-large wp-image-7816\" alt=\"Blanquetes de confitura de calabaza &quot;d&#039;encarabassat&quot;\" srcset=\"https:\/\/varietatslocals.org\/wp-content\/uploads\/2025\/05\/Blanquets-de-confitura-de-carabassa-dencarabassat-600-x-600-px.jpg 600w, https:\/\/varietatslocals.org\/wp-content\/uploads\/2025\/05\/Blanquets-de-confitura-de-carabassa-dencarabassat-600-x-600-px-12x12.jpg 12w, https:\/\/varietatslocals.org\/wp-content\/uploads\/2025\/05\/Blanquets-de-confitura-de-carabassa-dencarabassat-600-x-600-px-300x300.jpg 300w, https:\/\/varietatslocals.org\/wp-content\/uploads\/2025\/05\/Blanquets-de-confitura-de-carabassa-dencarabassat-600-x-600-px-100x100.jpg 100w\" sizes=\"(max-width: 600px) 100vw, 600px\" title=\"\">\t\t\t\t\t\t\t\t<\/a>\n\t\t\t\t\t\t\t\t\t\t\t\t\t\t\t<\/div>\n\t\t\t\t<\/div>\n\t\t<div class=\"elementor-element elementor-element-4903b45 e-con-full e-flex e-con e-child\" data-id=\"4903b45\" data-element_type=\"container\" data-e-type=\"container\">\n\t\t\t\t<div class=\"elementor-element elementor-element-58cbbcf elementor-widget elementor-widget-heading\" data-id=\"58cbbcf\" data-element_type=\"widget\" data-e-type=\"widget\" data-widget_type=\"heading.default\">\n\t\t\t\t<div class=\"elementor-widget-container\">\n\t\t\t\t\t<h3 class=\"elementor-heading-title elementor-size-default\">Blanquetes de confitura de calabaza \"d'encarabassat\"<\/h3>\t\t\t\t<\/div>\n\t\t\t\t<\/div>\n\t\t\t\t<div class=\"elementor-element elementor-element-c79e57e elementor-widget elementor-widget-text-editor\" data-id=\"c79e57e\" data-element_type=\"widget\" data-e-type=\"widget\" data-widget_type=\"text-editor.default\">\n\t\t\t\t<div class=\"elementor-widget-container\">\n\t\t\t\t\t\t\t\t\t<p>La <a href=\"https:\/\/varietatslocals.org\/es\/producto\/calabaza-de-encarabasado\/\" target=\"_blank\" rel=\"noopener\">calabaza \"d'encarabassat\"<\/a> es una variedad local de calabaza que se siembra a finales de verano.<\/p><p>Los blanquetes son dulces tradicionales que aprovechan su dulzura natural.<\/p><p><strong>Ingredientes principales<\/strong><\/p><ul><li>Calabaza \"d'encarabassat\".<\/li><li>Az\u00facar.<\/li><li>Canela y lim\u00f3n.<\/li><\/ul>\t\t\t\t\t\t\t\t<\/div>\n\t\t\t\t<\/div>\n\t\t\t\t<div class=\"elementor-element elementor-element-a0ea7b1 elementor-mobile-align-left elementor-widget elementor-widget-button\" data-id=\"a0ea7b1\" data-element_type=\"widget\" data-e-type=\"widget\" data-widget_type=\"button.default\">\n\t\t\t\t<div class=\"elementor-widget-container\">\n\t\t\t\t\t\t\t\t\t<div class=\"elementor-button-wrapper\">\n\t\t\t\t\t<a class=\"elementor-button elementor-button-link elementor-size-sm\" href=\"https:\/\/varietatslocals.org\/es\/receta-de-junio-blanquetes-de-confitura-de-calabaza-de-acariciado\/\" target=\"_blank\">\n\t\t\t\t\t\t<span class=\"elementor-button-content-wrapper\">\n\t\t\t\t\t\t\t\t\t<span class=\"elementor-button-text\">Ver la receta<\/span>\n\t\t\t\t\t<\/span>\n\t\t\t\t\t<\/a>\n\t\t\t\t<\/div>\n\t\t\t\t\t\t\t\t<\/div>\n\t\t\t\t<\/div>\n\t\t\t\t<\/div>\n\t\t\t\t<\/div>\n\t\t<div class=\"elementor-element elementor-element-ea0d888 e-con-full e-flex e-con e-child\" data-id=\"ea0d888\" data-element_type=\"container\" data-e-type=\"container\">\n\t\t\t\t<div class=\"elementor-element elementor-element-cf8beb5 elementor-widget__width-initial elementor-widget-tablet__width-initial elementor-widget elementor-widget-eael-sticky-video\" data-id=\"cf8beb5\" data-element_type=\"widget\" data-e-type=\"widget\" data-widget_type=\"eael-sticky-video.default\">\n\t\t\t\t<div class=\"elementor-widget-container\">\n\t\t\t\t\t<div class=\"eael-sticky-video-wrapper eaelsv-overlay-visibility-\"><div class=\"eael-sticky-video-player2\" data-sticky=\"\" data-position=\"\" data-sheight=\"248\" data-swidth=\"440\" data-scroll_height=\"\" data-autoplay=\"no\" data-overlay=\"no\"><div\n\t\t\tid=\"eaelsv-player-cf8beb5\"\n\t\t\tdata-plyr-provider=\"youtube\"\n\t\t\tdata-plyr-embed-id=\"53K3jm1OXrE\"\n\t\t\tdata-plyr-config=\"{&quot;storage&quot;: {&quot;enabled&quot;: false, &quot;key&quot;: &quot;plyr&quot;}, &quot;autoplay&quot;:0, &quot;muted&quot;:0, &quot;loop&quot;: {&quot;active&quot;: false}}\"\n\t\t><\/div>\n\t\t\t\t<span class=\"eaelsv-sticky-player-close\"><i class=\"fas fa-times-circle\"><\/i><\/span>\n\t\t\t<\/div>\n\t\t<\/div>\t\t\t\t<\/div>\n\t\t\t\t<\/div>\n\t\t<div class=\"elementor-element elementor-element-613b337 e-con-full e-flex e-con e-child\" data-id=\"613b337\" data-element_type=\"container\" data-e-type=\"container\">\n\t\t\t\t<div class=\"elementor-element elementor-element-7b3307f elementor-widget elementor-widget-heading\" data-id=\"7b3307f\" data-element_type=\"widget\" data-e-type=\"widget\" data-widget_type=\"heading.default\">\n\t\t\t\t<div class=\"elementor-widget-container\">\n\t\t\t\t\t<h3 class=\"elementor-heading-title elementor-size-default\">Coca dulce de cerezas \"bord des marge\"<\/h3>\t\t\t\t<\/div>\n\t\t\t\t<\/div>\n\t\t\t\t<div class=\"elementor-element elementor-element-cdb2d01 elementor-widget elementor-widget-text-editor\" data-id=\"cdb2d01\" data-element_type=\"widget\" data-e-type=\"widget\" data-widget_type=\"text-editor.default\">\n\t\t\t\t<div class=\"elementor-widget-container\">\n\t\t\t\t\t\t\t\t\t<p>Receta de Xavier Font \u2013 L\u2019Exquisit.<\/p><p><strong>Ingredientes principales<\/strong><\/p><ul><li>Cerezas.<\/li><\/ul>\t\t\t\t\t\t\t\t<\/div>\n\t\t\t\t<\/div>\n\t\t\t\t<div class=\"elementor-element elementor-element-717b288 elementor-mobile-align-left elementor-widget elementor-widget-button\" data-id=\"717b288\" data-element_type=\"widget\" data-e-type=\"widget\" data-widget_type=\"button.default\">\n\t\t\t\t<div class=\"elementor-widget-container\">\n\t\t\t\t\t\t\t\t\t<div class=\"elementor-button-wrapper\">\n\t\t\t\t\t<a class=\"elementor-button elementor-button-link elementor-size-sm\" href=\"https:\/\/www.youtube.com\/watch?v=53K3jm1OXrE\" target=\"_blank\" rel=\"noopener\">\n\t\t\t\t\t\t<span class=\"elementor-button-content-wrapper\">\n\t\t\t\t\t\t\t\t\t<span class=\"elementor-button-text\">Mira la receta en v\u00eddeo<\/span>\n\t\t\t\t\t<\/span>\n\t\t\t\t\t<\/a>\n\t\t\t\t<\/div>\n\t\t\t\t\t\t\t\t<\/div>\n\t\t\t\t<\/div>\n\t\t\t\t<\/div>\n\t\t\t\t<\/div>\n\t\t\t\t<div class=\"elementor-element elementor-element-6b553ff elementor-widget-divider--view-line elementor-widget elementor-widget-divider\" data-id=\"6b553ff\" data-element_type=\"widget\" data-e-type=\"widget\" data-widget_type=\"divider.default\">\n\t\t\t\t<div class=\"elementor-widget-container\">\n\t\t\t\t\t\t\t<div class=\"elementor-divider\">\n\t\t\t<span class=\"elementor-divider-separator\">\n\t\t\t\t\t\t<\/span>\n\t\t<\/div>\n\t\t\t\t\t\t<\/div>\n\t\t\t\t<\/div>\n\t\t\t\t<div class=\"elementor-element elementor-element-c6945b5 elementor-widget elementor-widget-heading\" data-id=\"c6945b5\" data-element_type=\"widget\" data-e-type=\"widget\" data-widget_type=\"heading.default\">\n\t\t\t\t<div class=\"elementor-widget-container\">\n\t\t\t\t\t<h2 class=\"elementor-heading-title elementor-size-default\">\u00bfCu\u00e1ndo sembrar las variedades de primavera?<\/h2>\t\t\t\t<\/div>\n\t\t\t\t<\/div>\n\t\t\t\t<div class=\"elementor-element elementor-element-9b2f546 elementor-widget elementor-widget-text-editor\" data-id=\"9b2f546\" data-element_type=\"widget\" data-e-type=\"widget\" data-widget_type=\"text-editor.default\">\n\t\t\t\t<div class=\"elementor-widget-container\">\n\t\t\t\t\t\t\t\t\t<p data-start=\"2389\" data-end=\"2485\">\u00bfQuieres cultivar estas variedades para futuras primaveras? Aqu\u00ed tienes su calendario de siembra.<\/p><div class=\"_tableContainer_80l1q_1\">\u00a0<\/div>\t\t\t\t\t\t\t\t<\/div>\n\t\t\t\t<\/div>\n\t\t<div class=\"elementor-element elementor-element-2820495 e-con-full e-flex e-con e-child\" data-id=\"2820495\" data-element_type=\"container\" data-e-type=\"container\">\n\t\t<div class=\"elementor-element elementor-element-f8d8813 e-con-full e-flex e-con e-child\" data-id=\"f8d8813\" data-element_type=\"container\" data-e-type=\"container\">\n\t\t\t\t<div class=\"elementor-element elementor-element-cba6aca elementor-widget elementor-widget-image\" data-id=\"cba6aca\" data-element_type=\"widget\" data-e-type=\"widget\" data-widget_type=\"image.default\">\n\t\t\t\t<div class=\"elementor-widget-container\">\n\t\t\t\t\t\t\t\t\t\t\t\t\t\t\t\t<a href=\"https:\/\/varietatslocals.org\/es\/producto\/ciuro-mallorqui\/\">\n\t\t\t\t\t\t\t<img loading=\"lazy\" decoding=\"async\" width=\"600\" height=\"600\" src=\"https:\/\/varietatslocals.org\/wp-content\/uploads\/2025\/05\/Ciuro-mallorqui-600-x-600-px.jpg\" class=\"attachment-large size-large wp-image-7861\" alt=\"Garbanzo mallorqu\u00edn\" srcset=\"https:\/\/varietatslocals.org\/wp-content\/uploads\/2025\/05\/Ciuro-mallorqui-600-x-600-px.jpg 600w, https:\/\/varietatslocals.org\/wp-content\/uploads\/2025\/05\/Ciuro-mallorqui-600-x-600-px-12x12.jpg 12w, https:\/\/varietatslocals.org\/wp-content\/uploads\/2025\/05\/Ciuro-mallorqui-600-x-600-px-300x300.jpg 300w, https:\/\/varietatslocals.org\/wp-content\/uploads\/2025\/05\/Ciuro-mallorqui-600-x-600-px-100x100.jpg 100w\" sizes=\"(max-width: 600px) 100vw, 600px\" title=\"\">\t\t\t\t\t\t\t\t<\/a>\n\t\t\t\t\t\t\t\t\t\t\t\t\t\t\t<\/div>\n\t\t\t\t<\/div>\n\t\t\t\t<div class=\"elementor-element elementor-element-11b44c4 elementor-widget elementor-widget-heading\" data-id=\"11b44c4\" data-element_type=\"widget\" data-e-type=\"widget\" data-widget_type=\"heading.default\">\n\t\t\t\t<div class=\"elementor-widget-container\">\n\t\t\t\t\t<h4 class=\"elementor-heading-title elementor-size-default\">Garbanzo mallorqu\u00edn<\/h4>\t\t\t\t<\/div>\n\t\t\t\t<\/div>\n\t\t\t\t<div class=\"elementor-element elementor-element-81b7a4a elementor-widget elementor-widget-text-editor\" data-id=\"81b7a4a\" data-element_type=\"widget\" data-e-type=\"widget\" data-widget_type=\"text-editor.default\">\n\t\t\t\t<div class=\"elementor-widget-container\">\n\t\t\t\t\t\t\t\t\t<p>Se puede\u00a0<strong>sembrar directamente desde finales de diciembre hasta principios de febrero<\/strong>. Se comienza a cosechar a partir de mayo.<\/p>\t\t\t\t\t\t\t\t<\/div>\n\t\t\t\t<\/div>\n\t\t\t\t<div class=\"elementor-element elementor-element-f0cba28 elementor-widget elementor-widget-button\" data-id=\"f0cba28\" data-element_type=\"widget\" data-e-type=\"widget\" data-widget_type=\"button.default\">\n\t\t\t\t<div class=\"elementor-widget-container\">\n\t\t\t\t\t\t\t\t\t<div class=\"elementor-button-wrapper\">\n\t\t\t\t\t<a class=\"elementor-button elementor-button-link elementor-size-sm\" href=\"https:\/\/varietatslocals.org\/es\/producto\/ciuro-mallorqui\/\">\n\t\t\t\t\t\t<span class=\"elementor-button-content-wrapper\">\n\t\t\t\t\t\t\t\t\t<span class=\"elementor-button-text\">Ver en la tienda<\/span>\n\t\t\t\t\t<\/span>\n\t\t\t\t\t<\/a>\n\t\t\t\t<\/div>\n\t\t\t\t\t\t\t\t<\/div>\n\t\t\t\t<\/div>\n\t\t\t\t<\/div>\n\t\t<div class=\"elementor-element elementor-element-34894d1 e-con-full e-flex e-con e-child\" data-id=\"34894d1\" data-element_type=\"container\" data-e-type=\"container\">\n\t\t\t\t<div class=\"elementor-element elementor-element-2d1daef elementor-widget elementor-widget-image\" data-id=\"2d1daef\" data-element_type=\"widget\" data-e-type=\"widget\" data-widget_type=\"image.default\">\n\t\t\t\t<div class=\"elementor-widget-container\">\n\t\t\t\t\t\t\t\t\t\t\t\t\t\t\t\t<a href=\"https:\/\/varietatslocals.org\/es\/producto\/trigo-de-las-indias\/\">\n\t\t\t\t\t\t\t<img loading=\"lazy\" decoding=\"async\" width=\"500\" height=\"500\" src=\"https:\/\/varietatslocals.org\/wp-content\/uploads\/2024\/02\/Blat-de-les-indies.jpg\" class=\"attachment-large size-large wp-image-3292\" alt=\"Ma\u00edz\" srcset=\"https:\/\/varietatslocals.org\/wp-content\/uploads\/2024\/02\/Blat-de-les-indies.jpg 500w, https:\/\/varietatslocals.org\/wp-content\/uploads\/2024\/02\/Blat-de-les-indies-300x300.jpg 300w, https:\/\/varietatslocals.org\/wp-content\/uploads\/2024\/02\/Blat-de-les-indies-100x100.jpg 100w\" sizes=\"(max-width: 500px) 100vw, 500px\" title=\"\">\t\t\t\t\t\t\t\t<\/a>\n\t\t\t\t\t\t\t\t\t\t\t\t\t\t\t<\/div>\n\t\t\t\t<\/div>\n\t\t\t\t<div class=\"elementor-element elementor-element-0a26d4f elementor-widget elementor-widget-heading\" data-id=\"0a26d4f\" data-element_type=\"widget\" data-e-type=\"widget\" data-widget_type=\"heading.default\">\n\t\t\t\t<div class=\"elementor-widget-container\">\n\t\t\t\t\t<h4 class=\"elementor-heading-title elementor-size-default\">Ma\u00edz<\/h4>\t\t\t\t<\/div>\n\t\t\t\t<\/div>\n\t\t\t\t<div class=\"elementor-element elementor-element-7b82912 elementor-widget elementor-widget-text-editor\" data-id=\"7b82912\" data-element_type=\"widget\" data-e-type=\"widget\" data-widget_type=\"text-editor.default\">\n\t\t\t\t<div class=\"elementor-widget-container\">\n\t\t\t\t\t\t\t\t\t<p>Se puede hacer la<strong>\u00a0siembra directa a partir de abril y mayo<\/strong>, para cosechar cuando la planta comienza a secarse.<\/p>\t\t\t\t\t\t\t\t<\/div>\n\t\t\t\t<\/div>\n\t\t\t\t<div class=\"elementor-element elementor-element-e2af6a1 elementor-widget elementor-widget-button\" data-id=\"e2af6a1\" data-element_type=\"widget\" data-e-type=\"widget\" data-widget_type=\"button.default\">\n\t\t\t\t<div class=\"elementor-widget-container\">\n\t\t\t\t\t\t\t\t\t<div class=\"elementor-button-wrapper\">\n\t\t\t\t\t<a class=\"elementor-button elementor-button-link elementor-size-sm\" href=\"https:\/\/varietatslocals.org\/es\/producto\/trigo-de-las-indias\/\">\n\t\t\t\t\t\t<span class=\"elementor-button-content-wrapper\">\n\t\t\t\t\t\t\t\t\t<span class=\"elementor-button-text\">Ver en la tienda<\/span>\n\t\t\t\t\t<\/span>\n\t\t\t\t\t<\/a>\n\t\t\t\t<\/div>\n\t\t\t\t\t\t\t\t<\/div>\n\t\t\t\t<\/div>\n\t\t\t\t<\/div>\n\t\t<div class=\"elementor-element elementor-element-8c3317d e-con-full e-flex e-con e-child\" data-id=\"8c3317d\" data-element_type=\"container\" data-e-type=\"container\">\n\t\t\t\t<div class=\"elementor-element elementor-element-6e906d2 elementor-widget elementor-widget-image\" data-id=\"6e906d2\" data-element_type=\"widget\" data-e-type=\"widget\" data-widget_type=\"image.default\">\n\t\t\t\t<div class=\"elementor-widget-container\">\n\t\t\t\t\t\t\t\t\t\t\t\t\t\t\t\t<a href=\"https:\/\/varietatslocals.org\/es\/producto\/calabaza-de-encarabasado\/\">\n\t\t\t\t\t\t\t<img loading=\"lazy\" decoding=\"async\" width=\"600\" height=\"600\" src=\"https:\/\/varietatslocals.org\/wp-content\/uploads\/2025\/05\/Carabassa-dencarabassat-600-x-600-px.jpg\" class=\"attachment-large size-large wp-image-7859\" alt=\"Calabaza &quot;d&#039;encarabassat&quot;\" srcset=\"https:\/\/varietatslocals.org\/wp-content\/uploads\/2025\/05\/Carabassa-dencarabassat-600-x-600-px.jpg 600w, https:\/\/varietatslocals.org\/wp-content\/uploads\/2025\/05\/Carabassa-dencarabassat-600-x-600-px-12x12.jpg 12w, https:\/\/varietatslocals.org\/wp-content\/uploads\/2025\/05\/Carabassa-dencarabassat-600-x-600-px-300x300.jpg 300w, https:\/\/varietatslocals.org\/wp-content\/uploads\/2025\/05\/Carabassa-dencarabassat-600-x-600-px-100x100.jpg 100w\" sizes=\"(max-width: 600px) 100vw, 600px\" title=\"\">\t\t\t\t\t\t\t\t<\/a>\n\t\t\t\t\t\t\t\t\t\t\t\t\t\t\t<\/div>\n\t\t\t\t<\/div>\n\t\t\t\t<div class=\"elementor-element elementor-element-dd43723 elementor-widget elementor-widget-heading\" data-id=\"dd43723\" data-element_type=\"widget\" data-e-type=\"widget\" data-widget_type=\"heading.default\">\n\t\t\t\t<div class=\"elementor-widget-container\">\n\t\t\t\t\t<h4 class=\"elementor-heading-title elementor-size-default\">Calabaza \"d'encarabassat\"<\/h4>\t\t\t\t<\/div>\n\t\t\t\t<\/div>\n\t\t\t\t<div class=\"elementor-element elementor-element-7bd2d7a elementor-widget elementor-widget-text-editor\" data-id=\"7bd2d7a\" data-element_type=\"widget\" data-e-type=\"widget\" data-widget_type=\"text-editor.default\">\n\t\t\t\t<div class=\"elementor-widget-container\">\n\t\t\t\t\t\t\t\t\t<p>Se puede empezar en\u00a0<strong>sembrar a mediados de mayo, hasta finales de junio<\/strong>. La recolecci\u00f3n se realiza a partir de septiembre.<\/p>\t\t\t\t\t\t\t\t<\/div>\n\t\t\t\t<\/div>\n\t\t\t\t<div class=\"elementor-element elementor-element-6462450 elementor-widget elementor-widget-button\" data-id=\"6462450\" data-element_type=\"widget\" data-e-type=\"widget\" data-widget_type=\"button.default\">\n\t\t\t\t<div class=\"elementor-widget-container\">\n\t\t\t\t\t\t\t\t\t<div class=\"elementor-button-wrapper\">\n\t\t\t\t\t<a class=\"elementor-button elementor-button-link elementor-size-sm\" href=\"https:\/\/varietatslocals.org\/es\/producto\/calabaza-de-encarabasado\/\">\n\t\t\t\t\t\t<span class=\"elementor-button-content-wrapper\">\n\t\t\t\t\t\t\t\t\t<span class=\"elementor-button-text\">Ver en la tienda<\/span>\n\t\t\t\t\t<\/span>\n\t\t\t\t\t<\/a>\n\t\t\t\t<\/div>\n\t\t\t\t\t\t\t\t<\/div>\n\t\t\t\t<\/div>\n\t\t\t\t<\/div>\n\t\t\t\t<\/div>\n\t\t\t\t<div class=\"elementor-element elementor-element-c4d2c00 elementor-widget elementor-widget-text-editor\" data-id=\"c4d2c00\" data-element_type=\"widget\" data-e-type=\"widget\" data-widget_type=\"text-editor.default\">\n\t\t\t\t<div class=\"elementor-widget-container\">\n\t\t\t\t\t\t\t\t\t<p>\u00bfQuieres sembrar alguna de estas variedades? Visita nuestra <a href=\"https:\/\/varietatslocals.org\/es\/tienda-2\/\" target=\"_blank\" rel=\"noopener\">tienda de semillas de variedades locales<\/a>.<\/p>\t\t\t\t\t\t\t\t<\/div>\n\t\t\t\t<\/div>\n\t\t\t\t<div class=\"elementor-element elementor-element-99cddea elementor-widget-divider--view-line elementor-widget elementor-widget-divider\" data-id=\"99cddea\" data-element_type=\"widget\" data-e-type=\"widget\" data-widget_type=\"divider.default\">\n\t\t\t\t<div class=\"elementor-widget-container\">\n\t\t\t\t\t\t\t<div class=\"elementor-divider\">\n\t\t\t<span class=\"elementor-divider-separator\">\n\t\t\t\t\t\t<\/span>\n\t\t<\/div>\n\t\t\t\t\t\t<\/div>\n\t\t\t\t<\/div>\n\t\t\t\t<div class=\"elementor-element elementor-element-ce14402 elementor-widget elementor-widget-heading\" data-id=\"ce14402\" data-element_type=\"widget\" data-e-type=\"widget\" data-widget_type=\"heading.default\">\n\t\t\t\t<div class=\"elementor-widget-container\">\n\t\t\t\t\t<h2 class=\"elementor-heading-title elementor-size-default\">\u00bfPor qu\u00e9 cocinar con ingredientes de temporada?<\/h2>\t\t\t\t<\/div>\n\t\t\t\t<\/div>\n\t\t\t\t<div class=\"elementor-element elementor-element-e0e0b89 elementor-widget elementor-widget-text-editor\" data-id=\"e0e0b89\" data-element_type=\"widget\" data-e-type=\"widget\" data-widget_type=\"text-editor.default\">\n\t\t\t\t<div class=\"elementor-widget-container\">\n\t\t\t\t\t\t\t\t\t<p>Cocinar con productos de temporada no es s\u00f3lo una opci\u00f3n saludable, es una actitud que transforma la forma en que nos alimentamos.<\/p><p>Cada plato de temporada es una forma de cuidar nuestro modelo productivo y la cultura que le rodea.<\/p><ul><li><strong>M\u00e1s sabor:<\/strong> cosechados en su punto \u00f3ptimo de maduraci\u00f3n.<\/li><li><strong>M\u00e1s nutrientes:<\/strong> la naturaleza nos da lo que el cuerpo necesita en cada momento.<\/li><li><strong>M\u00e1s sostenibilidad: <\/strong>reducimos el impacto ambiental evitando producciones forzadas o transporte lejano.<\/li><li><strong>M\u00e1s arraigo: <\/strong>conectamos con recetas, sabores y variedades que son patrimonio vivo.<\/li><\/ul>\t\t\t\t\t\t\t\t<\/div>\n\t\t\t\t<\/div>\n\t\t\t\t<div class=\"elementor-element elementor-element-9894d78 elementor-widget-divider--view-line elementor-widget elementor-widget-divider\" data-id=\"9894d78\" data-element_type=\"widget\" data-e-type=\"widget\" data-widget_type=\"divider.default\">\n\t\t\t\t<div class=\"elementor-widget-container\">\n\t\t\t\t\t\t\t<div class=\"elementor-divider\">\n\t\t\t<span class=\"elementor-divider-separator\">\n\t\t\t\t\t\t<\/span>\n\t\t<\/div>\n\t\t\t\t\t\t<\/div>\n\t\t\t\t<\/div>\n\t\t\t\t<div class=\"elementor-element elementor-element-84e1417 elementor-widget elementor-widget-heading\" data-id=\"84e1417\" data-element_type=\"widget\" data-e-type=\"widget\" data-widget_type=\"heading.default\">\n\t\t\t\t<div class=\"elementor-widget-container\">\n\t\t\t\t\t<h2 class=\"elementor-heading-title elementor-size-default\">Preguntas frecuentes sobre la cocina de temporada<\/h2>\t\t\t\t<\/div>\n\t\t\t\t<\/div>\n\t\t\t\t<div class=\"elementor-element elementor-element-e35b46d elementor-widget elementor-widget-n-accordion\" data-id=\"e35b46d\" data-element_type=\"widget\" data-e-type=\"widget\" data-settings=\"{&quot;default_state&quot;:&quot;expanded&quot;,&quot;max_items_expended&quot;:&quot;one&quot;,&quot;n_accordion_animation_duration&quot;:{&quot;unit&quot;:&quot;ms&quot;,&quot;size&quot;:400,&quot;sizes&quot;:[]}}\" data-widget_type=\"nested-accordion.default\">\n\t\t\t\t<div class=\"elementor-widget-container\">\n\t\t\t\t\t\t\t<div class=\"e-n-accordion\" aria-label=\"Accorde\u00f3n. Open links with Enter or Space, close with Escape, and navigate with Arrow Keys\">\n\t\t\t\t\t\t<details id=\"e-n-accordion-item-2380\" class=\"e-n-accordion-item\" open>\n\t\t\t\t<summary class=\"e-n-accordion-item-title\" data-accordion-index=\"1\" tabindex=\"0\" aria-expanded=\"true\" aria-controls=\"e-n-accordion-item-2380\" >\n\t\t\t\t\t<span class='e-n-accordion-item-title-header'><p class=\"e-n-accordion-item-title-text\"> \u00bfQu\u00e9 ventajas tiene cocinar con variedades locales? <\/p><\/span>\n\t\t\t\t\t\t\t<span class='e-n-accordion-item-title-icon'>\n\t\t\t<span class='e-opened' ><svg aria-hidden=\"true\" class=\"e-font-icon-svg e-fas-minus\" viewbox=\"0 0 448 512\" xmlns=\"http:\/\/www.w3.org\/2000\/svg\"><path d=\"M416 208H32c-17.67 0-32 14.33-32 32v32c0 17.67 14.33 32 32 32h384c17.67 0 32-14.33 32-32v-32c0-17.67-14.33-32-32-32z\"><\/path><\/svg><\/span>\n\t\t\t<span class='e-closed'><svg aria-hidden=\"true\" class=\"e-font-icon-svg e-fas-plus\" viewbox=\"0 0 448 512\" xmlns=\"http:\/\/www.w3.org\/2000\/svg\"><path d=\"M416 208H272V64c0-17.67-14.33-32-32-32h-32c-17.67 0-32 14.33-32 32v144H32c-17.67 0-32 14.33-32 32v32c0 17.67 14.33 32 32 32h144v144c0 17.67 14.33 32 32 32h32c17.67 0 32-14.33 32-32V304h144c17.67 0 32-14.33 32-32v-32c0-17.67-14.33-32-32-32z\"><\/path><\/svg><\/span>\n\t\t<\/span>\n\n\t\t\t\t\t\t<\/summary>\n\t\t\t\t<div role=\"region\" aria-labelledby=\"e-n-accordion-item-2380\" class=\"elementor-element elementor-element-02dfb9d e-con-full e-flex e-con e-child\" data-id=\"02dfb9d\" data-element_type=\"container\" data-e-type=\"container\">\n\t\t<div role=\"region\" aria-labelledby=\"e-n-accordion-item-2380\" class=\"elementor-element elementor-element-ea6bc01 e-flex e-con-boxed e-con e-child\" data-id=\"ea6bc01\" data-element_type=\"container\" data-e-type=\"container\">\n\t\t\t\t\t<div class=\"e-con-inner\">\n\t\t\t\t<div class=\"elementor-element elementor-element-38636ba elementor-widget elementor-widget-text-editor\" data-id=\"38636ba\" data-element_type=\"widget\" data-e-type=\"widget\" data-widget_type=\"text-editor.default\">\n\t\t\t\t<div class=\"elementor-widget-container\">\n\t\t\t\t\t\t\t\t\t<p data-start=\"3875\" data-end=\"4015\">Son m\u00e1s adaptadas al clima, tienen mejor sabor y ayudan a conservar su biodiversidad.<\/p>\t\t\t\t\t\t\t\t<\/div>\n\t\t\t\t<\/div>\n\t\t\t\t\t<\/div>\n\t\t\t\t<\/div>\n\t\t\t\t<\/div>\n\t\t\t\t\t<\/details>\n\t\t\t\t\t\t<details id=\"e-n-accordion-item-2381\" class=\"e-n-accordion-item\" >\n\t\t\t\t<summary class=\"e-n-accordion-item-title\" data-accordion-index=\"2\" tabindex=\"-1\" aria-expanded=\"false\" aria-controls=\"e-n-accordion-item-2381\" >\n\t\t\t\t\t<span class='e-n-accordion-item-title-header'><p class=\"e-n-accordion-item-title-text\"> \u00bfPuedo encontrar estas variedades en tienda? <\/p><\/span>\n\t\t\t\t\t\t\t<span class='e-n-accordion-item-title-icon'>\n\t\t\t<span class='e-opened' ><svg aria-hidden=\"true\" class=\"e-font-icon-svg e-fas-minus\" viewbox=\"0 0 448 512\" xmlns=\"http:\/\/www.w3.org\/2000\/svg\"><path d=\"M416 208H32c-17.67 0-32 14.33-32 32v32c0 17.67 14.33 32 32 32h384c17.67 0 32-14.33 32-32v-32c0-17.67-14.33-32-32-32z\"><\/path><\/svg><\/span>\n\t\t\t<span class='e-closed'><svg aria-hidden=\"true\" class=\"e-font-icon-svg e-fas-plus\" viewbox=\"0 0 448 512\" xmlns=\"http:\/\/www.w3.org\/2000\/svg\"><path d=\"M416 208H272V64c0-17.67-14.33-32-32-32h-32c-17.67 0-32 14.33-32 32v144H32c-17.67 0-32 14.33-32 32v32c0 17.67 14.33 32 32 32h144v144c0 17.67 14.33 32 32 32h32c17.67 0 32-14.33 32-32V304h144c17.67 0 32-14.33 32-32v-32c0-17.67-14.33-32-32-32z\"><\/path><\/svg><\/span>\n\t\t<\/span>\n\n\t\t\t\t\t\t<\/summary>\n\t\t\t\t<div role=\"region\" aria-labelledby=\"e-n-accordion-item-2381\" class=\"elementor-element elementor-element-5961691 e-con-full e-flex e-con e-child\" data-id=\"5961691\" data-element_type=\"container\" data-e-type=\"container\">\n\t\t<div role=\"region\" aria-labelledby=\"e-n-accordion-item-2381\" class=\"elementor-element elementor-element-3062daa e-flex e-con-boxed e-con e-child\" data-id=\"3062daa\" data-element_type=\"container\" data-e-type=\"container\">\n\t\t\t\t\t<div class=\"e-con-inner\">\n\t\t\t\t<div class=\"elementor-element elementor-element-a63275f elementor-widget elementor-widget-text-editor\" data-id=\"a63275f\" data-element_type=\"widget\" data-e-type=\"widget\" data-widget_type=\"text-editor.default\">\n\t\t\t\t<div class=\"elementor-widget-container\">\n\t\t\t\t\t\t\t\t\t<p>S\u00ed, todas las variedades de las recetas est\u00e1n disponibles <a href=\"https:\/\/varietatslocals.org\/es\/tienda-2\/\" target=\"_blank\" rel=\"noopener\">aqu\u00ed<\/a>.<\/p>\t\t\t\t\t\t\t\t<\/div>\n\t\t\t\t<\/div>\n\t\t\t\t\t<\/div>\n\t\t\t\t<\/div>\n\t\t\t\t<\/div>\n\t\t\t\t\t<\/details>\n\t\t\t\t\t\t<details id=\"e-n-accordion-item-2382\" class=\"e-n-accordion-item\" >\n\t\t\t\t<summary class=\"e-n-accordion-item-title\" data-accordion-index=\"3\" tabindex=\"-1\" aria-expanded=\"false\" aria-controls=\"e-n-accordion-item-2382\" >\n\t\t\t\t\t<span class='e-n-accordion-item-title-header'><p class=\"e-n-accordion-item-title-text\"> \u00bfLas recetas son adecuadas para dietas vegetales? <\/p><\/span>\n\t\t\t\t\t\t\t<span class='e-n-accordion-item-title-icon'>\n\t\t\t<span class='e-opened' ><svg aria-hidden=\"true\" class=\"e-font-icon-svg e-fas-minus\" viewbox=\"0 0 448 512\" xmlns=\"http:\/\/www.w3.org\/2000\/svg\"><path d=\"M416 208H32c-17.67 0-32 14.33-32 32v32c0 17.67 14.33 32 32 32h384c17.67 0 32-14.33 32-32v-32c0-17.67-14.33-32-32-32z\"><\/path><\/svg><\/span>\n\t\t\t<span class='e-closed'><svg aria-hidden=\"true\" class=\"e-font-icon-svg e-fas-plus\" viewbox=\"0 0 448 512\" xmlns=\"http:\/\/www.w3.org\/2000\/svg\"><path d=\"M416 208H272V64c0-17.67-14.33-32-32-32h-32c-17.67 0-32 14.33-32 32v144H32c-17.67 0-32 14.33-32 32v32c0 17.67 14.33 32 32 32h144v144c0 17.67 14.33 32 32 32h32c17.67 0 32-14.33 32-32V304h144c17.67 0 32-14.33 32-32v-32c0-17.67-14.33-32-32-32z\"><\/path><\/svg><\/span>\n\t\t<\/span>\n\n\t\t\t\t\t\t<\/summary>\n\t\t\t\t<div role=\"region\" aria-labelledby=\"e-n-accordion-item-2382\" class=\"elementor-element elementor-element-9a1c12b e-con-full e-flex e-con e-child\" data-id=\"9a1c12b\" data-element_type=\"container\" data-e-type=\"container\">\n\t\t<div role=\"region\" aria-labelledby=\"e-n-accordion-item-2382\" class=\"elementor-element elementor-element-9c15fd4 e-flex e-con-boxed e-con e-child\" data-id=\"9c15fd4\" data-element_type=\"container\" data-e-type=\"container\">\n\t\t\t\t\t<div class=\"e-con-inner\">\n\t\t\t\t<div class=\"elementor-element elementor-element-d3e15ba elementor-widget elementor-widget-text-editor\" data-id=\"d3e15ba\" data-element_type=\"widget\" data-e-type=\"widget\" data-widget_type=\"text-editor.default\">\n\t\t\t\t<div class=\"elementor-widget-container\">\n\t\t\t\t\t\t\t\t\t<p data-start=\"4174\" data-end=\"4289\">S\u00ed, muchas de ellas son vegetarianas o f\u00e1cilmente adaptables.<\/p>\t\t\t\t\t\t\t\t<\/div>\n\t\t\t\t<\/div>\n\t\t\t\t\t<\/div>\n\t\t\t\t<\/div>\n\t\t\t\t<\/div>\n\t\t\t\t\t<\/details>\n\t\t\t\t\t<\/div>\n\t\t\t\t\t\t<\/div>\n\t\t\t\t<\/div>\n\t\t\t\t<div class=\"elementor-element elementor-element-00f738d elementor-widget elementor-widget-spacer\" data-id=\"00f738d\" data-element_type=\"widget\" data-e-type=\"widget\" data-widget_type=\"spacer.default\">\n\t\t\t\t<div class=\"elementor-widget-container\">\n\t\t\t\t\t\t\t<div class=\"elementor-spacer\">\n\t\t\t<div class=\"elementor-spacer-inner\"><\/div>\n\t\t<\/div>\n\t\t\t\t\t\t<\/div>\n\t\t\t\t<\/div>\n\t\t\t\t<\/div>\n\t\t\t\t\t<\/div>\n\t\t\t\t<\/div>\n\t\t\t\t<\/div>","protected":false},"excerpt":{"rendered":"<p>Receptes de primavera amb varietats locals mallorquines Cuina de temporada amb les receptes de primavera Quan arriba la primavera, la terra desperta i l\u2019hort es vesteix de verd tendre. \u00c9s el moment de reconnectar amb els cicles naturals i la cuina mallorquina ens ho posa f\u00e0cil, plats lleugers, plens de nutrients i amb ingredients de [&hellip;]<\/p>\n","protected":false},"author":1,"featured_media":0,"parent":0,"menu_order":0,"comment_status":"closed","ping_status":"closed","template":"","meta":{"_joinchat":[],"footnotes":""},"class_list":["post-8302","page","type-page","status-publish","hentry"],"_links":{"self":[{"href":"https:\/\/varietatslocals.org\/es\/wp-json\/wp\/v2\/pages\/8302","targetHints":{"allow":["GET"]}}],"collection":[{"href":"https:\/\/varietatslocals.org\/es\/wp-json\/wp\/v2\/pages"}],"about":[{"href":"https:\/\/varietatslocals.org\/es\/wp-json\/wp\/v2\/types\/page"}],"author":[{"embeddable":true,"href":"https:\/\/varietatslocals.org\/es\/wp-json\/wp\/v2\/users\/1"}],"replies":[{"embeddable":true,"href":"https:\/\/varietatslocals.org\/es\/wp-json\/wp\/v2\/comments?post=8302"}],"version-history":[{"count":0,"href":"https:\/\/varietatslocals.org\/es\/wp-json\/wp\/v2\/pages\/8302\/revisions"}],"wp:attachment":[{"href":"https:\/\/varietatslocals.org\/es\/wp-json\/wp\/v2\/media?parent=8302"}],"curies":[{"name":"wp","href":"https:\/\/api.w.org\/{rel}","templated":true}]}}