{"id":8346,"date":"2025-07-26T17:48:29","date_gmt":"2025-07-26T15:48:29","guid":{"rendered":"https:\/\/varietatslocals.org\/?page_id=8346"},"modified":"2025-11-03T14:23:41","modified_gmt":"2025-11-03T13:23:41","slug":"recetas-de-temporada-de-otono-con-variedades-locales-de-mallorca","status":"publish","type":"page","link":"https:\/\/varietatslocals.org\/es\/receptes-de-temporada-de-tardor-amb-varietats-locals-de-mallorca\/","title":{"rendered":"Recetas de temporada de oto\u00f1o con Variedades Locales de Mallorca"},"content":{"rendered":"<div data-elementor-type=\"wp-page\" data-elementor-id=\"8346\" class=\"elementor elementor-8346\" data-elementor-post-type=\"page\">\n\t\t\t\t<div class=\"elementor-element elementor-element-85dd302 e-flex e-con-boxed e-con e-parent\" data-id=\"85dd302\" data-element_type=\"container\" data-e-type=\"container\" data-settings=\"{&quot;background_background&quot;:&quot;classic&quot;}\">\n\t\t\t\t\t<div class=\"e-con-inner\">\n\t\t\t\t<div class=\"elementor-element elementor-element-8dc049a elementor-widget elementor-widget-heading\" data-id=\"8dc049a\" data-element_type=\"widget\" data-e-type=\"widget\" data-widget_type=\"heading.default\">\n\t\t\t\t<div class=\"elementor-widget-container\">\n\t\t\t\t\t<h1 class=\"elementor-heading-title elementor-size-default\">Recetas de oto\u00f1o con variedades locales de Mallorca<\/h1>\t\t\t\t<\/div>\n\t\t\t\t<\/div>\n\t\t\t\t\t<\/div>\n\t\t\t\t<\/div>\n\t\t<div class=\"elementor-element elementor-element-fa70c2d e-flex e-con-boxed e-con e-parent\" data-id=\"fa70c2d\" data-element_type=\"container\" data-e-type=\"container\" data-settings=\"{&quot;background_background&quot;:&quot;classic&quot;}\">\n\t\t\t\t\t<div class=\"e-con-inner\">\n\t\t<div class=\"elementor-element elementor-element-972dd9e e-con-full e-flex e-con e-child\" data-id=\"972dd9e\" data-element_type=\"container\" data-e-type=\"container\">\n\t\t\t\t<div class=\"elementor-element elementor-element-3b0efcd elementor-widget elementor-widget-text-editor\" data-id=\"3b0efcd\" data-element_type=\"widget\" data-e-type=\"widget\" data-widget_type=\"text-editor.default\">\n\t\t\t\t<div class=\"elementor-widget-container\">\n\t\t\t\t\t\t\t\t\t<p data-start=\"231\" data-end=\"495\">Cuando llega el oto\u00f1o, la naturaleza cambia de ritmo. El paisaje se vuelve dorado, el aire m\u00e1s fresco, y la cocina se hace m\u00e1s pausada y reconfortante.<\/p><p data-start=\"497\" data-end=\"812\">En Variedades Locales queremos acompa\u00f1arte en esta estaci\u00f3n con una selecci\u00f3n de recetas tradicionales de oto\u00f1o elaboradas con variedades locales de Mallorca. Son platos que combinan sabor, sostenibilidad y memoria. Y si quieres dar un paso m\u00e1s, tambi\u00e9n te mostramos c\u00f3mo <a href=\"https:\/\/varietatslocals.org\/es\/tienda-2\/\" target=\"_blank\" rel=\"noopener\">sembrar las semillas<\/a> que dan vida a esos ingredientes.<\/p>\t\t\t\t\t\t\t\t<\/div>\n\t\t\t\t<\/div>\n\t\t\t\t<div class=\"elementor-element elementor-element-ea62e46 elementor-widget elementor-widget-heading\" data-id=\"ea62e46\" data-element_type=\"widget\" data-e-type=\"widget\" data-widget_type=\"heading.default\">\n\t\t\t\t<div class=\"elementor-widget-container\">\n\t\t\t\t\t<h2 class=\"elementor-heading-title elementor-size-default\">\u00bfPor qu\u00e9 cocinar recetas de temporada en oto\u00f1o?<\/h2>\t\t\t\t<\/div>\n\t\t\t\t<\/div>\n\t\t\t\t<div class=\"elementor-element elementor-element-b78eab9 elementor-widget elementor-widget-text-editor\" data-id=\"b78eab9\" data-element_type=\"widget\" data-e-type=\"widget\" data-widget_type=\"text-editor.default\">\n\t\t\t\t<div class=\"elementor-widget-container\">\n\t\t\t\t\t\t\t\t\t<p>Cocinar con ingredientes de temporada en oto\u00f1o tiene m\u00faltiples beneficios. Esta \u00e9poca nos invita a nutrirnos con platos m\u00e1s completos y nutritivos, ideales para preparar el cuerpo en invierno.<\/p><p>Las legumbres, hortalizas de ra\u00edz y verduras de hoja son protagonistas de esta cocina. Aportan hierro, fibra, vitaminas del grupo B y otros muchos nutrientes esenciales para mantener la vitalidad y reforzar las defensas.<\/p><p>Adem\u00e1s, consumir variedades locales de temporada refuerza la econom\u00eda campesina, reduce el impacto ambiental y nos reconecta con el territorio y la cultura alimentaria propia.<\/p>\t\t\t\t\t\t\t\t<\/div>\n\t\t\t\t<\/div>\n\t\t\t\t<div class=\"elementor-element elementor-element-684d976 elementor-widget-divider--view-line elementor-widget elementor-widget-divider\" data-id=\"684d976\" data-element_type=\"widget\" data-e-type=\"widget\" data-widget_type=\"divider.default\">\n\t\t\t\t<div class=\"elementor-widget-container\">\n\t\t\t\t\t\t\t<div class=\"elementor-divider\">\n\t\t\t<span class=\"elementor-divider-separator\">\n\t\t\t\t\t\t<\/span>\n\t\t<\/div>\n\t\t\t\t\t\t<\/div>\n\t\t\t\t<\/div>\n\t\t\t\t<div class=\"elementor-element elementor-element-9eef9fa elementor-widget elementor-widget-heading\" data-id=\"9eef9fa\" data-element_type=\"widget\" data-e-type=\"widget\" data-widget_type=\"heading.default\">\n\t\t\t\t<div class=\"elementor-widget-container\">\n\t\t\t\t\t<h2 class=\"elementor-heading-title elementor-size-default\">Recetas mallorquinas de oto\u00f1o con variedades locales<\/h2>\t\t\t\t<\/div>\n\t\t\t\t<\/div>\n\t\t<div class=\"elementor-element elementor-element-1161b52 e-con-full e-flex e-con e-child\" data-id=\"1161b52\" data-element_type=\"container\" data-e-type=\"container\">\n\t\t\t\t<div class=\"elementor-element elementor-element-99d15e5 elementor-widget elementor-widget-image\" data-id=\"99d15e5\" data-element_type=\"widget\" data-e-type=\"widget\" data-widget_type=\"image.default\">\n\t\t\t\t<div class=\"elementor-widget-container\">\n\t\t\t\t\t\t\t\t\t\t\t\t\t\t\t\t<a href=\"https:\/\/varietatslocals.org\/es\/receta-de-noviembre-lentejas-con-lechuga-oreja-dase\/\" target=\"_blank\">\n\t\t\t\t\t\t\t<img fetchpriority=\"high\" decoding=\"async\" width=\"600\" height=\"600\" src=\"https:\/\/varietatslocals.org\/wp-content\/uploads\/2025\/05\/Llenties-amb-enciam-dorella-dase-600-x-600-px.jpg\" class=\"attachment-large size-large wp-image-7814\" alt=\"Lentejas con lechuga &quot;d&#039;orella d&#039;ase&quot;\" srcset=\"https:\/\/varietatslocals.org\/wp-content\/uploads\/2025\/05\/Llenties-amb-enciam-dorella-dase-600-x-600-px.jpg 600w, https:\/\/varietatslocals.org\/wp-content\/uploads\/2025\/05\/Llenties-amb-enciam-dorella-dase-600-x-600-px-12x12.jpg 12w, https:\/\/varietatslocals.org\/wp-content\/uploads\/2025\/05\/Llenties-amb-enciam-dorella-dase-600-x-600-px-300x300.jpg 300w, https:\/\/varietatslocals.org\/wp-content\/uploads\/2025\/05\/Llenties-amb-enciam-dorella-dase-600-x-600-px-100x100.jpg 100w\" sizes=\"(max-width: 600px) 100vw, 600px\" title=\"\">\t\t\t\t\t\t\t\t<\/a>\n\t\t\t\t\t\t\t\t\t\t\t\t\t\t\t<\/div>\n\t\t\t\t<\/div>\n\t\t<div class=\"elementor-element elementor-element-e97f9d7 e-con-full e-flex e-con e-child\" data-id=\"e97f9d7\" data-element_type=\"container\" data-e-type=\"container\">\n\t\t\t\t<div class=\"elementor-element elementor-element-8b01754 elementor-widget elementor-widget-heading\" data-id=\"8b01754\" data-element_type=\"widget\" data-e-type=\"widget\" data-widget_type=\"heading.default\">\n\t\t\t\t<div class=\"elementor-widget-container\">\n\t\t\t\t\t<h3 class=\"elementor-heading-title elementor-size-default\">Lentejas con lechuga \"d'orella d'ase\"<\/h3>\t\t\t\t<\/div>\n\t\t\t\t<\/div>\n\t\t\t\t<div class=\"elementor-element elementor-element-0b7fdc0 elementor-widget elementor-widget-text-editor\" data-id=\"0b7fdc0\" data-element_type=\"widget\" data-e-type=\"widget\" data-widget_type=\"text-editor.default\">\n\t\t\t\t<div class=\"elementor-widget-container\">\n\t\t\t\t\t\t\t\t\t<p>Las <a href=\"https:\/\/varietatslocals.org\/es\/producto\/lenteja-mallorquina\/\" target=\"_blank\" rel=\"noopener\">lentejas<\/a> combinadas con la<a href=\"https:\/\/varietatslocals.org\/es\/producto\/lechuga-dorella-dase\/\" target=\"_blank\" rel=\"noopener\">lechuga \"d'orella d'ase\"<\/a> crean un plato equilibrado que aprovecha los \u00faltimos productos de temporada.<\/p><p><strong>Ingredientes principales<\/strong><\/p><ul><li>Lentejas.<\/li><li>Lechuga \"d'orella d'ase\"<\/li><\/ul>\t\t\t\t\t\t\t\t<\/div>\n\t\t\t\t<\/div>\n\t\t\t\t<div class=\"elementor-element elementor-element-c3c1c16 elementor-mobile-align-left elementor-widget elementor-widget-button\" data-id=\"c3c1c16\" data-element_type=\"widget\" data-e-type=\"widget\" data-widget_type=\"button.default\">\n\t\t\t\t<div class=\"elementor-widget-container\">\n\t\t\t\t\t\t\t\t\t<div class=\"elementor-button-wrapper\">\n\t\t\t\t\t<a class=\"elementor-button elementor-button-link elementor-size-sm\" href=\"https:\/\/varietatslocals.org\/es\/receta-de-noviembre-lentejas-con-lechuga-oreja-dase\/\" target=\"_blank\">\n\t\t\t\t\t\t<span class=\"elementor-button-content-wrapper\">\n\t\t\t\t\t\t\t\t\t<span class=\"elementor-button-text\">Ver la receta<\/span>\n\t\t\t\t\t<\/span>\n\t\t\t\t\t<\/a>\n\t\t\t\t<\/div>\n\t\t\t\t\t\t\t\t<\/div>\n\t\t\t\t<\/div>\n\t\t\t\t<\/div>\n\t\t\t\t<\/div>\n\t\t<div class=\"elementor-element elementor-element-beea793 e-con-full e-flex e-con e-child\" data-id=\"beea793\" data-element_type=\"container\" data-e-type=\"container\">\n\t\t\t\t<div class=\"elementor-element elementor-element-e43c465 elementor-widget elementor-widget-image\" data-id=\"e43c465\" data-element_type=\"widget\" data-e-type=\"widget\" data-widget_type=\"image.default\">\n\t\t\t\t<div class=\"elementor-widget-container\">\n\t\t\t\t\t\t\t\t\t\t\t\t\t\t\t\t<a href=\"https:\/\/varietatslocals.org\/es\/receta-de-julio-cocinado-de-frijoles-haba\/\" target=\"_blank\">\n\t\t\t\t\t\t\t<img decoding=\"async\" width=\"600\" height=\"600\" src=\"https:\/\/varietatslocals.org\/wp-content\/uploads\/2025\/06\/Cuinat-de-fesols-fava.jpg\" class=\"attachment-large size-large wp-image-7981\" alt=\"Cocinado de frijoles haba\" srcset=\"https:\/\/varietatslocals.org\/wp-content\/uploads\/2025\/06\/Cuinat-de-fesols-fava.jpg 600w, https:\/\/varietatslocals.org\/wp-content\/uploads\/2025\/06\/Cuinat-de-fesols-fava-12x12.jpg 12w, https:\/\/varietatslocals.org\/wp-content\/uploads\/2025\/06\/Cuinat-de-fesols-fava-300x300.jpg 300w, https:\/\/varietatslocals.org\/wp-content\/uploads\/2025\/06\/Cuinat-de-fesols-fava-100x100.jpg 100w\" sizes=\"(max-width: 600px) 100vw, 600px\" title=\"\">\t\t\t\t\t\t\t\t<\/a>\n\t\t\t\t\t\t\t\t\t\t\t\t\t\t\t<\/div>\n\t\t\t\t<\/div>\n\t\t<div class=\"elementor-element elementor-element-e6fa8bb e-con-full e-flex e-con e-child\" data-id=\"e6fa8bb\" data-element_type=\"container\" data-e-type=\"container\">\n\t\t\t\t<div class=\"elementor-element elementor-element-b7afac7 elementor-widget elementor-widget-heading\" data-id=\"b7afac7\" data-element_type=\"widget\" data-e-type=\"widget\" data-widget_type=\"heading.default\">\n\t\t\t\t<div class=\"elementor-widget-container\">\n\t\t\t\t\t<h3 class=\"elementor-heading-title elementor-size-default\">Cocinado de frijoles haba<\/h3>\t\t\t\t<\/div>\n\t\t\t\t<\/div>\n\t\t\t\t<div class=\"elementor-element elementor-element-0332112 elementor-widget elementor-widget-text-editor\" data-id=\"0332112\" data-element_type=\"widget\" data-e-type=\"widget\" data-widget_type=\"text-editor.default\">\n\t\t\t\t<div class=\"elementor-widget-container\">\n\t\t\t\t\t\t\t\t\t<p>Un guiso vegetal abundante y nutritivo hecho con <a href=\"https:\/\/varietatslocals.org\/es\/producto\/frijol-haba\/\" target=\"_blank\" rel=\"noopener\">frijoles haba<\/a> y una gran variedad de verduras frescas como calabaza, puerros, calabacines, zanahorias, espinacas, acelgas y col.<\/p><p><strong>Ingredientes principales<\/strong><\/p><ul><li>Jud\u00edas haba secas.<\/li><li>Puerros.<\/li><li>Calabaza.<\/li><\/ul>\t\t\t\t\t\t\t\t<\/div>\n\t\t\t\t<\/div>\n\t\t\t\t<div class=\"elementor-element elementor-element-ba154a0 elementor-mobile-align-left elementor-widget elementor-widget-button\" data-id=\"ba154a0\" data-element_type=\"widget\" data-e-type=\"widget\" data-widget_type=\"button.default\">\n\t\t\t\t<div class=\"elementor-widget-container\">\n\t\t\t\t\t\t\t\t\t<div class=\"elementor-button-wrapper\">\n\t\t\t\t\t<a class=\"elementor-button elementor-button-link elementor-size-sm\" href=\"https:\/\/varietatslocals.org\/es\/receta-de-julio-cocinado-de-frijoles-haba\/\" target=\"_blank\">\n\t\t\t\t\t\t<span class=\"elementor-button-content-wrapper\">\n\t\t\t\t\t\t\t\t\t<span class=\"elementor-button-text\">Ver la receta<\/span>\n\t\t\t\t\t<\/span>\n\t\t\t\t\t<\/a>\n\t\t\t\t<\/div>\n\t\t\t\t\t\t\t\t<\/div>\n\t\t\t\t<\/div>\n\t\t\t\t<\/div>\n\t\t\t\t<\/div>\n\t\t<div class=\"elementor-element elementor-element-7e14cd9 e-con-full e-flex e-con e-child\" data-id=\"7e14cd9\" data-element_type=\"container\" data-e-type=\"container\">\n\t\t\t\t<div class=\"elementor-element elementor-element-735eddc elementor-widget elementor-widget-image\" data-id=\"735eddc\" data-element_type=\"widget\" data-e-type=\"widget\" data-widget_type=\"image.default\">\n\t\t\t\t<div class=\"elementor-widget-container\">\n\t\t\t\t\t\t\t\t\t\t\t\t\t\t\t\t<a href=\"https:\/\/varietatslocals.org\/es\/receta-enero-coquetas-de-pimientas-azules-tostados\/\" target=\"_blank\">\n\t\t\t\t\t\t\t<img decoding=\"async\" width=\"600\" height=\"600\" src=\"https:\/\/varietatslocals.org\/wp-content\/uploads\/2025\/06\/Coquetes-de-pebres-blaus-torrats.jpg\" class=\"attachment-large size-large wp-image-7982\" alt=\"Coquetas de pimientas azules tostados\" srcset=\"https:\/\/varietatslocals.org\/wp-content\/uploads\/2025\/06\/Coquetes-de-pebres-blaus-torrats.jpg 600w, https:\/\/varietatslocals.org\/wp-content\/uploads\/2025\/06\/Coquetes-de-pebres-blaus-torrats-12x12.jpg 12w, https:\/\/varietatslocals.org\/wp-content\/uploads\/2025\/06\/Coquetes-de-pebres-blaus-torrats-300x300.jpg 300w, https:\/\/varietatslocals.org\/wp-content\/uploads\/2025\/06\/Coquetes-de-pebres-blaus-torrats-100x100.jpg 100w\" sizes=\"(max-width: 600px) 100vw, 600px\" title=\"\">\t\t\t\t\t\t\t\t<\/a>\n\t\t\t\t\t\t\t\t\t\t\t\t\t\t\t<\/div>\n\t\t\t\t<\/div>\n\t\t<div class=\"elementor-element elementor-element-4903b45 e-con-full e-flex e-con e-child\" data-id=\"4903b45\" data-element_type=\"container\" data-e-type=\"container\">\n\t\t\t\t<div class=\"elementor-element elementor-element-90e2dc2 elementor-widget elementor-widget-heading\" data-id=\"90e2dc2\" data-element_type=\"widget\" data-e-type=\"widget\" data-widget_type=\"heading.default\">\n\t\t\t\t<div class=\"elementor-widget-container\">\n\t\t\t\t\t<h3 class=\"elementor-heading-title elementor-size-default\">Coquetas de pimientas azules tostados<\/h3>\t\t\t\t<\/div>\n\t\t\t\t<\/div>\n\t\t\t\t<div class=\"elementor-element elementor-element-6378f1f elementor-widget elementor-widget-text-editor\" data-id=\"6378f1f\" data-element_type=\"widget\" data-e-type=\"widget\" data-widget_type=\"text-editor.default\">\n\t\t\t\t<div class=\"elementor-widget-container\">\n\t\t\t\t\t\t\t\t\t<p>Esta receta aprovecha la conserva de <a href=\"https:\/\/varietatslocals.org\/es\/producto\/pimienta-azul\/\" target=\"_blank\" rel=\"noopener\">pimientos azules<\/a> tostados, una variedad local que se recoge a finales de verano y se puede utilizar durante todo el a\u00f1o.<\/p><p><strong>Ingredientes principales<\/strong><\/p><ul><li>Pimienta azul.<\/li><li>Ajos.<\/li><li>Aceite de oliva virgen.<\/li><\/ul>\t\t\t\t\t\t\t\t<\/div>\n\t\t\t\t<\/div>\n\t\t\t\t<div class=\"elementor-element elementor-element-aa98f04 elementor-mobile-align-left elementor-widget elementor-widget-button\" data-id=\"aa98f04\" data-element_type=\"widget\" data-e-type=\"widget\" data-widget_type=\"button.default\">\n\t\t\t\t<div class=\"elementor-widget-container\">\n\t\t\t\t\t\t\t\t\t<div class=\"elementor-button-wrapper\">\n\t\t\t\t\t<a class=\"elementor-button elementor-button-link elementor-size-sm\" href=\"https:\/\/varietatslocals.org\/es\/receta-enero-coquetas-de-pimientas-azules-tostados\/\" target=\"_blank\">\n\t\t\t\t\t\t<span class=\"elementor-button-content-wrapper\">\n\t\t\t\t\t\t\t\t\t<span class=\"elementor-button-text\">Ver la receta<\/span>\n\t\t\t\t\t<\/span>\n\t\t\t\t\t<\/a>\n\t\t\t\t<\/div>\n\t\t\t\t\t\t\t\t<\/div>\n\t\t\t\t<\/div>\n\t\t\t\t<\/div>\n\t\t\t\t<\/div>\n\t\t<div class=\"elementor-element elementor-element-ea0d888 e-con-full e-flex e-con e-child\" data-id=\"ea0d888\" data-element_type=\"container\" data-e-type=\"container\">\n\t\t\t\t<div class=\"elementor-element elementor-element-e8d59ef elementor-widget__width-initial elementor-widget-tablet__width-initial elementor-widget elementor-widget-eael-sticky-video\" data-id=\"e8d59ef\" data-element_type=\"widget\" data-e-type=\"widget\" data-widget_type=\"eael-sticky-video.default\">\n\t\t\t\t<div class=\"elementor-widget-container\">\n\t\t\t\t\t<div class=\"eael-sticky-video-wrapper eaelsv-overlay-visibility-\"><div class=\"eael-sticky-video-player2\" data-sticky=\"\" data-position=\"\" data-sheight=\"248\" data-swidth=\"440\" data-scroll_height=\"\" data-autoplay=\"no\" data-overlay=\"no\"><div\n\t\t\tid=\"eaelsv-player-e8d59ef\"\n\t\t\tdata-plyr-provider=\"youtube\"\n\t\t\tdata-plyr-embed-id=\"RMO1Jt5bpOM\"\n\t\t\tdata-plyr-config=\"{&quot;storage&quot;: {&quot;enabled&quot;: false, &quot;key&quot;: &quot;plyr&quot;}, &quot;autoplay&quot;:0, &quot;muted&quot;:0, &quot;loop&quot;: {&quot;active&quot;: false}}\"\n\t\t><\/div>\n\t\t\t\t<span class=\"eaelsv-sticky-player-close\"><i class=\"fas fa-times-circle\"><\/i><\/span>\n\t\t\t<\/div>\n\t\t<\/div>\t\t\t\t<\/div>\n\t\t\t\t<\/div>\n\t\t<div class=\"elementor-element elementor-element-613b337 e-con-full e-flex e-con e-child\" data-id=\"613b337\" data-element_type=\"container\" data-e-type=\"container\">\n\t\t\t\t<div class=\"elementor-element elementor-element-a87a2f5 elementor-widget elementor-widget-heading\" data-id=\"a87a2f5\" data-element_type=\"widget\" data-e-type=\"widget\" data-widget_type=\"heading.default\">\n\t\t\t\t<div class=\"elementor-widget-container\">\n\t\t\t\t\t<h3 class=\"elementor-heading-title elementor-size-default\">Garbanzos salteados con pimienta tostada, butifarra y picornillos<\/h3>\t\t\t\t<\/div>\n\t\t\t\t<\/div>\n\t\t\t\t<div class=\"elementor-element elementor-element-8d71028 elementor-widget elementor-widget-text-editor\" data-id=\"8d71028\" data-element_type=\"widget\" data-e-type=\"widget\" data-widget_type=\"text-editor.default\">\n\t\t\t\t<div class=\"elementor-widget-container\">\n\t\t\t\t\t\t\t\t\t<p>Receta de Marga Coll \u2013\u00a0<a href=\"https:\/\/www.miceli.es\/\" target=\"_blank\" rel=\"noopener\">Micelio<\/a>.<\/p><p><strong>Ingredientes principales<\/strong><\/p><ul><li><a href=\"https:\/\/varietatslocals.org\/es\/producto\/ciuro-mallorqui\/\" target=\"_blank\" rel=\"noopener\">Garbanzos<\/a>.<\/li><li>Pimienta<\/li><li>Butifarra<\/li><\/ul>\t\t\t\t\t\t\t\t<\/div>\n\t\t\t\t<\/div>\n\t\t\t\t<div class=\"elementor-element elementor-element-8985ef9 elementor-mobile-align-left elementor-widget elementor-widget-button\" data-id=\"8985ef9\" data-element_type=\"widget\" data-e-type=\"widget\" data-widget_type=\"button.default\">\n\t\t\t\t<div class=\"elementor-widget-container\">\n\t\t\t\t\t\t\t\t\t<div class=\"elementor-button-wrapper\">\n\t\t\t\t\t<a class=\"elementor-button elementor-button-link elementor-size-sm\" href=\"https:\/\/www.youtube.com\/watch?v=RMO1Jt5bpOM\" target=\"_blank\" rel=\"noopener\">\n\t\t\t\t\t\t<span class=\"elementor-button-content-wrapper\">\n\t\t\t\t\t\t\t\t\t<span class=\"elementor-button-text\">Mira la receta en v\u00eddeo<\/span>\n\t\t\t\t\t<\/span>\n\t\t\t\t\t<\/a>\n\t\t\t\t<\/div>\n\t\t\t\t\t\t\t\t<\/div>\n\t\t\t\t<\/div>\n\t\t\t\t<\/div>\n\t\t\t\t<\/div>\n\t\t<div class=\"elementor-element elementor-element-ef13099 e-con-full e-flex e-con e-child\" data-id=\"ef13099\" data-element_type=\"container\" data-e-type=\"container\">\n\t\t\t\t<div class=\"elementor-element elementor-element-47e2bb7 elementor-widget__width-initial elementor-widget-tablet__width-initial elementor-widget elementor-widget-eael-sticky-video\" data-id=\"47e2bb7\" data-element_type=\"widget\" data-e-type=\"widget\" data-widget_type=\"eael-sticky-video.default\">\n\t\t\t\t<div class=\"elementor-widget-container\">\n\t\t\t\t\t<div class=\"eael-sticky-video-wrapper eaelsv-overlay-visibility-\"><div class=\"eael-sticky-video-player2\" data-sticky=\"\" data-position=\"\" data-sheight=\"248\" data-swidth=\"440\" data-scroll_height=\"\" data-autoplay=\"no\" data-overlay=\"no\"><div\n\t\t\tid=\"eaelsv-player-47e2bb7\"\n\t\t\tdata-plyr-provider=\"youtube\"\n\t\t\tdata-plyr-embed-id=\"4YBY_SyQEKQ\"\n\t\t\tdata-plyr-config=\"{&quot;storage&quot;: {&quot;enabled&quot;: false, &quot;key&quot;: &quot;plyr&quot;}, &quot;autoplay&quot;:0, &quot;muted&quot;:0, &quot;loop&quot;: {&quot;active&quot;: false}}\"\n\t\t><\/div>\n\t\t\t\t<span class=\"eaelsv-sticky-player-close\"><i class=\"fas fa-times-circle\"><\/i><\/span>\n\t\t\t<\/div>\n\t\t<\/div>\t\t\t\t<\/div>\n\t\t\t\t<\/div>\n\t\t<div class=\"elementor-element elementor-element-9f53c8c e-con-full e-flex e-con e-child\" data-id=\"9f53c8c\" data-element_type=\"container\" data-e-type=\"container\">\n\t\t\t\t<div class=\"elementor-element elementor-element-d3d977d elementor-widget elementor-widget-heading\" data-id=\"d3d977d\" data-element_type=\"widget\" data-e-type=\"widget\" data-widget_type=\"heading.default\">\n\t\t\t\t<div class=\"elementor-widget-container\">\n\t\t\t\t\t<h3 class=\"elementor-heading-title elementor-size-default\">Tostada de pan de centeno con berenjena blanca y pez llampuga<\/h3>\t\t\t\t<\/div>\n\t\t\t\t<\/div>\n\t\t\t\t<div class=\"elementor-element elementor-element-127d1d7 elementor-widget elementor-widget-text-editor\" data-id=\"127d1d7\" data-element_type=\"widget\" data-e-type=\"widget\" data-widget_type=\"text-editor.default\">\n\t\t\t\t<div class=\"elementor-widget-container\">\n\t\t\t\t\t\t\t\t\t<p>Receta de Santi Taura \u2013\u00a0<a href=\"http:\/\/www.grupsantitaura.com\/es\/dins-santitaura\/\" target=\"_blank\" rel=\"noopener\">DENTRO<\/a>.<\/p><p><strong>Ingredientes principales<\/strong><\/p><ul><li>Pan de centeno.<\/li><li><a href=\"https:\/\/varietatslocals.org\/es\/producto\/berenjena-blanca\/\" target=\"_blank\" rel=\"noopener\">Berenjena blanca<\/a>.<\/li><li>Pez llampuga.<\/li><\/ul>\t\t\t\t\t\t\t\t<\/div>\n\t\t\t\t<\/div>\n\t\t\t\t<div class=\"elementor-element elementor-element-43c781b elementor-mobile-align-left elementor-widget elementor-widget-button\" data-id=\"43c781b\" data-element_type=\"widget\" data-e-type=\"widget\" data-widget_type=\"button.default\">\n\t\t\t\t<div class=\"elementor-widget-container\">\n\t\t\t\t\t\t\t\t\t<div class=\"elementor-button-wrapper\">\n\t\t\t\t\t<a class=\"elementor-button elementor-button-link elementor-size-sm\" href=\"https:\/\/www.youtube.com\/watch?v=4YBY_SyQEKQ\" target=\"_blank\" rel=\"noopener\">\n\t\t\t\t\t\t<span class=\"elementor-button-content-wrapper\">\n\t\t\t\t\t\t\t\t\t<span class=\"elementor-button-text\">Mira la receta en v\u00eddeo<\/span>\n\t\t\t\t\t<\/span>\n\t\t\t\t\t<\/a>\n\t\t\t\t<\/div>\n\t\t\t\t\t\t\t\t<\/div>\n\t\t\t\t<\/div>\n\t\t\t\t<\/div>\n\t\t\t\t<\/div>\n\t\t\t\t<div class=\"elementor-element elementor-element-6b553ff elementor-widget-divider--view-line elementor-widget elementor-widget-divider\" data-id=\"6b553ff\" data-element_type=\"widget\" data-e-type=\"widget\" data-widget_type=\"divider.default\">\n\t\t\t\t<div class=\"elementor-widget-container\">\n\t\t\t\t\t\t\t<div class=\"elementor-divider\">\n\t\t\t<span class=\"elementor-divider-separator\">\n\t\t\t\t\t\t<\/span>\n\t\t<\/div>\n\t\t\t\t\t\t<\/div>\n\t\t\t\t<\/div>\n\t\t\t\t<div class=\"elementor-element elementor-element-c6945b5 elementor-widget elementor-widget-heading\" data-id=\"c6945b5\" data-element_type=\"widget\" data-e-type=\"widget\" data-widget_type=\"heading.default\">\n\t\t\t\t<div class=\"elementor-widget-container\">\n\t\t\t\t\t<h2 class=\"elementor-heading-title elementor-size-default\">\u00bfCu\u00e1ndo sembrar las variedades locales del oto\u00f1o?<\/h2>\t\t\t\t<\/div>\n\t\t\t\t<\/div>\n\t\t\t\t<div class=\"elementor-element elementor-element-9b2f546 elementor-widget elementor-widget-text-editor\" data-id=\"9b2f546\" data-element_type=\"widget\" data-e-type=\"widget\" data-widget_type=\"text-editor.default\">\n\t\t\t\t<div class=\"elementor-widget-container\">\n\t\t\t\t\t\t\t\t\t<p>Algunas variedades se siembran a finales de verano y otras a principios de invierno, pensadas para cosechar durante o despu\u00e9s del oto\u00f1o. Aqu\u00ed tienes el calendario de siembra recomendado.<\/p>\t\t\t\t\t\t\t\t<\/div>\n\t\t\t\t<\/div>\n\t\t<div class=\"elementor-element elementor-element-2820495 e-con-full e-flex e-con e-child\" data-id=\"2820495\" data-element_type=\"container\" data-e-type=\"container\">\n\t\t<div class=\"elementor-element elementor-element-f8d8813 e-con-full e-flex e-con e-child\" data-id=\"f8d8813\" data-element_type=\"container\" data-e-type=\"container\">\n\t\t\t\t<div class=\"elementor-element elementor-element-45a1984 elementor-widget elementor-widget-image\" data-id=\"45a1984\" data-element_type=\"widget\" data-e-type=\"widget\" data-widget_type=\"image.default\">\n\t\t\t\t<div class=\"elementor-widget-container\">\n\t\t\t\t\t\t\t\t\t\t\t\t\t\t\t\t<a href=\"https:\/\/varietatslocals.org\/es\/producto\/ciuro-mallorqui\/\">\n\t\t\t\t\t\t\t<img loading=\"lazy\" decoding=\"async\" width=\"600\" height=\"600\" src=\"https:\/\/varietatslocals.org\/wp-content\/uploads\/2025\/05\/Ciuro-mallorqui-600-x-600-px.jpg\" class=\"attachment-large size-large wp-image-7861\" alt=\"Garbanzo mallorqu\u00edn\" srcset=\"https:\/\/varietatslocals.org\/wp-content\/uploads\/2025\/05\/Ciuro-mallorqui-600-x-600-px.jpg 600w, https:\/\/varietatslocals.org\/wp-content\/uploads\/2025\/05\/Ciuro-mallorqui-600-x-600-px-12x12.jpg 12w, https:\/\/varietatslocals.org\/wp-content\/uploads\/2025\/05\/Ciuro-mallorqui-600-x-600-px-300x300.jpg 300w, https:\/\/varietatslocals.org\/wp-content\/uploads\/2025\/05\/Ciuro-mallorqui-600-x-600-px-100x100.jpg 100w\" sizes=\"(max-width: 600px) 100vw, 600px\" title=\"\">\t\t\t\t\t\t\t\t<\/a>\n\t\t\t\t\t\t\t\t\t\t\t\t\t\t\t<\/div>\n\t\t\t\t<\/div>\n\t\t\t\t<div class=\"elementor-element elementor-element-8cab8d2 elementor-widget elementor-widget-heading\" data-id=\"8cab8d2\" data-element_type=\"widget\" data-e-type=\"widget\" data-widget_type=\"heading.default\">\n\t\t\t\t<div class=\"elementor-widget-container\">\n\t\t\t\t\t<h4 class=\"elementor-heading-title elementor-size-default\">Garbanzo mallorqu\u00edn<\/h4>\t\t\t\t<\/div>\n\t\t\t\t<\/div>\n\t\t\t\t<div class=\"elementor-element elementor-element-1423c6e elementor-widget elementor-widget-text-editor\" data-id=\"1423c6e\" data-element_type=\"widget\" data-e-type=\"widget\" data-widget_type=\"text-editor.default\">\n\t\t\t\t<div class=\"elementor-widget-container\">\n\t\t\t\t\t\t\t\t\t<p>Se puede\u00a0<strong>sembrar directamente desde finales de diciembre hasta principios de febrero<\/strong>. Se comienza a cosechar a partir de mayo.<\/p>\t\t\t\t\t\t\t\t<\/div>\n\t\t\t\t<\/div>\n\t\t\t\t<div class=\"elementor-element elementor-element-e7d5203 elementor-widget elementor-widget-button\" data-id=\"e7d5203\" data-element_type=\"widget\" data-e-type=\"widget\" data-widget_type=\"button.default\">\n\t\t\t\t<div class=\"elementor-widget-container\">\n\t\t\t\t\t\t\t\t\t<div class=\"elementor-button-wrapper\">\n\t\t\t\t\t<a class=\"elementor-button elementor-button-link elementor-size-sm\" href=\"https:\/\/varietatslocals.org\/es\/producto\/ciuro-mallorqui\/\">\n\t\t\t\t\t\t<span class=\"elementor-button-content-wrapper\">\n\t\t\t\t\t\t\t\t\t<span class=\"elementor-button-text\">Ver en la tienda<\/span>\n\t\t\t\t\t<\/span>\n\t\t\t\t\t<\/a>\n\t\t\t\t<\/div>\n\t\t\t\t\t\t\t\t<\/div>\n\t\t\t\t<\/div>\n\t\t\t\t<\/div>\n\t\t<div class=\"elementor-element elementor-element-2f9d609 e-con-full e-flex e-con e-child\" data-id=\"2f9d609\" data-element_type=\"container\" data-e-type=\"container\">\n\t\t\t\t<div class=\"elementor-element elementor-element-5566c96 elementor-widget elementor-widget-image\" data-id=\"5566c96\" data-element_type=\"widget\" data-e-type=\"widget\" data-widget_type=\"image.default\">\n\t\t\t\t<div class=\"elementor-widget-container\">\n\t\t\t\t\t\t\t\t\t\t\t\t\t\t\t\t<a href=\"https:\/\/varietatslocals.org\/es\/producto\/frijol-haba\/\">\n\t\t\t\t\t\t\t<img loading=\"lazy\" decoding=\"async\" width=\"600\" height=\"600\" src=\"https:\/\/varietatslocals.org\/wp-content\/uploads\/2025\/05\/Fesol-fava-600-x-600-px.jpg\" class=\"attachment-large size-large wp-image-7864\" alt=\"Jud\u00eda haba\" srcset=\"https:\/\/varietatslocals.org\/wp-content\/uploads\/2025\/05\/Fesol-fava-600-x-600-px.jpg 600w, https:\/\/varietatslocals.org\/wp-content\/uploads\/2025\/05\/Fesol-fava-600-x-600-px-12x12.jpg 12w, https:\/\/varietatslocals.org\/wp-content\/uploads\/2025\/05\/Fesol-fava-600-x-600-px-300x300.jpg 300w, https:\/\/varietatslocals.org\/wp-content\/uploads\/2025\/05\/Fesol-fava-600-x-600-px-100x100.jpg 100w\" sizes=\"(max-width: 600px) 100vw, 600px\" title=\"\">\t\t\t\t\t\t\t\t<\/a>\n\t\t\t\t\t\t\t\t\t\t\t\t\t\t\t<\/div>\n\t\t\t\t<\/div>\n\t\t\t\t<div class=\"elementor-element elementor-element-04e985c elementor-widget elementor-widget-heading\" data-id=\"04e985c\" data-element_type=\"widget\" data-e-type=\"widget\" data-widget_type=\"heading.default\">\n\t\t\t\t<div class=\"elementor-widget-container\">\n\t\t\t\t\t<h4 class=\"elementor-heading-title elementor-size-default\">Jud\u00eda haba<\/h4>\t\t\t\t<\/div>\n\t\t\t\t<\/div>\n\t\t\t\t<div class=\"elementor-element elementor-element-8de5536 elementor-widget elementor-widget-text-editor\" data-id=\"8de5536\" data-element_type=\"widget\" data-e-type=\"widget\" data-widget_type=\"text-editor.default\">\n\t\t\t\t<div class=\"elementor-widget-container\">\n\t\t\t\t\t\t\t\t\t<p>Se puede\u00a0<strong>sembrar entre agosto y noviembre<\/strong>. La siembra es directa a una profundidad de unos 10 cm.<\/p>\t\t\t\t\t\t\t\t<\/div>\n\t\t\t\t<\/div>\n\t\t\t\t<div class=\"elementor-element elementor-element-1288ccf elementor-widget elementor-widget-button\" data-id=\"1288ccf\" data-element_type=\"widget\" data-e-type=\"widget\" data-widget_type=\"button.default\">\n\t\t\t\t<div class=\"elementor-widget-container\">\n\t\t\t\t\t\t\t\t\t<div class=\"elementor-button-wrapper\">\n\t\t\t\t\t<a class=\"elementor-button elementor-button-link elementor-size-sm\" href=\"https:\/\/varietatslocals.org\/es\/producto\/frijol-haba\/\">\n\t\t\t\t\t\t<span class=\"elementor-button-content-wrapper\">\n\t\t\t\t\t\t\t\t\t<span class=\"elementor-button-text\">Ver en la tienda<\/span>\n\t\t\t\t\t<\/span>\n\t\t\t\t\t<\/a>\n\t\t\t\t<\/div>\n\t\t\t\t\t\t\t\t<\/div>\n\t\t\t\t<\/div>\n\t\t\t\t<\/div>\n\t\t<div class=\"elementor-element elementor-element-c9cb22c e-con-full e-flex e-con e-child\" data-id=\"c9cb22c\" data-element_type=\"container\" data-e-type=\"container\">\n\t\t\t\t<div class=\"elementor-element elementor-element-8d8a87a elementor-widget elementor-widget-image\" data-id=\"8d8a87a\" data-element_type=\"widget\" data-e-type=\"widget\" data-widget_type=\"image.default\">\n\t\t\t\t<div class=\"elementor-widget-container\">\n\t\t\t\t\t\t\t\t\t\t\t\t\t\t\t\t<a href=\"https:\/\/varietatslocals.org\/es\/producto\/lenteja-mallorquina\/\">\n\t\t\t\t\t\t\t<img loading=\"lazy\" decoding=\"async\" width=\"600\" height=\"600\" src=\"https:\/\/varietatslocals.org\/wp-content\/uploads\/2025\/05\/Llenties-600-x-600-px.jpg\" class=\"attachment-large size-large wp-image-7865\" alt=\"Lenteja mallorquina\" srcset=\"https:\/\/varietatslocals.org\/wp-content\/uploads\/2025\/05\/Llenties-600-x-600-px.jpg 600w, https:\/\/varietatslocals.org\/wp-content\/uploads\/2025\/05\/Llenties-600-x-600-px-12x12.jpg 12w, https:\/\/varietatslocals.org\/wp-content\/uploads\/2025\/05\/Llenties-600-x-600-px-300x300.jpg 300w, https:\/\/varietatslocals.org\/wp-content\/uploads\/2025\/05\/Llenties-600-x-600-px-100x100.jpg 100w\" sizes=\"(max-width: 600px) 100vw, 600px\" title=\"\">\t\t\t\t\t\t\t\t<\/a>\n\t\t\t\t\t\t\t\t\t\t\t\t\t\t\t<\/div>\n\t\t\t\t<\/div>\n\t\t\t\t<div class=\"elementor-element elementor-element-47329b2 elementor-widget elementor-widget-heading\" data-id=\"47329b2\" data-element_type=\"widget\" data-e-type=\"widget\" data-widget_type=\"heading.default\">\n\t\t\t\t<div class=\"elementor-widget-container\">\n\t\t\t\t\t<h4 class=\"elementor-heading-title elementor-size-default\">Lenteja mallorquina<\/h4>\t\t\t\t<\/div>\n\t\t\t\t<\/div>\n\t\t\t\t<div class=\"elementor-element elementor-element-765bd23 elementor-widget elementor-widget-text-editor\" data-id=\"765bd23\" data-element_type=\"widget\" data-e-type=\"widget\" data-widget_type=\"text-editor.default\">\n\t\t\t\t<div class=\"elementor-widget-container\">\n\t\t\t\t\t\t\t\t\t<p>Se\u00a0<strong>siembra a principios de febrero para recolectar a finales de junio e inicios de julio<\/strong>.<\/p>\t\t\t\t\t\t\t\t<\/div>\n\t\t\t\t<\/div>\n\t\t\t\t<div class=\"elementor-element elementor-element-6f2a0fd elementor-widget elementor-widget-button\" data-id=\"6f2a0fd\" data-element_type=\"widget\" data-e-type=\"widget\" data-widget_type=\"button.default\">\n\t\t\t\t<div class=\"elementor-widget-container\">\n\t\t\t\t\t\t\t\t\t<div class=\"elementor-button-wrapper\">\n\t\t\t\t\t<a class=\"elementor-button elementor-button-link elementor-size-sm\" href=\"https:\/\/varietatslocals.org\/es\/producto\/lenteja-mallorquina\/\">\n\t\t\t\t\t\t<span class=\"elementor-button-content-wrapper\">\n\t\t\t\t\t\t\t\t\t<span class=\"elementor-button-text\">Ver en la tienda<\/span>\n\t\t\t\t\t<\/span>\n\t\t\t\t\t<\/a>\n\t\t\t\t<\/div>\n\t\t\t\t\t\t\t\t<\/div>\n\t\t\t\t<\/div>\n\t\t\t\t<\/div>\n\t\t<div class=\"elementor-element elementor-element-8c3317d e-con-full e-flex e-con e-child\" data-id=\"8c3317d\" data-element_type=\"container\" data-e-type=\"container\">\n\t\t\t\t<div class=\"elementor-element elementor-element-4de3a6d elementor-widget elementor-widget-image\" data-id=\"4de3a6d\" data-element_type=\"widget\" data-e-type=\"widget\" data-widget_type=\"image.default\">\n\t\t\t\t<div class=\"elementor-widget-container\">\n\t\t\t\t\t\t\t\t\t\t\t\t\t\t\t\t<a href=\"https:\/\/varietatslocals.org\/es\/producto\/pimienta-azul\/\">\n\t\t\t\t\t\t\t<img loading=\"lazy\" decoding=\"async\" width=\"600\" height=\"600\" src=\"https:\/\/varietatslocals.org\/wp-content\/uploads\/2025\/05\/Pebre-Blau-600-x-600-px.jpg\" class=\"attachment-large size-large wp-image-7853\" alt=\"Pimienta Azul\" srcset=\"https:\/\/varietatslocals.org\/wp-content\/uploads\/2025\/05\/Pebre-Blau-600-x-600-px.jpg 600w, https:\/\/varietatslocals.org\/wp-content\/uploads\/2025\/05\/Pebre-Blau-600-x-600-px-12x12.jpg 12w, https:\/\/varietatslocals.org\/wp-content\/uploads\/2025\/05\/Pebre-Blau-600-x-600-px-300x300.jpg 300w, https:\/\/varietatslocals.org\/wp-content\/uploads\/2025\/05\/Pebre-Blau-600-x-600-px-100x100.jpg 100w\" sizes=\"(max-width: 600px) 100vw, 600px\" title=\"\">\t\t\t\t\t\t\t\t<\/a>\n\t\t\t\t\t\t\t\t\t\t\t\t\t\t\t<\/div>\n\t\t\t\t<\/div>\n\t\t\t\t<div class=\"elementor-element elementor-element-41eeca1 elementor-widget elementor-widget-heading\" data-id=\"41eeca1\" data-element_type=\"widget\" data-e-type=\"widget\" data-widget_type=\"heading.default\">\n\t\t\t\t<div class=\"elementor-widget-container\">\n\t\t\t\t\t<h4 class=\"elementor-heading-title elementor-size-default\">Pimiento azul<\/h4>\t\t\t\t<\/div>\n\t\t\t\t<\/div>\n\t\t\t\t<div class=\"elementor-element elementor-element-a55d572 elementor-widget elementor-widget-text-editor\" data-id=\"a55d572\" data-element_type=\"widget\" data-e-type=\"widget\" data-widget_type=\"text-editor.default\">\n\t\t\t\t<div class=\"elementor-widget-container\">\n\t\t\t\t\t\t\t\t\t<p>Se\u00a0<strong>siembra a principios de febrero para recolectar a finales de junio e inicios de julio<\/strong>.<\/p>\t\t\t\t\t\t\t\t<\/div>\n\t\t\t\t<\/div>\n\t\t\t\t<div class=\"elementor-element elementor-element-c0ba88e elementor-widget elementor-widget-button\" data-id=\"c0ba88e\" data-element_type=\"widget\" data-e-type=\"widget\" data-widget_type=\"button.default\">\n\t\t\t\t<div class=\"elementor-widget-container\">\n\t\t\t\t\t\t\t\t\t<div class=\"elementor-button-wrapper\">\n\t\t\t\t\t<a class=\"elementor-button elementor-button-link elementor-size-sm\" href=\"https:\/\/varietatslocals.org\/es\/producto\/pimienta-azul\/\">\n\t\t\t\t\t\t<span class=\"elementor-button-content-wrapper\">\n\t\t\t\t\t\t\t\t\t<span class=\"elementor-button-text\">Ver en la tienda<\/span>\n\t\t\t\t\t<\/span>\n\t\t\t\t\t<\/a>\n\t\t\t\t<\/div>\n\t\t\t\t\t\t\t\t<\/div>\n\t\t\t\t<\/div>\n\t\t\t\t<\/div>\n\t\t\t\t<\/div>\n\t\t\t\t<div class=\"elementor-element elementor-element-c4d2c00 elementor-widget elementor-widget-text-editor\" data-id=\"c4d2c00\" data-element_type=\"widget\" data-e-type=\"widget\" data-widget_type=\"text-editor.default\">\n\t\t\t\t<div class=\"elementor-widget-container\">\n\t\t\t\t\t\t\t\t\t<p>\u00bfQuieres empezar tu huerto con variedades aut\u00f3ctonas? Visita nuestra <a href=\"https:\/\/varietatslocals.org\/es\/tienda-2\/\" target=\"_blank\" rel=\"noopener\">tienda de semillas de variedades locales<\/a>.<\/p>\t\t\t\t\t\t\t\t<\/div>\n\t\t\t\t<\/div>\n\t\t\t\t<div class=\"elementor-element elementor-element-99cddea elementor-widget-divider--view-line elementor-widget elementor-widget-divider\" data-id=\"99cddea\" data-element_type=\"widget\" data-e-type=\"widget\" data-widget_type=\"divider.default\">\n\t\t\t\t<div class=\"elementor-widget-container\">\n\t\t\t\t\t\t\t<div class=\"elementor-divider\">\n\t\t\t<span class=\"elementor-divider-separator\">\n\t\t\t\t\t\t<\/span>\n\t\t<\/div>\n\t\t\t\t\t\t<\/div>\n\t\t\t\t<\/div>\n\t\t\t\t<div class=\"elementor-element elementor-element-ce14402 elementor-widget elementor-widget-heading\" data-id=\"ce14402\" data-element_type=\"widget\" data-e-type=\"widget\" data-widget_type=\"heading.default\">\n\t\t\t\t<div class=\"elementor-widget-container\">\n\t\t\t\t\t<h2 class=\"elementor-heading-title elementor-size-default\">\u00bfPor qu\u00e9 cocinar con ingredientes de temporada?<\/h2>\t\t\t\t<\/div>\n\t\t\t\t<\/div>\n\t\t\t\t<div class=\"elementor-element elementor-element-e0e0b89 elementor-widget elementor-widget-text-editor\" data-id=\"e0e0b89\" data-element_type=\"widget\" data-e-type=\"widget\" data-widget_type=\"text-editor.default\">\n\t\t\t\t<div class=\"elementor-widget-container\">\n\t\t\t\t\t\t\t\t\t<p>Cocinar con productos de temporada no es s\u00f3lo una opci\u00f3n saludable, es una actitud que transforma la forma en que nos alimentamos.<\/p><p>Cada plato de temporada es una forma de cuidar nuestro modelo productivo y la cultura que le rodea.<\/p><ul><li><strong>M\u00e1s sabor:<\/strong> cosechados en su punto \u00f3ptimo de maduraci\u00f3n.<\/li><li><strong>M\u00e1s nutrientes:<\/strong> la naturaleza nos da lo que el cuerpo necesita en cada momento.<\/li><li><strong>M\u00e1s sostenibilidad: <\/strong>reducimos el impacto ambiental evitando producciones forzadas o transporte lejano.<\/li><li><strong>M\u00e1s arraigo: <\/strong>conectamos con recetas, sabores y variedades que son patrimonio vivo.<\/li><\/ul>\t\t\t\t\t\t\t\t<\/div>\n\t\t\t\t<\/div>\n\t\t\t\t<div class=\"elementor-element elementor-element-6800cab elementor-widget-divider--view-line elementor-widget elementor-widget-divider\" data-id=\"6800cab\" data-element_type=\"widget\" data-e-type=\"widget\" data-widget_type=\"divider.default\">\n\t\t\t\t<div class=\"elementor-widget-container\">\n\t\t\t\t\t\t\t<div class=\"elementor-divider\">\n\t\t\t<span class=\"elementor-divider-separator\">\n\t\t\t\t\t\t<\/span>\n\t\t<\/div>\n\t\t\t\t\t\t<\/div>\n\t\t\t\t<\/div>\n\t\t\t\t<div class=\"elementor-element elementor-element-ad3391c elementor-widget elementor-widget-heading\" data-id=\"ad3391c\" data-element_type=\"widget\" data-e-type=\"widget\" data-widget_type=\"heading.default\">\n\t\t\t\t<div class=\"elementor-widget-container\">\n\t\t\t\t\t<h2 class=\"elementor-heading-title elementor-size-default\">Preguntas frecuentes sobre cocina de temporada en oto\u00f1o<\/h2>\t\t\t\t<\/div>\n\t\t\t\t<\/div>\n\t\t\t\t<div class=\"elementor-element elementor-element-9551cdb elementor-widget elementor-widget-n-accordion\" data-id=\"9551cdb\" data-element_type=\"widget\" data-e-type=\"widget\" data-settings=\"{&quot;default_state&quot;:&quot;expanded&quot;,&quot;max_items_expended&quot;:&quot;one&quot;,&quot;n_accordion_animation_duration&quot;:{&quot;unit&quot;:&quot;ms&quot;,&quot;size&quot;:400,&quot;sizes&quot;:[]}}\" data-widget_type=\"nested-accordion.default\">\n\t\t\t\t<div class=\"elementor-widget-container\">\n\t\t\t\t\t\t\t<div class=\"e-n-accordion\" aria-label=\"Accorde\u00f3n. Open links with Enter or Space, close with Escape, and navigate with Arrow Keys\">\n\t\t\t\t\t\t<details id=\"e-n-accordion-item-1560\" class=\"e-n-accordion-item\" open>\n\t\t\t\t<summary class=\"e-n-accordion-item-title\" data-accordion-index=\"1\" tabindex=\"0\" aria-expanded=\"true\" aria-controls=\"e-n-accordion-item-1560\" >\n\t\t\t\t\t<span class='e-n-accordion-item-title-header'><p class=\"e-n-accordion-item-title-text\"> \u00bfCu\u00e1les son las mejores recetas de oto\u00f1o mallorquinas? <\/p><\/span>\n\t\t\t\t\t\t\t<span class='e-n-accordion-item-title-icon'>\n\t\t\t<span class='e-opened' ><svg aria-hidden=\"true\" class=\"e-font-icon-svg e-fas-minus\" viewbox=\"0 0 448 512\" xmlns=\"http:\/\/www.w3.org\/2000\/svg\"><path d=\"M416 208H32c-17.67 0-32 14.33-32 32v32c0 17.67 14.33 32 32 32h384c17.67 0 32-14.33 32-32v-32c0-17.67-14.33-32-32-32z\"><\/path><\/svg><\/span>\n\t\t\t<span class='e-closed'><svg aria-hidden=\"true\" class=\"e-font-icon-svg e-fas-plus\" viewbox=\"0 0 448 512\" xmlns=\"http:\/\/www.w3.org\/2000\/svg\"><path d=\"M416 208H272V64c0-17.67-14.33-32-32-32h-32c-17.67 0-32 14.33-32 32v144H32c-17.67 0-32 14.33-32 32v32c0 17.67 14.33 32 32 32h144v144c0 17.67 14.33 32 32 32h32c17.67 0 32-14.33 32-32V304h144c17.67 0 32-14.33 32-32v-32c0-17.67-14.33-32-32-32z\"><\/path><\/svg><\/span>\n\t\t<\/span>\n\n\t\t\t\t\t\t<\/summary>\n\t\t\t\t<div role=\"region\" aria-labelledby=\"e-n-accordion-item-1560\" class=\"elementor-element elementor-element-90d229c e-con-full e-flex e-con e-child\" data-id=\"90d229c\" data-element_type=\"container\" data-e-type=\"container\">\n\t\t<div role=\"region\" aria-labelledby=\"e-n-accordion-item-1560\" class=\"elementor-element elementor-element-02c4e00 e-flex e-con-boxed e-con e-child\" data-id=\"02c4e00\" data-element_type=\"container\" data-e-type=\"container\">\n\t\t\t\t\t<div class=\"e-con-inner\">\n\t\t\t\t<div class=\"elementor-element elementor-element-65bd4fe elementor-widget elementor-widget-text-editor\" data-id=\"65bd4fe\" data-element_type=\"widget\" data-e-type=\"widget\" data-widget_type=\"text-editor.default\">\n\t\t\t\t<div class=\"elementor-widget-container\">\n\t\t\t\t\t\t\t\t\t<p data-start=\"3940\" data-end=\"4098\">Guisos con legumbres, platos de horno con calabaza o tortas saladas con conservas hechas en verano.<\/p>\t\t\t\t\t\t\t\t<\/div>\n\t\t\t\t<\/div>\n\t\t\t\t\t<\/div>\n\t\t\t\t<\/div>\n\t\t\t\t<\/div>\n\t\t\t\t\t<\/details>\n\t\t\t\t\t\t<details id=\"e-n-accordion-item-1561\" class=\"e-n-accordion-item\" >\n\t\t\t\t<summary class=\"e-n-accordion-item-title\" data-accordion-index=\"2\" tabindex=\"-1\" aria-expanded=\"false\" aria-controls=\"e-n-accordion-item-1561\" >\n\t\t\t\t\t<span class='e-n-accordion-item-title-header'><p class=\"e-n-accordion-item-title-text\"> \u00bfQu\u00e9 semillas puedo sembrar ahora? <\/p><\/span>\n\t\t\t\t\t\t\t<span class='e-n-accordion-item-title-icon'>\n\t\t\t<span class='e-opened' ><svg aria-hidden=\"true\" class=\"e-font-icon-svg e-fas-minus\" viewbox=\"0 0 448 512\" xmlns=\"http:\/\/www.w3.org\/2000\/svg\"><path d=\"M416 208H32c-17.67 0-32 14.33-32 32v32c0 17.67 14.33 32 32 32h384c17.67 0 32-14.33 32-32v-32c0-17.67-14.33-32-32-32z\"><\/path><\/svg><\/span>\n\t\t\t<span class='e-closed'><svg aria-hidden=\"true\" class=\"e-font-icon-svg e-fas-plus\" viewbox=\"0 0 448 512\" xmlns=\"http:\/\/www.w3.org\/2000\/svg\"><path d=\"M416 208H272V64c0-17.67-14.33-32-32-32h-32c-17.67 0-32 14.33-32 32v144H32c-17.67 0-32 14.33-32 32v32c0 17.67 14.33 32 32 32h144v144c0 17.67 14.33 32 32 32h32c17.67 0 32-14.33 32-32V304h144c17.67 0 32-14.33 32-32v-32c0-17.67-14.33-32-32-32z\"><\/path><\/svg><\/span>\n\t\t<\/span>\n\n\t\t\t\t\t\t<\/summary>\n\t\t\t\t<div role=\"region\" aria-labelledby=\"e-n-accordion-item-1561\" class=\"elementor-element elementor-element-efb22d1 e-con-full e-flex e-con e-child\" data-id=\"efb22d1\" data-element_type=\"container\" data-e-type=\"container\">\n\t\t<div role=\"region\" aria-labelledby=\"e-n-accordion-item-1561\" class=\"elementor-element elementor-element-d4172cb e-flex e-con-boxed e-con e-child\" data-id=\"d4172cb\" data-element_type=\"container\" data-e-type=\"container\">\n\t\t\t\t\t<div class=\"e-con-inner\">\n\t\t\t\t<div class=\"elementor-element elementor-element-8553117 elementor-widget elementor-widget-text-editor\" data-id=\"8553117\" data-element_type=\"widget\" data-e-type=\"widget\" data-widget_type=\"text-editor.default\">\n\t\t\t\t<div class=\"elementor-widget-container\">\n\t\t\t\t\t\t\t\t\t<p data-start=\"4100\" data-end=\"4247\">Al inicio del oto\u00f1o puedes sembrar <strong data-start=\"4174\" data-end=\"4189\">frijoles haba<\/strong> o preparar la cantera de <strong data-start=\"4215\" data-end=\"4229\">pimienta azul<\/strong> para el pr\u00f3ximo verano.<\/p>\t\t\t\t\t\t\t\t<\/div>\n\t\t\t\t<\/div>\n\t\t\t\t\t<\/div>\n\t\t\t\t<\/div>\n\t\t\t\t<\/div>\n\t\t\t\t\t<\/details>\n\t\t\t\t\t\t<details id=\"e-n-accordion-item-1562\" class=\"e-n-accordion-item\" >\n\t\t\t\t<summary class=\"e-n-accordion-item-title\" data-accordion-index=\"3\" tabindex=\"-1\" aria-expanded=\"false\" aria-controls=\"e-n-accordion-item-1562\" >\n\t\t\t\t\t<span class='e-n-accordion-item-title-header'><p class=\"e-n-accordion-item-title-text\"> \u00bfPuedo adaptar estas recetas si no tengo huerto? <\/p><\/span>\n\t\t\t\t\t\t\t<span class='e-n-accordion-item-title-icon'>\n\t\t\t<span class='e-opened' ><svg aria-hidden=\"true\" class=\"e-font-icon-svg e-fas-minus\" viewbox=\"0 0 448 512\" xmlns=\"http:\/\/www.w3.org\/2000\/svg\"><path d=\"M416 208H32c-17.67 0-32 14.33-32 32v32c0 17.67 14.33 32 32 32h384c17.67 0 32-14.33 32-32v-32c0-17.67-14.33-32-32-32z\"><\/path><\/svg><\/span>\n\t\t\t<span class='e-closed'><svg aria-hidden=\"true\" class=\"e-font-icon-svg e-fas-plus\" viewbox=\"0 0 448 512\" xmlns=\"http:\/\/www.w3.org\/2000\/svg\"><path d=\"M416 208H272V64c0-17.67-14.33-32-32-32h-32c-17.67 0-32 14.33-32 32v144H32c-17.67 0-32 14.33-32 32v32c0 17.67 14.33 32 32 32h144v144c0 17.67 14.33 32 32 32h32c17.67 0 32-14.33 32-32V304h144c17.67 0 32-14.33 32-32v-32c0-17.67-14.33-32-32-32z\"><\/path><\/svg><\/span>\n\t\t<\/span>\n\n\t\t\t\t\t\t<\/summary>\n\t\t\t\t<div role=\"region\" aria-labelledby=\"e-n-accordion-item-1562\" class=\"elementor-element elementor-element-9331618 e-con-full e-flex e-con e-child\" data-id=\"9331618\" data-element_type=\"container\" data-e-type=\"container\">\n\t\t<div role=\"region\" aria-labelledby=\"e-n-accordion-item-1562\" class=\"elementor-element elementor-element-9e68d51 e-flex e-con-boxed e-con e-child\" data-id=\"9e68d51\" data-element_type=\"container\" data-e-type=\"container\">\n\t\t\t\t\t<div class=\"e-con-inner\">\n\t\t\t\t<div class=\"elementor-element elementor-element-b952356 elementor-widget elementor-widget-text-editor\" data-id=\"b952356\" data-element_type=\"widget\" data-e-type=\"widget\" data-widget_type=\"text-editor.default\">\n\t\t\t\t<div class=\"elementor-widget-container\">\n\t\t\t\t\t\t\t\t\t<p data-start=\"4249\" data-end=\"4426\">S\u00ed, puedes comprar variedades locales en mercados o productores. Pero si te animas a sembrar, tenemos una <a href=\"https:\/\/varietatslocals.org\/es\/huerto-a-casa-guia-completa-con-variedades-locales\/\" target=\"_blank\" rel=\"noopener\">gu\u00eda para empezar tu huerto<\/a>.<\/p>\t\t\t\t\t\t\t\t<\/div>\n\t\t\t\t<\/div>\n\t\t\t\t\t<\/div>\n\t\t\t\t<\/div>\n\t\t\t\t<\/div>\n\t\t\t\t\t<\/details>\n\t\t\t\t\t<\/div>\n\t\t\t\t\t\t<\/div>\n\t\t\t\t<\/div>\n\t\t\t\t<div class=\"elementor-element elementor-element-00f738d elementor-widget elementor-widget-spacer\" data-id=\"00f738d\" data-element_type=\"widget\" data-e-type=\"widget\" data-widget_type=\"spacer.default\">\n\t\t\t\t<div class=\"elementor-widget-container\">\n\t\t\t\t\t\t\t<div class=\"elementor-spacer\">\n\t\t\t<div class=\"elementor-spacer-inner\"><\/div>\n\t\t<\/div>\n\t\t\t\t\t\t<\/div>\n\t\t\t\t<\/div>\n\t\t\t\t<\/div>\n\t\t\t\t\t<\/div>\n\t\t\t\t<\/div>\n\t\t\t\t<\/div>","protected":false},"excerpt":{"rendered":"<p>Receptes de tardor amb varietats locals de Mallorca Quan arriba la tardor, la natura canvia de ritme. El paisatge es torna daurat, l\u2019aire m\u00e9s fresc, i la cuina es fa m\u00e9s pausada i reconfortant. \u00c9s el moment ideal per reconnectar amb sabors intensos, textures c\u00e0lides i receptes que omplen la casa d\u2019aromes familiars. A Varietats [&hellip;]<\/p>\n","protected":false},"author":1,"featured_media":0,"parent":0,"menu_order":0,"comment_status":"closed","ping_status":"closed","template":"","meta":{"_joinchat":[],"footnotes":""},"class_list":["post-8346","page","type-page","status-publish","hentry"],"_links":{"self":[{"href":"https:\/\/varietatslocals.org\/es\/wp-json\/wp\/v2\/pages\/8346","targetHints":{"allow":["GET"]}}],"collection":[{"href":"https:\/\/varietatslocals.org\/es\/wp-json\/wp\/v2\/pages"}],"about":[{"href":"https:\/\/varietatslocals.org\/es\/wp-json\/wp\/v2\/types\/page"}],"author":[{"embeddable":true,"href":"https:\/\/varietatslocals.org\/es\/wp-json\/wp\/v2\/users\/1"}],"replies":[{"embeddable":true,"href":"https:\/\/varietatslocals.org\/es\/wp-json\/wp\/v2\/comments?post=8346"}],"version-history":[{"count":0,"href":"https:\/\/varietatslocals.org\/es\/wp-json\/wp\/v2\/pages\/8346\/revisions"}],"wp:attachment":[{"href":"https:\/\/varietatslocals.org\/es\/wp-json\/wp\/v2\/media?parent=8346"}],"curies":[{"name":"wp","href":"https:\/\/api.w.org\/{rel}","templated":true}]}}